{"id":865,"date":"2021-01-19T20:36:21","date_gmt":"2021-01-19T19:36:21","guid":{"rendered":"https:\/\/sprachcafe-polnisch.org\/?page_id=865"},"modified":"2025-04-25T11:33:28","modified_gmt":"2025-04-25T09:33:28","slug":"wystawy","status":"publish","type":"page","link":"https:\/\/sprachcafe-polnisch.org\/pl\/o-nas\/wystawy\/","title":{"rendered":"Galeria na Schulze"},"content":{"rendered":"\n<div class=\"wp-block-media-text alignwide is-stacked-on-mobile\"><figure class=\"wp-block-media-text__media\"><img data-recalc-dims=\"1\" loading=\"lazy\" decoding=\"async\" width=\"960\" height=\"640\" src=\"https:\/\/i0.wp.com\/sprachcafe-polnisch.org\/wp-content\/uploads\/2021\/01\/IMG_4189.jpg?resize=960%2C640&#038;ssl=1\" alt=\"\" class=\"wp-image-903 size-full\" srcset=\"https:\/\/i0.wp.com\/sprachcafe-polnisch.org\/wp-content\/uploads\/2021\/01\/IMG_4189-scaled.jpg?resize=1024%2C683&amp;ssl=1 1024w, https:\/\/i0.wp.com\/sprachcafe-polnisch.org\/wp-content\/uploads\/2021\/01\/IMG_4189-scaled.jpg?resize=300%2C200&amp;ssl=1 300w, https:\/\/i0.wp.com\/sprachcafe-polnisch.org\/wp-content\/uploads\/2021\/01\/IMG_4189-scaled.jpg?resize=768%2C512&amp;ssl=1 768w, https:\/\/i0.wp.com\/sprachcafe-polnisch.org\/wp-content\/uploads\/2021\/01\/IMG_4189-scaled.jpg?resize=1536%2C1024&amp;ssl=1 1536w, https:\/\/i0.wp.com\/sprachcafe-polnisch.org\/wp-content\/uploads\/2021\/01\/IMG_4189-scaled.jpg?resize=2048%2C1365&amp;ssl=1 2048w, https:\/\/i0.wp.com\/sprachcafe-polnisch.org\/wp-content\/uploads\/2021\/01\/IMG_4189-scaled.jpg?w=1920&amp;ssl=1 1920w\" sizes=\"auto, (max-width: 960px) 100vw, 960px\" \/><\/figure><div class=\"wp-block-media-text__content\">\n<p>Wystawy&nbsp;wspieraj\u0105 nasze aktywno\u015bci artystyczne i o\u017cywiaj\u0105 wymian\u0119 mi\u0119dzy artystkami i artystami a publiczno\u015bci\u0105. S\u0105 cykliczne i otwarte na nowe propozycje.<\/p>\n\n\n\n<p>Wernisa\u017ce otrzymuj\u0105 zwykle opraw\u0119 muzyczn\u0105, literack\u0105 i kulinarn\u0105.<\/p>\n\n\n\n<p>Dzi\u0119ki temu powstaje nowa przestrze\u0144, tworzona wsp\u00f3lnymi pomys\u0142ami i si\u0142ami. <br>Dla zwiedzaj\u0105cych to zaproszenie do dialogu.<\/p>\n\n\n\n<p>Osoby kreatywne serdecznie zapraszamy do wsp\u00f3\u0142pracy!<\/p>\n\n\n\n<p class=\"has-small-font-size\">&gt;&gt;&gt; <a href=\"https:\/\/sprachcafe-polnisch.org\/wp-content\/uploads\/2025\/01\/Przestrzen-wystawowa-kafejka-wersja-pl-i-eng.pdf\">INFOS<\/a> o przestrzeni wystawienniczej<br>w SprachCaf\u00e9 Polnisch e.V., Schulzestr. 1, 13187 Berlin-Pankow<\/p>\n<\/div><\/div>\n\n\n\n<div style=\"height:56px\" aria-hidden=\"true\" class=\"wp-block-spacer\"><\/div>\n\n\n\n<h2 class=\"wp-block-heading\">Aktualne wystawy<br><br><br><\/h2>\n\n\n\n<figure class=\"wp-block-image size-full is-resized\"><img data-recalc-dims=\"1\" data-dominant-color=\"979e97\" data-has-transparency=\"false\" loading=\"lazy\" decoding=\"async\" width=\"940\" height=\"788\" src=\"https:\/\/i0.wp.com\/sprachcafe-polnisch.org\/wp-content\/uploads\/2025\/04\/Design-ohne-Titel-9.webp?resize=940%2C788&#038;ssl=1\" alt=\"\" class=\"wp-image-17631 not-transparent\" style=\"--dominant-color: #979e97; object-fit:cover;width:400px;height:400px\" srcset=\"https:\/\/i0.wp.com\/sprachcafe-polnisch.org\/wp-content\/uploads\/2025\/04\/Design-ohne-Titel-9.webp?w=940&amp;ssl=1 940w, https:\/\/i0.wp.com\/sprachcafe-polnisch.org\/wp-content\/uploads\/2025\/04\/Design-ohne-Titel-9.webp?resize=300%2C251&amp;ssl=1 300w, https:\/\/i0.wp.com\/sprachcafe-polnisch.org\/wp-content\/uploads\/2025\/04\/Design-ohne-Titel-9.webp?resize=768%2C644&amp;ssl=1 768w\" sizes=\"auto, (max-width: 940px) 100vw, 940px\" \/><\/figure>\n\n\n\n<div class=\"wp-block-columns is-layout-flex wp-container-core-columns-is-layout-9d6595d7 wp-block-columns-is-layout-flex\">\n<div class=\"wp-block-column is-layout-flow wp-block-column-is-layout-flow\">\n<p class=\"has-text-align-center\"><strong>Ma\u0142gorzata Reszka-Matthes<\/strong> &#8211; <a href=\"https:\/\/www.instagram.com\/arteszkaa\/\">Arteszka<\/a><br><em>Collage<\/em> 01.05.-30.06.2025<\/p>\n<\/div>\n\n\n\n<div class=\"wp-block-column is-layout-flow wp-block-column-is-layout-flow\">\n<p class=\"has-text-align-center\"><\/p>\n<\/div>\n<\/div>\n\n\n\n<div class=\"wp-block-columns is-layout-flex wp-container-core-columns-is-layout-9d6595d7 wp-block-columns-is-layout-flex\">\n<div class=\"wp-block-column is-layout-flow wp-block-column-is-layout-flow\">\n<figure class=\"wp-block-image size-large\"><img data-recalc-dims=\"1\" loading=\"lazy\" decoding=\"async\" width=\"960\" height=\"960\" src=\"https:\/\/i0.wp.com\/sprachcafe-polnisch.org\/wp-content\/uploads\/2025\/01\/WhatsApp-Bild-2025-01-17-um-22.08.10_bdaf5f71.webp?resize=960%2C960&#038;ssl=1\" alt=\"\" class=\"wp-image-16928\" srcset=\"https:\/\/i0.wp.com\/sprachcafe-polnisch.org\/wp-content\/uploads\/2025\/01\/WhatsApp-Bild-2025-01-17-um-22.08.10_bdaf5f71.webp?resize=1024%2C1024&amp;ssl=1 1024w, https:\/\/i0.wp.com\/sprachcafe-polnisch.org\/wp-content\/uploads\/2025\/01\/WhatsApp-Bild-2025-01-17-um-22.08.10_bdaf5f71.webp?resize=300%2C300&amp;ssl=1 300w, https:\/\/i0.wp.com\/sprachcafe-polnisch.org\/wp-content\/uploads\/2025\/01\/WhatsApp-Bild-2025-01-17-um-22.08.10_bdaf5f71.webp?resize=150%2C150&amp;ssl=1 150w, https:\/\/i0.wp.com\/sprachcafe-polnisch.org\/wp-content\/uploads\/2025\/01\/WhatsApp-Bild-2025-01-17-um-22.08.10_bdaf5f71.webp?resize=768%2C768&amp;ssl=1 768w, https:\/\/i0.wp.com\/sprachcafe-polnisch.org\/wp-content\/uploads\/2025\/01\/WhatsApp-Bild-2025-01-17-um-22.08.10_bdaf5f71.webp?resize=1536%2C1536&amp;ssl=1 1536w, https:\/\/i0.wp.com\/sprachcafe-polnisch.org\/wp-content\/uploads\/2025\/01\/WhatsApp-Bild-2025-01-17-um-22.08.10_bdaf5f71.webp?resize=1160%2C1160&amp;ssl=1 1160w, https:\/\/i0.wp.com\/sprachcafe-polnisch.org\/wp-content\/uploads\/2025\/01\/WhatsApp-Bild-2025-01-17-um-22.08.10_bdaf5f71.webp?resize=75%2C75&amp;ssl=1 75w, https:\/\/i0.wp.com\/sprachcafe-polnisch.org\/wp-content\/uploads\/2025\/01\/WhatsApp-Bild-2025-01-17-um-22.08.10_bdaf5f71.webp?w=1599&amp;ssl=1 1599w\" sizes=\"auto, (max-width: 960px) 100vw, 960px\" \/><\/figure>\n\n\n\n<p class=\"has-text-align-center\">08.03.-29.04.2025<\/p>\n<\/div>\n\n\n\n<div class=\"wp-block-column is-layout-flow wp-block-column-is-layout-flow\">\n<figure class=\"wp-block-image size-full\"><img data-recalc-dims=\"1\" loading=\"lazy\" decoding=\"async\" width=\"633\" height=\"469\" src=\"https:\/\/i0.wp.com\/sprachcafe-polnisch.org\/wp-content\/uploads\/2024\/12\/86b6e508-2fab-4204-9c0f-e2eb72f73e2d-1.webp?resize=633%2C469&#038;ssl=1\" alt=\"\" class=\"wp-image-16446\" srcset=\"https:\/\/i0.wp.com\/sprachcafe-polnisch.org\/wp-content\/uploads\/2024\/12\/86b6e508-2fab-4204-9c0f-e2eb72f73e2d-1.webp?w=633&amp;ssl=1 633w, https:\/\/i0.wp.com\/sprachcafe-polnisch.org\/wp-content\/uploads\/2024\/12\/86b6e508-2fab-4204-9c0f-e2eb72f73e2d-1.webp?resize=300%2C222&amp;ssl=1 300w\" sizes=\"auto, (max-width: 633px) 100vw, 633px\" \/><\/figure>\n\n\n\n<p class=\"has-text-align-center\"><strong>Tibor Jagielski<\/strong> &#8211; <em>Zeichnungen und Texte<\/em><br>13.01.-28.02.2025<\/p>\n<\/div>\n<\/div>\n\n\n\n<div class=\"wp-block-columns is-layout-flex wp-container-core-columns-is-layout-9d6595d7 wp-block-columns-is-layout-flex\">\n<div class=\"wp-block-column is-layout-flow wp-block-column-is-layout-flow\">\n<figure class=\"wp-block-image size-large\"><img data-recalc-dims=\"1\" loading=\"lazy\" decoding=\"async\" width=\"960\" height=\"960\" src=\"https:\/\/i0.wp.com\/sprachcafe-polnisch.org\/wp-content\/uploads\/2024\/12\/WhatsApp-Bild-2024-12-22-um-19.42.24_87c40dac.webp?resize=960%2C960&#038;ssl=1\" alt=\"\" class=\"wp-image-16380\" srcset=\"https:\/\/i0.wp.com\/sprachcafe-polnisch.org\/wp-content\/uploads\/2024\/12\/WhatsApp-Bild-2024-12-22-um-19.42.24_87c40dac.webp?resize=1024%2C1024&amp;ssl=1 1024w, https:\/\/i0.wp.com\/sprachcafe-polnisch.org\/wp-content\/uploads\/2024\/12\/WhatsApp-Bild-2024-12-22-um-19.42.24_87c40dac.webp?resize=300%2C300&amp;ssl=1 300w, https:\/\/i0.wp.com\/sprachcafe-polnisch.org\/wp-content\/uploads\/2024\/12\/WhatsApp-Bild-2024-12-22-um-19.42.24_87c40dac.webp?resize=150%2C150&amp;ssl=1 150w, https:\/\/i0.wp.com\/sprachcafe-polnisch.org\/wp-content\/uploads\/2024\/12\/WhatsApp-Bild-2024-12-22-um-19.42.24_87c40dac.webp?resize=768%2C768&amp;ssl=1 768w, https:\/\/i0.wp.com\/sprachcafe-polnisch.org\/wp-content\/uploads\/2024\/12\/WhatsApp-Bild-2024-12-22-um-19.42.24_87c40dac.webp?resize=1536%2C1536&amp;ssl=1 1536w, https:\/\/i0.wp.com\/sprachcafe-polnisch.org\/wp-content\/uploads\/2024\/12\/WhatsApp-Bild-2024-12-22-um-19.42.24_87c40dac.webp?resize=1160%2C1160&amp;ssl=1 1160w, https:\/\/i0.wp.com\/sprachcafe-polnisch.org\/wp-content\/uploads\/2024\/12\/WhatsApp-Bild-2024-12-22-um-19.42.24_87c40dac.webp?resize=75%2C75&amp;ssl=1 75w, https:\/\/i0.wp.com\/sprachcafe-polnisch.org\/wp-content\/uploads\/2024\/12\/WhatsApp-Bild-2024-12-22-um-19.42.24_87c40dac.webp?w=2048&amp;ssl=1 2048w, https:\/\/i0.wp.com\/sprachcafe-polnisch.org\/wp-content\/uploads\/2024\/12\/WhatsApp-Bild-2024-12-22-um-19.42.24_87c40dac.webp?w=1920&amp;ssl=1 1920w\" sizes=\"auto, (max-width: 960px) 100vw, 960px\" \/><\/figure>\n\n\n\n<pre class=\"wp-block-verse has-text-align-right has-small-font-size\">Roman Wrze\u015bkiewicz | Jan Cholewczy\u0144ski | Aleksandra Wiercioch | Robert Cieslak | Edyta Cie\u015blak | Artur Krawczyk | Katarzyna Goss-Janicka | Patrycja Mrozik | Grzegorz Kubiak | Adriana Holender | Julita Polipowska | Beata Jordan | Marta Cholewo | Beata Jordan | B\u0142a\u017cej Kronic | <br>Aniela Wrze\u015bkiewicz<\/pre>\n<\/div>\n\n\n\n<div class=\"wp-block-column is-layout-flow wp-block-column-is-layout-flow\">\n<div class=\"wp-block-columns is-layout-flex wp-container-core-columns-is-layout-9d6595d7 wp-block-columns-is-layout-flex\">\n<div class=\"wp-block-column is-layout-flow wp-block-column-is-layout-flow\">\n<figure class=\"wp-block-image size-large\"><img data-recalc-dims=\"1\" loading=\"lazy\" decoding=\"async\" width=\"960\" height=\"974\" src=\"https:\/\/i0.wp.com\/sprachcafe-polnisch.org\/wp-content\/uploads\/2024\/10\/Janesch-1009x1024.webp?resize=960%2C974&#038;ssl=1\" alt=\"\" class=\"wp-image-15891\" srcset=\"https:\/\/i0.wp.com\/sprachcafe-polnisch.org\/wp-content\/uploads\/2024\/10\/Janesch-jpg.webp?resize=1009%2C1024&amp;ssl=1 1009w, https:\/\/i0.wp.com\/sprachcafe-polnisch.org\/wp-content\/uploads\/2024\/10\/Janesch-jpg.webp?resize=296%2C300&amp;ssl=1 296w, https:\/\/i0.wp.com\/sprachcafe-polnisch.org\/wp-content\/uploads\/2024\/10\/Janesch-jpg.webp?resize=768%2C780&amp;ssl=1 768w, https:\/\/i0.wp.com\/sprachcafe-polnisch.org\/wp-content\/uploads\/2024\/10\/Janesch-jpg.webp?resize=75%2C75&amp;ssl=1 75w, https:\/\/i0.wp.com\/sprachcafe-polnisch.org\/wp-content\/uploads\/2024\/10\/Janesch-jpg.webp?w=1132&amp;ssl=1 1132w\" sizes=\"auto, (max-width: 960px) 100vw, 960px\" \/><\/figure>\n<\/div>\n\n\n\n<div class=\"wp-block-column is-layout-flow wp-block-column-is-layout-flow\">\n<p><br><br><\/p>\n\n\n\n<p><\/p>\n\n\n\n<p><em><strong>Rado\u015b\u0107 i nadzieja <\/strong><\/em><br><strong>&#8211; Alicja Janesch<\/strong><\/p>\n\n\n\n<p>18.10.-31.12.2024<\/p>\n<\/div>\n<\/div>\n<\/div>\n<\/div>\n\n\n\n<hr class=\"wp-block-separator has-alpha-channel-opacity\"\/>\n\n\n\n<div class=\"wp-block-columns is-layout-flex wp-container-core-columns-is-layout-9d6595d7 wp-block-columns-is-layout-flex\">\n<div class=\"wp-block-column is-layout-flow wp-block-column-is-layout-flow\">\n<figure class=\"wp-block-image size-medium\"><img data-recalc-dims=\"1\" loading=\"lazy\" decoding=\"async\" width=\"211\" height=\"300\" src=\"https:\/\/i0.wp.com\/sprachcafe-polnisch.org\/wp-content\/uploads\/2024\/10\/Flyer-Ausstellung-Beyond-Walls-%E2%80%93-Bridging-Histories-640-211x300.webp?resize=211%2C300&#038;ssl=1\" alt=\"\" class=\"wp-image-15883\" srcset=\"https:\/\/i0.wp.com\/sprachcafe-polnisch.org\/wp-content\/uploads\/2024\/10\/Flyer-Ausstellung-Beyond-Walls-%E2%80%93-Bridging-Histories-640-jpeg.webp?resize=211%2C300&amp;ssl=1 211w, https:\/\/i0.wp.com\/sprachcafe-polnisch.org\/wp-content\/uploads\/2024\/10\/Flyer-Ausstellung-Beyond-Walls-%E2%80%93-Bridging-Histories-640-jpeg.webp?w=451&amp;ssl=1 451w\" sizes=\"auto, (max-width: 211px) 100vw, 211px\" \/><\/figure>\n\n\n\n<p>28.09.-17.10.2024<br>Wernisa\u017c: 28.09.2024<br><a href=\"https:\/\/sprachcafe-polnisch.org\/2024\/09\/wystawa-beyond-walls-bridging-histories-w-sprachcafe-polnisch\/\">Wi\u0119cej&#8230;<\/a><\/p>\n<\/div>\n\n\n\n<div class=\"wp-block-column is-layout-flow wp-block-column-is-layout-flow\">\n<div class=\"wp-block-columns is-layout-flex wp-container-core-columns-is-layout-9d6595d7 wp-block-columns-is-layout-flex\">\n<div class=\"wp-block-column is-layout-flow wp-block-column-is-layout-flow\">\n<figure class=\"wp-block-image size-full is-style-default\"><img data-recalc-dims=\"1\" data-dominant-color=\"4f7d49\" data-has-transparency=\"false\" style=\"--dominant-color: #4f7d49;\" decoding=\"async\" src=\"https:\/\/i0.wp.com\/sprachcafe-polnisch.org\/wp-content\/uploads\/2024\/04\/WhatsApp-Bild-2024-04-16-um-22.35.32_5a34e82d-kl-1.jpg?w=960&#038;ssl=1\" alt=\"\" class=\"wp-image-13788 not-transparent\"\/><\/figure>\n<\/div>\n\n\n\n<div class=\"wp-block-column is-layout-flow wp-block-column-is-layout-flow\">\n<p class=\"has-medium-font-size\"><strong>Botanicum<\/strong> I+II<\/p>\n\n\n\n<p class=\"has-medium-font-size\"><strong>Hania Urba\u0144ska <\/strong><\/p>\n\n\n\n<p class=\"has-medium-font-size\">01.04.-26.09.2024<br>Finisa\u017c: 31.05.2024, 16:00-19:00<br><a href=\"https:\/\/sprachcafe-polnisch.org\/pl\/o-nas\/wystawy\/\">Wi\u0119cej&#8230;<\/a><\/p>\n<\/div>\n<\/div>\n<\/div>\n<\/div>\n\n\n\n<div class=\"wp-block-columns is-layout-flex wp-container-core-columns-is-layout-9d6595d7 wp-block-columns-is-layout-flex\">\n<div class=\"wp-block-column is-layout-flow wp-block-column-is-layout-flow\">\n<figure class=\"wp-block-image size-full is-style-default\"><img data-recalc-dims=\"1\" data-dominant-color=\"bfb8af\" data-has-transparency=\"false\" style=\"--dominant-color: #bfb8af;\" decoding=\"async\" src=\"https:\/\/i0.wp.com\/sprachcafe-polnisch.org\/wp-content\/uploads\/2024\/04\/WhatsApp-Bild-2024-02-12-um-12.23.49_20bd5cc6-jpg-3-kl.jpg?w=960&#038;ssl=1\" alt=\"\" class=\"wp-image-13815 not-transparent\"\/><\/figure>\n\n\n\n<p class=\"has-medium-font-size\"><strong>Wystawa prac dzieci<\/strong><\/p>\n\n\n\n<p>Luty &#8211; marzec 2024<\/p>\n\n\n\n<p><a href=\"https:\/\/sprachcafe-polnisch.org\/2024\/02\/kinderbilder-vernissage\/\">Wi\u0119cej&#8230;<\/a><\/p>\n<\/div>\n\n\n\n<div class=\"wp-block-column is-layout-flow wp-block-column-is-layout-flow\">\n<figure class=\"wp-block-image size-full is-style-default\"><img data-recalc-dims=\"1\" loading=\"lazy\" decoding=\"async\" width=\"470\" height=\"394\" src=\"https:\/\/i0.wp.com\/sprachcafe-polnisch.org\/wp-content\/uploads\/2024\/04\/Design-ohne-Titel-2023-12-16T222721.109.jpg?resize=470%2C394&#038;ssl=1\" alt=\"\" class=\"wp-image-13826\" srcset=\"https:\/\/i0.wp.com\/sprachcafe-polnisch.org\/wp-content\/uploads\/2024\/04\/Design-ohne-Titel-2023-12-16T222721.109.jpg?w=470&amp;ssl=1 470w, https:\/\/i0.wp.com\/sprachcafe-polnisch.org\/wp-content\/uploads\/2024\/04\/Design-ohne-Titel-2023-12-16T222721.109.jpg?resize=300%2C251&amp;ssl=1 300w\" sizes=\"auto, (max-width: 470px) 100vw, 470px\" \/><\/figure>\n\n\n\n<p><strong>PASTELOWY J\u0118ZYK \u2013 WYSTAWA PRAC ROMANA WRZE\u015aKIEWICZA<\/strong><\/p>\n\n\n\n<p>06.01.-20.01.2024, wernisa\u017c: 06.01.2023, 19:00 <br><a href=\"https:\/\/sprachcafe-polnisch.org\/2023\/12\/pastelowy-jezyk-wystawa-prac-romana-wrzeskiewicza\/\">Wi\u0119cej &#8230;<\/a><\/p>\n<\/div>\n<\/div>\n\n\n\n<hr class=\"wp-block-separator has-alpha-channel-opacity\"\/>\n\n\n\n<div class=\"wp-block-columns is-layout-flex wp-container-core-columns-is-layout-9d6595d7 wp-block-columns-is-layout-flex\">\n<div class=\"wp-block-column is-layout-flow wp-block-column-is-layout-flow\">\n<figure class=\"wp-block-image size-full is-style-default\"><img data-recalc-dims=\"1\" data-dominant-color=\"7c8f91\" data-has-transparency=\"false\" style=\"--dominant-color: #7c8f91;\" decoding=\"async\" src=\"https:\/\/i0.wp.com\/sprachcafe-polnisch.org\/wp-content\/uploads\/2024\/04\/Dininish-Beach-2023-1-scaled-kl-2.jpg?w=960&#038;ssl=1\" alt=\"\" class=\"wp-image-13811 not-transparent\"\/><\/figure>\n\n\n\n<p><strong>ZeitZeichen<\/strong> &#8211; Znaki czasu<\/p>\n\n\n\n<p>Malarskie notatki w pami\u0119tniku w nurcie czasu <br>Kreda pastelowa na papierze akwarelowym, 36 x 42 cm<br><strong><a href=\"https:\/\/ciaglia-malerei.jimdosite.com\/\">Kristina Ciaglia<\/a><\/strong><\/p>\n\n\n\n<p>03.10.-31.12.2023, Vernissage: 11.10.2023, 19:00<\/p>\n<\/div>\n\n\n\n<div class=\"wp-block-column is-layout-flow wp-block-column-is-layout-flow\">\n<div class=\"wp-block-columns is-layout-flex wp-container-core-columns-is-layout-9d6595d7 wp-block-columns-is-layout-flex\">\n<div class=\"wp-block-column is-layout-flow wp-block-column-is-layout-flow\">\n<p><strong>&#8222;DWIE \u015aCIANY &#8211; DWA \u015aWIATY&#8221; <\/strong><\/p>\n\n\n\n<p><a href=\"https:\/\/www.facebook.com\/profile.php?id=100075701533946\">Jolanta Pilch-Barysch<\/a><\/p>\n\n\n\n<p>14.06.-02.10.2023<\/p>\n<\/div>\n\n\n\n<div class=\"wp-block-column is-layout-flow wp-block-column-is-layout-flow\">\n<figure class=\"wp-block-image size-large is-style-default\"><img data-recalc-dims=\"1\" loading=\"lazy\" decoding=\"async\" width=\"776\" height=\"1024\" src=\"https:\/\/i0.wp.com\/sprachcafe-polnisch.org\/wp-content\/uploads\/2023\/05\/IMG_20230512_155841-kor-2.jpg?resize=776%2C1024&#038;ssl=1\" alt=\"\" class=\"wp-image-5888\" srcset=\"https:\/\/i0.wp.com\/sprachcafe-polnisch.org\/wp-content\/uploads\/2023\/05\/IMG_20230512_155841-kor-2.jpg?resize=776%2C1024&amp;ssl=1 776w, https:\/\/i0.wp.com\/sprachcafe-polnisch.org\/wp-content\/uploads\/2023\/05\/IMG_20230512_155841-kor-2.jpg?resize=227%2C300&amp;ssl=1 227w, https:\/\/i0.wp.com\/sprachcafe-polnisch.org\/wp-content\/uploads\/2023\/05\/IMG_20230512_155841-kor-2.jpg?resize=768%2C1013&amp;ssl=1 768w, https:\/\/i0.wp.com\/sprachcafe-polnisch.org\/wp-content\/uploads\/2023\/05\/IMG_20230512_155841-kor-2.jpg?resize=1164%2C1536&amp;ssl=1 1164w, https:\/\/i0.wp.com\/sprachcafe-polnisch.org\/wp-content\/uploads\/2023\/05\/IMG_20230512_155841-kor-2.jpg?resize=1553%2C2048&amp;ssl=1 1553w, https:\/\/i0.wp.com\/sprachcafe-polnisch.org\/wp-content\/uploads\/2023\/05\/IMG_20230512_155841-kor-2.jpg?resize=1160%2C1530&amp;ssl=1 1160w, https:\/\/i0.wp.com\/sprachcafe-polnisch.org\/wp-content\/uploads\/2023\/05\/IMG_20230512_155841-kor-2.jpg?w=1680&amp;ssl=1 1680w\" sizes=\"auto, (max-width: 776px) 100vw, 776px\" \/><\/figure>\n<\/div>\n<\/div>\n<\/div>\n<\/div>\n\n\n\n<hr class=\"wp-block-separator has-alpha-channel-opacity\"\/>\n\n\n\n<div class=\"wp-block-columns is-layout-flex wp-container-core-columns-is-layout-9d6595d7 wp-block-columns-is-layout-flex\">\n<div class=\"wp-block-column is-layout-flow wp-block-column-is-layout-flow\">\n<div class=\"wp-block-columns is-layout-flex wp-container-core-columns-is-layout-9d6595d7 wp-block-columns-is-layout-flex\">\n<div class=\"wp-block-column is-layout-flow wp-block-column-is-layout-flow\">\n<p class=\"has-text-align-right\"><strong>&#8222;Postcards from Ukraine&#8221;<\/strong><\/p>\n\n\n\n<p class=\"has-text-align-right\"><strong>Alina Potemska<\/strong><\/p>\n\n\n\n<p class=\"has-text-align-right\"><a href=\"https:\/\/sprachcafe-polnisch.org\/wp-content\/uploads\/2022\/12\/Postcards-from-Ukraine.pdf\">Mehr &#8230; <\/a><br>28.01.-25.03.2023<\/p>\n<\/div>\n\n\n\n<div class=\"wp-block-column is-layout-flow wp-block-column-is-layout-flow\">\n<figure class=\"wp-block-image size-full is-style-default\"><img data-recalc-dims=\"1\" loading=\"lazy\" decoding=\"async\" width=\"572\" height=\"580\" src=\"https:\/\/i0.wp.com\/sprachcafe-polnisch.org\/wp-content\/uploads\/2022\/12\/Dok2-1.jpg?resize=572%2C580&#038;ssl=1\" alt=\"\" class=\"wp-image-4810\" srcset=\"https:\/\/i0.wp.com\/sprachcafe-polnisch.org\/wp-content\/uploads\/2022\/12\/Dok2-1.jpg?w=572&amp;ssl=1 572w, https:\/\/i0.wp.com\/sprachcafe-polnisch.org\/wp-content\/uploads\/2022\/12\/Dok2-1.jpg?resize=296%2C300&amp;ssl=1 296w, https:\/\/i0.wp.com\/sprachcafe-polnisch.org\/wp-content\/uploads\/2022\/12\/Dok2-1.jpg?resize=75%2C75&amp;ssl=1 75w\" sizes=\"auto, (max-width: 572px) 100vw, 572px\" \/><\/figure>\n<\/div>\n<\/div>\n<\/div>\n\n\n\n<div class=\"wp-block-column is-layout-flow wp-block-column-is-layout-flow\">\n<div class=\"wp-block-columns is-layout-flex wp-container-core-columns-is-layout-9d6595d7 wp-block-columns-is-layout-flex\">\n<div class=\"wp-block-column is-layout-flow wp-block-column-is-layout-flow\">\n<figure class=\"wp-block-image size-large is-style-default\"><img data-recalc-dims=\"1\" loading=\"lazy\" decoding=\"async\" width=\"960\" height=\"960\" src=\"https:\/\/i0.wp.com\/sprachcafe-polnisch.org\/wp-content\/uploads\/2023\/04\/Bajeczny-Weltschmerz-i-lila-konstelacje-Vernissage-einer-Ausstellung-Instagram-Post-Quadratisch.png?resize=960%2C960&#038;ssl=1\" alt=\"\" class=\"wp-image-5664\" srcset=\"https:\/\/i0.wp.com\/sprachcafe-polnisch.org\/wp-content\/uploads\/2023\/04\/Bajeczny-Weltschmerz-i-lila-konstelacje-Vernissage-einer-Ausstellung-Instagram-Post-Quadratisch.png?resize=1024%2C1024&amp;ssl=1 1024w, https:\/\/i0.wp.com\/sprachcafe-polnisch.org\/wp-content\/uploads\/2023\/04\/Bajeczny-Weltschmerz-i-lila-konstelacje-Vernissage-einer-Ausstellung-Instagram-Post-Quadratisch.png?resize=300%2C300&amp;ssl=1 300w, https:\/\/i0.wp.com\/sprachcafe-polnisch.org\/wp-content\/uploads\/2023\/04\/Bajeczny-Weltschmerz-i-lila-konstelacje-Vernissage-einer-Ausstellung-Instagram-Post-Quadratisch.png?resize=150%2C150&amp;ssl=1 150w, https:\/\/i0.wp.com\/sprachcafe-polnisch.org\/wp-content\/uploads\/2023\/04\/Bajeczny-Weltschmerz-i-lila-konstelacje-Vernissage-einer-Ausstellung-Instagram-Post-Quadratisch.png?resize=768%2C768&amp;ssl=1 768w, https:\/\/i0.wp.com\/sprachcafe-polnisch.org\/wp-content\/uploads\/2023\/04\/Bajeczny-Weltschmerz-i-lila-konstelacje-Vernissage-einer-Ausstellung-Instagram-Post-Quadratisch.png?resize=75%2C75&amp;ssl=1 75w, https:\/\/i0.wp.com\/sprachcafe-polnisch.org\/wp-content\/uploads\/2023\/04\/Bajeczny-Weltschmerz-i-lila-konstelacje-Vernissage-einer-Ausstellung-Instagram-Post-Quadratisch.png?w=1080&amp;ssl=1 1080w\" sizes=\"auto, (max-width: 960px) 100vw, 960px\" \/><\/figure>\n<\/div>\n\n\n\n<div class=\"wp-block-column is-layout-flow wp-block-column-is-layout-flow\">\n<p>Rysunki, grafiki i inne drobiazgi&nbsp;autorstwa <br>dr Anny Juchnowicz<\/p>\n\n\n\n<p><\/p>\n\n\n\n<p><a href=\"https:\/\/mailchi.mp\/c411569c43ac\/gute-menschen-kreativworkshop-de-31032023-seid-willkommen-zapraszamy-15518036?fbclid=IwAR3pp-un-Mu3c1JZJ05UjDUNu8Lu53PcamRGDwxTQ1727fxpxHn42dCy8UQ\">Wi\u0119cej &#8230; <\/a><\/p>\n\n\n\n<p>01.04.- do ko\u0144ca maja 2023<\/p>\n<\/div>\n<\/div>\n<\/div>\n<\/div>\n\n\n\n<hr class=\"wp-block-separator has-alpha-channel-opacity\"\/>\n\n\n\n<div class=\"wp-block-columns is-layout-flex wp-container-core-columns-is-layout-9d6595d7 wp-block-columns-is-layout-flex\">\n<div class=\"wp-block-column is-layout-flow wp-block-column-is-layout-flow\">\n<figure class=\"wp-block-image size-large is-style-default\"><img data-recalc-dims=\"1\" loading=\"lazy\" decoding=\"async\" width=\"960\" height=\"679\" src=\"https:\/\/i0.wp.com\/sprachcafe-polnisch.org\/wp-content\/uploads\/2022\/10\/plakat21-1.jpg?resize=960%2C679&#038;ssl=1\" alt=\"\" class=\"wp-image-4552\" srcset=\"https:\/\/i0.wp.com\/sprachcafe-polnisch.org\/wp-content\/uploads\/2022\/10\/plakat21-1.jpg?resize=1024%2C724&amp;ssl=1 1024w, https:\/\/i0.wp.com\/sprachcafe-polnisch.org\/wp-content\/uploads\/2022\/10\/plakat21-1.jpg?resize=300%2C212&amp;ssl=1 300w, https:\/\/i0.wp.com\/sprachcafe-polnisch.org\/wp-content\/uploads\/2022\/10\/plakat21-1.jpg?resize=768%2C543&amp;ssl=1 768w, https:\/\/i0.wp.com\/sprachcafe-polnisch.org\/wp-content\/uploads\/2022\/10\/plakat21-1.jpg?resize=1536%2C1086&amp;ssl=1 1536w, https:\/\/i0.wp.com\/sprachcafe-polnisch.org\/wp-content\/uploads\/2022\/10\/plakat21-1.jpg?resize=1160%2C820&amp;ssl=1 1160w, https:\/\/i0.wp.com\/sprachcafe-polnisch.org\/wp-content\/uploads\/2022\/10\/plakat21-1.jpg?w=1653&amp;ssl=1 1653w\" sizes=\"auto, (max-width: 960px) 100vw, 960px\" \/><\/figure>\n\n\n\n<p>Midissa\u017c wystawy odby\u0142 si\u0119 21.11.2022. <br>Tu <a href=\"https:\/\/www.facebook.com\/sprachcafe.polnisch\/photos\/pcb.6031617546906220\/6031257823608859\/\" data-type=\"URL\" data-id=\"https:\/\/www.facebook.com\/sprachcafe.polnisch\/photos\/pcb.6031617546906220\/6031257823608859\/\">fotograficzne wspomnienia<\/a>.<br>Wystawa przed\u0142u\u017cona do 20.01.2023!<\/p>\n<\/div>\n\n\n\n<div class=\"wp-block-column is-layout-flow wp-block-column-is-layout-flow\">\n<figure class=\"wp-block-image size-large is-style-default\"><img data-recalc-dims=\"1\" loading=\"lazy\" decoding=\"async\" width=\"960\" height=\"722\" src=\"https:\/\/i0.wp.com\/sprachcafe-polnisch.org\/wp-content\/uploads\/2022\/09\/WhatsApp-Image-2022-09-01-at-13.50.22.jpeg?resize=960%2C722&#038;ssl=1\" alt=\"\" class=\"wp-image-4483\" srcset=\"https:\/\/i0.wp.com\/sprachcafe-polnisch.org\/wp-content\/uploads\/2022\/09\/WhatsApp-Image-2022-09-01-at-13.50.22.jpeg?resize=1024%2C770&amp;ssl=1 1024w, https:\/\/i0.wp.com\/sprachcafe-polnisch.org\/wp-content\/uploads\/2022\/09\/WhatsApp-Image-2022-09-01-at-13.50.22.jpeg?resize=300%2C226&amp;ssl=1 300w, https:\/\/i0.wp.com\/sprachcafe-polnisch.org\/wp-content\/uploads\/2022\/09\/WhatsApp-Image-2022-09-01-at-13.50.22.jpeg?resize=768%2C577&amp;ssl=1 768w, https:\/\/i0.wp.com\/sprachcafe-polnisch.org\/wp-content\/uploads\/2022\/09\/WhatsApp-Image-2022-09-01-at-13.50.22.jpeg?resize=1536%2C1155&amp;ssl=1 1536w, https:\/\/i0.wp.com\/sprachcafe-polnisch.org\/wp-content\/uploads\/2022\/09\/WhatsApp-Image-2022-09-01-at-13.50.22.jpeg?resize=1160%2C872&amp;ssl=1 1160w, https:\/\/i0.wp.com\/sprachcafe-polnisch.org\/wp-content\/uploads\/2022\/09\/WhatsApp-Image-2022-09-01-at-13.50.22.jpeg?w=1600&amp;ssl=1 1600w\" sizes=\"auto, (max-width: 960px) 100vw, 960px\" \/><figcaption class=\"wp-element-caption\">Dziewi\u0105ta stacja w\u0119drownej wystawy <strong>&#8222;Co nas porusza&#8230;&#8221; <\/strong>\/<strong>&#8222;Was uns bewegt&#8230;&#8221;<\/strong>, po raz pierwszy poza Berlinem, w <a href=\"https:\/\/www.unterhaching.de\/kultur\/Veranstaltungen-KUBIZ\" data-type=\"URL\" data-id=\"https:\/\/www.unterhaching.de\/kultur\/Veranstaltungen-KUBIZ\">KUBIZ<\/a> Unterhaching \/Monachium. <\/figcaption><\/figure>\n<\/div>\n<\/div>\n\n\n\n<hr class=\"wp-block-separator has-css-opacity\"\/>\n\n\n\n<div class=\"wp-block-columns is-layout-flex wp-container-core-columns-is-layout-9d6595d7 wp-block-columns-is-layout-flex\">\n<div class=\"wp-block-column is-layout-flow wp-block-column-is-layout-flow\">\n<figure class=\"wp-block-image size-large is-style-default\"><img data-recalc-dims=\"1\" loading=\"lazy\" decoding=\"async\" width=\"960\" height=\"503\" src=\"https:\/\/i0.wp.com\/sprachcafe-polnisch.org\/wp-content\/uploads\/2022\/06\/285055312_734182234695582_93977817184820757_n-1.jpg?resize=960%2C503&#038;ssl=1\" alt=\"\" class=\"wp-image-3998\" srcset=\"https:\/\/i0.wp.com\/sprachcafe-polnisch.org\/wp-content\/uploads\/2022\/06\/285055312_734182234695582_93977817184820757_n-1.jpg?resize=1024%2C536&amp;ssl=1 1024w, https:\/\/i0.wp.com\/sprachcafe-polnisch.org\/wp-content\/uploads\/2022\/06\/285055312_734182234695582_93977817184820757_n-1.jpg?resize=300%2C157&amp;ssl=1 300w, https:\/\/i0.wp.com\/sprachcafe-polnisch.org\/wp-content\/uploads\/2022\/06\/285055312_734182234695582_93977817184820757_n-1.jpg?resize=768%2C402&amp;ssl=1 768w, https:\/\/i0.wp.com\/sprachcafe-polnisch.org\/wp-content\/uploads\/2022\/06\/285055312_734182234695582_93977817184820757_n-1.jpg?resize=1160%2C607&amp;ssl=1 1160w, https:\/\/i0.wp.com\/sprachcafe-polnisch.org\/wp-content\/uploads\/2022\/06\/285055312_734182234695582_93977817184820757_n-1.jpg?w=1200&amp;ssl=1 1200w\" sizes=\"auto, (max-width: 960px) 100vw, 960px\" \/><\/figure>\n<\/div>\n\n\n\n<div class=\"wp-block-column is-layout-flow wp-block-column-is-layout-flow\">\n<figure class=\"wp-block-image size-large is-style-default\"><img data-recalc-dims=\"1\" loading=\"lazy\" decoding=\"async\" width=\"960\" height=\"503\" src=\"https:\/\/i0.wp.com\/sprachcafe-polnisch.org\/wp-content\/uploads\/2022\/08\/296918826_1493827447745779_8337499725021268799_n.jpg?resize=960%2C503&#038;ssl=1\" alt=\"\" class=\"wp-image-4388\" srcset=\"https:\/\/i0.wp.com\/sprachcafe-polnisch.org\/wp-content\/uploads\/2022\/08\/296918826_1493827447745779_8337499725021268799_n.jpg?resize=1024%2C536&amp;ssl=1 1024w, https:\/\/i0.wp.com\/sprachcafe-polnisch.org\/wp-content\/uploads\/2022\/08\/296918826_1493827447745779_8337499725021268799_n.jpg?resize=300%2C157&amp;ssl=1 300w, https:\/\/i0.wp.com\/sprachcafe-polnisch.org\/wp-content\/uploads\/2022\/08\/296918826_1493827447745779_8337499725021268799_n.jpg?resize=768%2C402&amp;ssl=1 768w, https:\/\/i0.wp.com\/sprachcafe-polnisch.org\/wp-content\/uploads\/2022\/08\/296918826_1493827447745779_8337499725021268799_n.jpg?resize=1160%2C607&amp;ssl=1 1160w, https:\/\/i0.wp.com\/sprachcafe-polnisch.org\/wp-content\/uploads\/2022\/08\/296918826_1493827447745779_8337499725021268799_n.jpg?w=1200&amp;ssl=1 1200w\" sizes=\"auto, (max-width: 960px) 100vw, 960px\" \/><\/figure>\n<\/div>\n<\/div>\n\n\n\n<div class=\"wp-block-columns is-layout-flex wp-container-core-columns-is-layout-9d6595d7 wp-block-columns-is-layout-flex\">\n<div class=\"wp-block-column is-layout-flow wp-block-column-is-layout-flow\">\n<h2 class=\"wp-block-heading\"><strong>Winter-Impressionen | Zimowe impresje<\/strong><\/h2>\n\n\n\n<figure class=\"wp-block-image size-large is-style-default\"><img data-recalc-dims=\"1\" loading=\"lazy\" decoding=\"async\" width=\"960\" height=\"720\" src=\"https:\/\/i0.wp.com\/sprachcafe-polnisch.org\/wp-content\/uploads\/2021\/11\/IMG_6704-2.jpg?resize=960%2C720&#038;ssl=1\" alt=\"\" class=\"wp-image-2576\" srcset=\"https:\/\/i0.wp.com\/sprachcafe-polnisch.org\/wp-content\/uploads\/2021\/11\/IMG_6704-2-scaled.jpg?resize=1024%2C768&amp;ssl=1 1024w, https:\/\/i0.wp.com\/sprachcafe-polnisch.org\/wp-content\/uploads\/2021\/11\/IMG_6704-2-scaled.jpg?resize=300%2C225&amp;ssl=1 300w, https:\/\/i0.wp.com\/sprachcafe-polnisch.org\/wp-content\/uploads\/2021\/11\/IMG_6704-2-scaled.jpg?resize=768%2C576&amp;ssl=1 768w, https:\/\/i0.wp.com\/sprachcafe-polnisch.org\/wp-content\/uploads\/2021\/11\/IMG_6704-2-scaled.jpg?resize=1536%2C1152&amp;ssl=1 1536w, https:\/\/i0.wp.com\/sprachcafe-polnisch.org\/wp-content\/uploads\/2021\/11\/IMG_6704-2-scaled.jpg?resize=2048%2C1536&amp;ssl=1 2048w, https:\/\/i0.wp.com\/sprachcafe-polnisch.org\/wp-content\/uploads\/2021\/11\/IMG_6704-2-scaled.jpg?resize=1160%2C870&amp;ssl=1 1160w, https:\/\/i0.wp.com\/sprachcafe-polnisch.org\/wp-content\/uploads\/2021\/11\/IMG_6704-2-scaled.jpg?w=1920&amp;ssl=1 1920w\" sizes=\"auto, (max-width: 960px) 100vw, 960px\" \/><\/figure>\n\n\n\n<p>Obrazy <strong>Barbary Jolanty Koniecznej<\/strong>.<\/p>\n\n\n\n<p>Wystawa od <strong>1 grudnia 2021 r. do 28 lutego 2022 r.<\/strong><br>w SprachCaf\u00e9 Polnisch, Schulzestr. 1, 13187 Berlin<\/p>\n<\/div>\n\n\n\n<div class=\"wp-block-column is-layout-flow wp-block-column-is-layout-flow\">\n<h2 class=\"wp-block-heading\"> <strong>&#8222;Kreatywnie przeciw rasizmowi&#8221;<\/strong>  <\/h2>\n\n\n\n<figure class=\"wp-block-image size-full is-style-default\"><img data-recalc-dims=\"1\" loading=\"lazy\" decoding=\"async\" width=\"745\" height=\"499\" src=\"https:\/\/i0.wp.com\/sprachcafe-polnisch.org\/wp-content\/uploads\/2022\/02\/273640789_5217077485026901_6171476773890549786_n-1.jpg?resize=745%2C499&#038;ssl=1\" alt=\"\" class=\"wp-image-3070\" srcset=\"https:\/\/i0.wp.com\/sprachcafe-polnisch.org\/wp-content\/uploads\/2022\/02\/273640789_5217077485026901_6171476773890549786_n-1.jpg?w=745&amp;ssl=1 745w, https:\/\/i0.wp.com\/sprachcafe-polnisch.org\/wp-content\/uploads\/2022\/02\/273640789_5217077485026901_6171476773890549786_n-1.jpg?resize=300%2C201&amp;ssl=1 300w\" sizes=\"auto, (max-width: 745px) 100vw, 745px\" \/><\/figure>\n\n\n\n<p>Wystawa towarzysz\u0105ca warsztatom \u201e<strong><a href=\"https:\/\/fb.me\/e\/314z0lBGo\">Kreativ gegen Rassismus<\/a>\u201c <\/strong>prowadzonymi przez<strong> <a href=\"https:\/\/fineartamerica.com\/profiles\/jp-bouzac\">JP Bouzac<\/a><\/strong><\/p>\n\n\n\n<p>Wk\u0142ad do Wochen gegen Rassismus Pankow (<a href=\"https:\/\/www.pankow-gegen-rassismus.de\/woche-1-\/programm-1-woche\">Link<\/a>)<\/p>\n\n\n\n<p><strong>01.03.2022 do 30.04.2022<\/strong><\/p>\n<\/div>\n<\/div>\n\n\n\n<hr class=\"wp-block-separator has-css-opacity\"\/>\n\n\n\n<div style=\"height:33px\" aria-hidden=\"true\" class=\"wp-block-spacer\"><\/div>\n\n\n\n<div class=\"wp-block-columns is-layout-flex wp-container-core-columns-is-layout-9d6595d7 wp-block-columns-is-layout-flex\">\n<div class=\"wp-block-column is-layout-flow wp-block-column-is-layout-flow\">\n<h2 class=\"wp-block-heading\" id=\"block-9ffc2c09-648a-4bd8-93e1-0c2b13d4eec2\"><strong>Finisa\u017c wystawy prac dzieci<\/strong><\/h2>\n\n\n\n<p>Zapraszamy Pa\u0144stwa na finisa\u017c wystawy &#8222;<strong>Jak to jest by\u0107 Tob\u0105?<\/strong>&#8222;, kt\u00f3ry odb\u0119dzie si\u0119 <strong>12 sierpnia 2021 r.<\/strong> o godz. 18.30. Podczas finisa\u017cu uczestnicy zaj\u0119\u0107 kreatywnych j\u0119zyka polskiego po raz ostatni zaprezentuj\u0105 swoje prace i podziel\u0105 si\u0119 swym talentem muzycznym.<br>Zapraszamy serdecznie!<\/p>\n\n\n\n<p>Wystaw\u0119 mo\u017cna odwiedzi\u0107 <strong>od 03.07. do 15.08.2021<\/strong> <strong>r.<\/strong>, pn.-pt.: 10.00-18.00, sb. i nd.: 15.00-18.00.<br>Zapraszamy!<\/p>\n<\/div>\n\n\n\n<div class=\"wp-block-column is-layout-flow wp-block-column-is-layout-flow\">\n<figure class=\"wp-block-image size-large is-style-default\"><img data-recalc-dims=\"1\" loading=\"lazy\" decoding=\"async\" width=\"960\" height=\"720\" src=\"https:\/\/i0.wp.com\/sprachcafe-polnisch.org\/wp-content\/uploads\/2021\/07\/IMG_5601.jpg?resize=960%2C720&#038;ssl=1\" alt=\"\" class=\"wp-image-1443\" srcset=\"https:\/\/i0.wp.com\/sprachcafe-polnisch.org\/wp-content\/uploads\/2021\/07\/IMG_5601-scaled.jpg?resize=1024%2C768&amp;ssl=1 1024w, https:\/\/i0.wp.com\/sprachcafe-polnisch.org\/wp-content\/uploads\/2021\/07\/IMG_5601-scaled.jpg?resize=300%2C225&amp;ssl=1 300w, https:\/\/i0.wp.com\/sprachcafe-polnisch.org\/wp-content\/uploads\/2021\/07\/IMG_5601-scaled.jpg?resize=768%2C576&amp;ssl=1 768w, https:\/\/i0.wp.com\/sprachcafe-polnisch.org\/wp-content\/uploads\/2021\/07\/IMG_5601-scaled.jpg?resize=1536%2C1152&amp;ssl=1 1536w, https:\/\/i0.wp.com\/sprachcafe-polnisch.org\/wp-content\/uploads\/2021\/07\/IMG_5601-scaled.jpg?resize=2048%2C1536&amp;ssl=1 2048w, https:\/\/i0.wp.com\/sprachcafe-polnisch.org\/wp-content\/uploads\/2021\/07\/IMG_5601-scaled.jpg?resize=1160%2C870&amp;ssl=1 1160w, https:\/\/i0.wp.com\/sprachcafe-polnisch.org\/wp-content\/uploads\/2021\/07\/IMG_5601-scaled.jpg?w=1920&amp;ssl=1 1920w\" sizes=\"auto, (max-width: 960px) 100vw, 960px\" \/><\/figure>\n<\/div>\n<\/div>\n\n\n\n<hr class=\"wp-block-separator has-css-opacity\"\/>\n\n\n\n<div class=\"wp-block-columns is-layout-flex wp-container-core-columns-is-layout-9d6595d7 wp-block-columns-is-layout-flex\">\n<div class=\"wp-block-column is-layout-flow wp-block-column-is-layout-flow\">\n<h3 class=\"wp-block-heading has-black-color has-text-color\">Wystawa w\u0119drowna \u201eCo nas porusza\u2026?\u201d<\/h3>\n\n\n\n<h4 class=\"wp-block-heading has-cyan-bluish-gray-color has-text-color\">Rathaus Pankow<\/h4>\n\n\n\n<figure class=\"wp-block-embed is-type-video is-provider-youtube wp-block-embed-youtube wp-embed-aspect-16-9 wp-has-aspect-ratio\"><div class=\"wp-block-embed__wrapper\">\n<iframe loading=\"lazy\" title=\"&quot;Was uns bewegt...&quot;    #8\" width=\"960\" height=\"540\" src=\"https:\/\/www.youtube.com\/embed\/o38AkcTRiSI?start=5&#038;feature=oembed\" frameborder=\"0\" allow=\"accelerometer; autoplay; clipboard-write; encrypted-media; gyroscope; picture-in-picture; web-share\" referrerpolicy=\"strict-origin-when-cross-origin\" allowfullscreen><\/iframe>\n<\/div><\/figure>\n\n\n\n<p>&#8230; zosta\u0142a przed\u0142u\u017cona do wiosny 2021 r. Zapraszamy! <\/p>\n\n\n\n<p><a href=\"http:\/\/archiv.sprachcafe-polnisch.org\/pl\/events\/event\/was-uns-bewegt-vernissage-der-8-station-der-wanderausstellung\/\">Wernisa\u017c <\/a>09.12.2019 r.<\/p>\n\n\n\n<p><a href=\"https:\/\/issuu.com\/mamisenmovimiento.de\/docs\/kreatives_pankow_erleben_katalog_wa\">Katalog 2016<\/a><\/p>\n\n\n\n<p><a href=\"mailto:info.wasunsbewegt@gmail.com\">info.wasunsbewegt@gmail.com<\/a><\/p>\n<\/div>\n\n\n\n<div class=\"wp-block-column is-layout-flow wp-block-column-is-layout-flow\">\n<h3 class=\"wp-block-heading has-black-color has-text-color\">Obrazy malarzy z Pankow-Heinersdorf, kt\u00f3re powsta\u0142y w Polsce.<\/h3>\n\n\n\n<h4 class=\"wp-block-heading has-cyan-bluish-gray-color has-text-color\">Schulze<\/h4>\n\n\n\n<figure class=\"wp-block-image size-large\"><img data-recalc-dims=\"1\" loading=\"lazy\" decoding=\"async\" width=\"960\" height=\"720\" src=\"https:\/\/i0.wp.com\/sprachcafe-polnisch.org\/wp-content\/uploads\/2021\/01\/IMG_4175-4.jpg?resize=960%2C720&#038;ssl=1\" alt=\"\" class=\"wp-image-866\" srcset=\"https:\/\/i0.wp.com\/sprachcafe-polnisch.org\/wp-content\/uploads\/2021\/01\/IMG_4175-4-scaled.jpg?resize=1024%2C768&amp;ssl=1 1024w, https:\/\/i0.wp.com\/sprachcafe-polnisch.org\/wp-content\/uploads\/2021\/01\/IMG_4175-4-scaled.jpg?resize=300%2C225&amp;ssl=1 300w, https:\/\/i0.wp.com\/sprachcafe-polnisch.org\/wp-content\/uploads\/2021\/01\/IMG_4175-4-scaled.jpg?resize=768%2C576&amp;ssl=1 768w, https:\/\/i0.wp.com\/sprachcafe-polnisch.org\/wp-content\/uploads\/2021\/01\/IMG_4175-4-scaled.jpg?resize=1536%2C1152&amp;ssl=1 1536w, https:\/\/i0.wp.com\/sprachcafe-polnisch.org\/wp-content\/uploads\/2021\/01\/IMG_4175-4-scaled.jpg?resize=2048%2C1536&amp;ssl=1 2048w, https:\/\/i0.wp.com\/sprachcafe-polnisch.org\/wp-content\/uploads\/2021\/01\/IMG_4175-4-scaled.jpg?resize=1160%2C870&amp;ssl=1 1160w, https:\/\/i0.wp.com\/sprachcafe-polnisch.org\/wp-content\/uploads\/2021\/01\/IMG_4175-4-scaled.jpg?w=1920&amp;ssl=1 1920w\" sizes=\"auto, (max-width: 960px) 100vw, 960px\" \/><\/figure>\n\n\n\n<p><a href=\"https:\/\/www.facebook.com\/events\/1173317989747773?acontext=%7B%22action_history%22%3A[%7B%22surface%22%3A%22page%22%2C%22mechanism%22%3A%22page_admin_bar%22%2C%22extra_data%22%3A%22%7B%5C%22page_id%5C%22%3A442851232449574%7D%22%7D%2C%7B%22surface%22%3A%22events_admin_tool%22%2C%22mechanism%22%3A%22recommended_actions%22%2C%22extra_data%22%3A%22[]%22%7D]%2C%22has_source%22%3Atrue%7D\">Finisa\u017c<\/a>: pn., 21.06.2021 r., 18.00. <br>B\u0105d\u017acie z nami!<br>Obrazy tw\u00f3rc\u00f3w z Heinersdorf. Prace te powsta\u0142y w 2019 r. w Polsce pod okiem Micha\u0142a Franaszczuka.<br>Rozmowa w kr\u0119gu artyst\u00f3w z publiczno\u015bci\u0105.<br>Serdecznie zapraszamy!<\/p>\n<\/div>\n<\/div>\n","protected":false},"excerpt":{"rendered":"<p>Wystawy&nbsp;wspieraj\u0105 nasze aktywno\u015bci artystyczne i o\u017cywiaj\u0105 wymian\u0119 mi\u0119dzy artystkami i artystami a publiczno\u015bci\u0105. S\u0105 cykliczne i otwarte na nowe propozycje. Wernisa\u017ce otrzymuj\u0105 zwykle opraw\u0119 muzyczn\u0105, literack\u0105 i kulinarn\u0105. Dzi\u0119ki temu powstaje nowa przestrze\u0144, tworzona wsp\u00f3lnymi pomys\u0142ami i si\u0142ami. Dla zwiedzaj\u0105cych to zaproszenie do dialogu. Osoby kreatywne serdecznie zapraszamy do wsp\u00f3\u0142pracy! &gt;&gt;&gt; INFOS o przestrzeni wystawienniczejw SprachCaf\u00e9 Polnisch e.V., Schulzestr. 1, 13187 Berlin-Pankow Aktualne wystawy Ma\u0142gorzata Reszka-Matthes &#8211; ArteszkaCollage 01.05.-30.06.2025 08.03.-29.04.2025 Tibor Jagielski &#8211; Zeichnungen und Texte13.01.-28.02.2025 Roman Wrze\u015bkiewicz | Jan Cholewczy\u0144ski | Aleksandra Wiercioch | Robert Cieslak | Edyta Cie\u015blak | Artur Krawczyk | Katarzyna Goss-Janicka | Patrycja Mrozik | Grzegorz Kubiak | Adriana Holender | Julita Polipowska | Beata Jordan | Marta Cholewo | Beata Jordan | B\u0142a\u017cej Kronic | Aniela Wrze\u015bkiewicz Rado\u015b\u0107 i nadzieja &#8211; Alicja Janesch 18.10.-31.12.2024 28.09.-17.10.2024Wernisa\u017c: 28.09.2024Wi\u0119cej&#8230; Botanicum I+II Hania Urba\u0144ska 01.04.-26.09.2024Finisa\u017c: 31.05.2024, 16:00-19:00Wi\u0119cej&#8230; Wystawa prac dzieci Luty &#8211; marzec 2024 Wi\u0119cej&#8230; PASTELOWY J\u0118ZYK \u2013 WYSTAWA PRAC ROMANA WRZE\u015aKIEWICZA 06.01.-20.01.2024, wernisa\u017c: 06.01.2023, 19:00 Wi\u0119cej &#8230; ZeitZeichen &#8211; Znaki czasu Malarskie notatki w pami\u0119tniku w nurcie czasu Kreda pastelowa na papierze akwarelowym, 36 x 42 cmKristina Ciaglia 03.10.-31.12.2023, Vernissage: 11.10.2023, 19:00 &#8222;DWIE \u015aCIANY &#8211; DWA \u015aWIATY&#8221; Jolanta Pilch-Barysch 14.06.-02.10.2023 &#8222;Postcards from Ukraine&#8221; Alina Potemska Mehr &#8230; 28.01.-25.03.2023 Rysunki, grafiki i inne drobiazgi&nbsp;autorstwa dr Anny Juchnowicz Wi\u0119cej &#8230; 01.04.- do ko\u0144ca maja 2023 Midissa\u017c wystawy odby\u0142 si\u0119 21.11.2022. Tu fotograficzne wspomnienia.Wystawa przed\u0142u\u017cona do 20.01.2023! Winter-Impressionen | Zimowe impresje Obrazy Barbary Jolanty Koniecznej. Wystawa od 1 grudnia 2021 r. do 28 lutego 2022 r.w SprachCaf\u00e9 Polnisch, Schulzestr. 1, 13187 Berlin &#8222;Kreatywnie przeciw rasizmowi&#8221; Wystawa towarzysz\u0105ca warsztatom \u201eKreativ gegen Rassismus\u201c prowadzonymi przez JP Bouzac Wk\u0142ad do Wochen gegen Rassismus Pankow (Link) 01.03.2022 do 30.04.2022 Finisa\u017c wystawy prac dzieci Zapraszamy Pa\u0144stwa na finisa\u017c wystawy &#8222;Jak to jest by\u0107 Tob\u0105?&#8222;, kt\u00f3ry odb\u0119dzie si\u0119 12 sierpnia 2021 r. o godz. 18.30. Podczas finisa\u017cu uczestnicy zaj\u0119\u0107 kreatywnych j\u0119zyka polskiego po raz ostatni zaprezentuj\u0105 swoje prace i podziel\u0105 si\u0119 swym talentem muzycznym.Zapraszamy serdecznie! Wystaw\u0119 mo\u017cna odwiedzi\u0107 od 03.07. do 15.08.2021 r., pn.-pt.: 10.00-18.00, sb. i nd.: 15.00-18.00.Zapraszamy! Wystawa w\u0119drowna \u201eCo nas porusza\u2026?\u201d Rathaus Pankow &#8230; zosta\u0142a przed\u0142u\u017cona do wiosny 2021 r. Zapraszamy! Wernisa\u017c 09.12.2019 r. Katalog 2016 info.wasunsbewegt@gmail.com Obrazy malarzy z Pankow-Heinersdorf, kt\u00f3re powsta\u0142y w Polsce. Schulze Finisa\u017c: pn., 21.06.2021 r., 18.00. B\u0105d\u017acie z nami!Obrazy tw\u00f3rc\u00f3w z Heinersdorf. Prace te powsta\u0142y w 2019 r. w Polsce pod okiem Micha\u0142a Franaszczuka.Rozmowa w kr\u0119gu artyst\u00f3w z publiczno\u015bci\u0105.Serdecznie zapraszamy!<\/p>\n","protected":false},"author":2,"featured_media":0,"parent":131,"menu_order":0,"comment_status":"closed","ping_status":"closed","template":"","meta":{"jetpack_post_was_ever_published":false,"footnotes":""},"class_list":["post-865","page","type-page","status-publish","hentry"],"acf":[],"jetpack-related-posts":[],"jetpack_sharing_enabled":true,"_links":{"self":[{"href":"https:\/\/sprachcafe-polnisch.org\/pl\/wp-json\/wp\/v2\/pages\/865","targetHints":{"allow":["GET"]}}],"collection":[{"href":"https:\/\/sprachcafe-polnisch.org\/pl\/wp-json\/wp\/v2\/pages"}],"about":[{"href":"https:\/\/sprachcafe-polnisch.org\/pl\/wp-json\/wp\/v2\/types\/page"}],"author":[{"embeddable":true,"href":"https:\/\/sprachcafe-polnisch.org\/pl\/wp-json\/wp\/v2\/users\/2"}],"replies":[{"embeddable":true,"href":"https:\/\/sprachcafe-polnisch.org\/pl\/wp-json\/wp\/v2\/comments?post=865"}],"version-history":[{"count":27,"href":"https:\/\/sprachcafe-polnisch.org\/pl\/wp-json\/wp\/v2\/pages\/865\/revisions"}],"predecessor-version":[{"id":17640,"href":"https:\/\/sprachcafe-polnisch.org\/pl\/wp-json\/wp\/v2\/pages\/865\/revisions\/17640"}],"up":[{"embeddable":true,"href":"https:\/\/sprachcafe-polnisch.org\/pl\/wp-json\/wp\/v2\/pages\/131"}],"wp:attachment":[{"href":"https:\/\/sprachcafe-polnisch.org\/pl\/wp-json\/wp\/v2\/media?parent=865"}],"curies":[{"name":"wp","href":"https:\/\/api.w.org\/{rel}","templated":true}]}}