{"id":6421,"date":"2023-09-02T13:46:57","date_gmt":"2023-09-02T11:46:57","guid":{"rendered":"https:\/\/sprachcafe-polnisch.org\/?page_id=6421"},"modified":"2023-09-02T13:46:59","modified_gmt":"2023-09-02T11:46:59","slug":"im-suden-berlins","status":"publish","type":"page","link":"https:\/\/sprachcafe-polnisch.org\/pl\/im-suden-berlins\/","title":{"rendered":"SprachCaf\u00e9 r\u00f3wnie\u017c na po\u0142udniu Berlina"},"content":{"rendered":"\n<p class=\"has-text-align-left\">Z rado\u015bci\u0105 powitamy Was te\u017c w Kafejce na po\u0142udniu Berlina. I tu ludzie tworz\u0105 miejsca&#8230; Wiemy ju\u017c od lat, jak bardzo takie kafejki s\u0105 potrzebne. I jak wa\u017cne. St\u0105d cieszymy si\u0119, \u017ce jeste\u015bcie i zapraszamy Was do wsp\u00f3\u0142tworzenia tej nowej przestrzeni kultury, edukacji i spotka\u0144 dla ludzi w ka\u017cdym wieku, szczeg\u00f3lnie dla fanek i fan\u00f3w kultury polskiej i j\u0119zyka polskiego.<\/p>\n\n\n\n<div class=\"wp-block-columns is-layout-flex wp-container-core-columns-is-layout-9d6595d7 wp-block-columns-is-layout-flex\">\n<div class=\"wp-block-column is-layout-flow wp-block-column-is-layout-flow\">\n<h2 class=\"has-text-align-center has-vivid-cyan-blue-color has-text-color wp-block-heading\"><a href=\"#WYDARZENIA\" data-type=\"internal\" data-id=\"#VERANSTALTUNGEN\">WYDARZENIA<\/a><\/h2>\n\n\n<div class=\"wp-block-image\">\n<figure class=\"aligncenter size-medium is-resized\"><a href=\"#VERANSTALTUNGEN\"><img data-recalc-dims=\"1\" loading=\"lazy\" decoding=\"async\" src=\"https:\/\/i0.wp.com\/sprachcafe-polnisch.org\/wp-content\/uploads\/2023\/07\/3.png?resize=150%2C150&#038;ssl=1\" alt=\"\" class=\"wp-image-6408\" width=\"150\" height=\"150\" srcset=\"https:\/\/i0.wp.com\/sprachcafe-polnisch.org\/wp-content\/uploads\/2023\/07\/3.png?resize=300%2C300&amp;ssl=1 300w, https:\/\/i0.wp.com\/sprachcafe-polnisch.org\/wp-content\/uploads\/2023\/07\/3.png?resize=1024%2C1024&amp;ssl=1 1024w, https:\/\/i0.wp.com\/sprachcafe-polnisch.org\/wp-content\/uploads\/2023\/07\/3.png?resize=150%2C150&amp;ssl=1 150w, https:\/\/i0.wp.com\/sprachcafe-polnisch.org\/wp-content\/uploads\/2023\/07\/3.png?resize=768%2C768&amp;ssl=1 768w, https:\/\/i0.wp.com\/sprachcafe-polnisch.org\/wp-content\/uploads\/2023\/07\/3.png?resize=75%2C75&amp;ssl=1 75w, https:\/\/i0.wp.com\/sprachcafe-polnisch.org\/wp-content\/uploads\/2023\/07\/3.png?w=1080&amp;ssl=1 1080w\" sizes=\"auto, (max-width: 150px) 100vw, 150px\" \/><\/a><\/figure>\n<\/div><\/div>\n\n\n\n<div class=\"wp-block-column is-layout-flow wp-block-column-is-layout-flow\">\n<h2 class=\"has-text-align-center has-vivid-cyan-blue-color has-text-color wp-block-heading\"><a href=\"#NEWSLETTER\">NEWSLETTER<\/a><\/h2>\n\n\n<div class=\"wp-block-image\">\n<figure class=\"aligncenter size-medium is-resized\"><a href=\"#NEWSLETTER\"><img data-recalc-dims=\"1\" loading=\"lazy\" decoding=\"async\" src=\"https:\/\/i0.wp.com\/sprachcafe-polnisch.org\/wp-content\/uploads\/2023\/07\/2-3.png?resize=150%2C150&#038;ssl=1\" alt=\"\" class=\"wp-image-6411\" width=\"150\" height=\"150\" srcset=\"https:\/\/i0.wp.com\/sprachcafe-polnisch.org\/wp-content\/uploads\/2023\/07\/2-3.png?resize=300%2C300&amp;ssl=1 300w, https:\/\/i0.wp.com\/sprachcafe-polnisch.org\/wp-content\/uploads\/2023\/07\/2-3.png?resize=1024%2C1024&amp;ssl=1 1024w, https:\/\/i0.wp.com\/sprachcafe-polnisch.org\/wp-content\/uploads\/2023\/07\/2-3.png?resize=150%2C150&amp;ssl=1 150w, https:\/\/i0.wp.com\/sprachcafe-polnisch.org\/wp-content\/uploads\/2023\/07\/2-3.png?resize=768%2C768&amp;ssl=1 768w, https:\/\/i0.wp.com\/sprachcafe-polnisch.org\/wp-content\/uploads\/2023\/07\/2-3.png?resize=75%2C75&amp;ssl=1 75w, https:\/\/i0.wp.com\/sprachcafe-polnisch.org\/wp-content\/uploads\/2023\/07\/2-3.png?w=1080&amp;ssl=1 1080w\" sizes=\"auto, (max-width: 150px) 100vw, 150px\" \/><\/a><\/figure>\n<\/div><\/div>\n<\/div>\n\n\n\n<div style=\"height:21px\" aria-hidden=\"true\" class=\"wp-block-spacer\"><\/div>\n\n\n\n<h3 class=\"wp-block-heading\">Gotenstrasse 45<\/h3>\n\n\n\n<div class=\"wp-block-media-text alignwide has-media-on-the-right is-stacked-on-mobile\"><div class=\"wp-block-media-text__content\">\n<h3 class=\"wp-block-heading\"><\/h3>\n\n\n\n<p>Miejsce to po\u0142o\u017cone jest na terenie <a href=\"https:\/\/sprachcafe-polnisch.us12.list-manage.com\/track\/click?u=cdbb41f9160eb33abbe5274b9&amp;id=9e38b46b91&amp;e=54306ec942\">innowacyjnego kompleksu mieszkaniowego<\/a>&nbsp;\u2013 Sch\u00f6neberger Linse &#8211; tu\u017c przy&nbsp;<strong>S\u00fcdkreuz, Gotenstra\u00dfe 45, 10829 Berlin<\/strong>,&nbsp;o doskona\u0142ym&nbsp;<a href=\"https:\/\/sprachcafe-polnisch.us12.list-manage.com\/track\/click?u=cdbb41f9160eb33abbe5274b9&amp;id=03e974919c&amp;e=54306ec942\">po\u0142\u0105czeniu<\/a> komunikacyjnym przy Ringbahn, S2, S25, Bus 248, M46.<\/p>\n\n\n\n<p>W\u0142a\u015bnie tu zaproszeni zostali\u015bmy do wsp\u00f3\u0142tworzenia spo\u0142eczno\u015bci\u00a0<a href=\"https:\/\/sprachcafe-polnisch.us12.list-manage.com\/track\/click?u=cdbb41f9160eb33abbe5274b9&amp;id=6fbb78ba78&amp;e=54306ec942\"><strong>dobrego s\u0105siedztwa<\/strong><\/a>. A to doskonale wpisuje si\u0119 w nasz\u0105\u00a0koncepcj\u0119 dzia\u0142a\u0144 lokalnych w wielkim mie\u015bcie! Od pierwszego kontaktu miejsce to szczeg\u00f3lnie\u00a0<strong>urzeka nas swoj\u0105 otwarto\u015bci\u0105, kreatywn\u0105 i przyjazn\u0105 atmosfer\u0105.<\/strong><\/p>\n\n\n\n<p><strong>B\u0105d\u017acie z nami, Drodzy, te\u017c na po\u0142udniu miasta!<\/strong><strong>Kiedy mo\u017cna zajrze\u0107 na Gotenstrasse?<\/strong> Krok po kroku&#8230; P\u00f3ki co, zapraszamy Was na spotkania \u2013 wydarzenia publikowane na www, FB, IG. Nowo\u015bci i ciekawostki znajdziecie te\u017c w nowym newsletterze \u201eKafejka na po\u0142udniu miasta\u201d.<\/p>\n<\/div><figure class=\"wp-block-media-text__media\"><img data-recalc-dims=\"1\" loading=\"lazy\" decoding=\"async\" width=\"960\" height=\"960\" src=\"https:\/\/i0.wp.com\/sprachcafe-polnisch.org\/wp-content\/uploads\/2023\/07\/Sued-Berlins.jpg?resize=960%2C960&#038;ssl=1\" alt=\"\" class=\"wp-image-6399 size-full\" srcset=\"https:\/\/i0.wp.com\/sprachcafe-polnisch.org\/wp-content\/uploads\/2023\/07\/Sued-Berlins.jpg?resize=1024%2C1024&amp;ssl=1 1024w, https:\/\/i0.wp.com\/sprachcafe-polnisch.org\/wp-content\/uploads\/2023\/07\/Sued-Berlins.jpg?resize=300%2C300&amp;ssl=1 300w, https:\/\/i0.wp.com\/sprachcafe-polnisch.org\/wp-content\/uploads\/2023\/07\/Sued-Berlins.jpg?resize=150%2C150&amp;ssl=1 150w, https:\/\/i0.wp.com\/sprachcafe-polnisch.org\/wp-content\/uploads\/2023\/07\/Sued-Berlins.jpg?resize=768%2C768&amp;ssl=1 768w, https:\/\/i0.wp.com\/sprachcafe-polnisch.org\/wp-content\/uploads\/2023\/07\/Sued-Berlins.jpg?resize=75%2C75&amp;ssl=1 75w, https:\/\/i0.wp.com\/sprachcafe-polnisch.org\/wp-content\/uploads\/2023\/07\/Sued-Berlins.jpg?w=1080&amp;ssl=1 1080w\" sizes=\"auto, (max-width: 960px) 100vw, 960px\" \/><\/figure><\/div>\n\n\n\n<div style=\"height:21px\" aria-hidden=\"true\" class=\"wp-block-spacer\"><\/div>\n\n\n\n<h3 class=\"wp-block-heading\" id=\"KOORDINATION\">KOORDYNACJA<\/h3>\n\n\n\n<div class=\"wp-block-columns is-layout-flex wp-container-core-columns-is-layout-9d6595d7 wp-block-columns-is-layout-flex\">\n<div class=\"wp-block-column is-layout-flow wp-block-column-is-layout-flow\">\n<figure class=\"wp-block-image size-large\"><img data-recalc-dims=\"1\" loading=\"lazy\" decoding=\"async\" width=\"960\" height=\"960\" src=\"https:\/\/i0.wp.com\/sprachcafe-polnisch.org\/wp-content\/uploads\/2023\/07\/3.jpg?resize=960%2C960&#038;ssl=1\" alt=\"\" class=\"wp-image-6390\" srcset=\"https:\/\/i0.wp.com\/sprachcafe-polnisch.org\/wp-content\/uploads\/2023\/07\/3.jpg?resize=1024%2C1024&amp;ssl=1 1024w, https:\/\/i0.wp.com\/sprachcafe-polnisch.org\/wp-content\/uploads\/2023\/07\/3.jpg?resize=300%2C300&amp;ssl=1 300w, https:\/\/i0.wp.com\/sprachcafe-polnisch.org\/wp-content\/uploads\/2023\/07\/3.jpg?resize=150%2C150&amp;ssl=1 150w, https:\/\/i0.wp.com\/sprachcafe-polnisch.org\/wp-content\/uploads\/2023\/07\/3.jpg?resize=768%2C768&amp;ssl=1 768w, https:\/\/i0.wp.com\/sprachcafe-polnisch.org\/wp-content\/uploads\/2023\/07\/3.jpg?resize=75%2C75&amp;ssl=1 75w, https:\/\/i0.wp.com\/sprachcafe-polnisch.org\/wp-content\/uploads\/2023\/07\/3.jpg?w=1080&amp;ssl=1 1080w\" sizes=\"auto, (max-width: 960px) 100vw, 960px\" \/><\/figure>\n\n\n\n<h4 class=\"has-text-align-center wp-block-heading\">Natalia Pr\u00fcfer<\/h4>\n\n\n\n<p class=\"has-text-align-center\">koordynacja, promocja<br><a rel=\"noreferrer noopener\" href=\"mailto:n.pruefer@sprachcafe-polnisch.org\" target=\"_blank\">n.pruefer@sprachcafe-polnisch.org<\/a><\/p>\n<\/div>\n\n\n\n<div class=\"wp-block-column is-layout-flow wp-block-column-is-layout-flow\">\n<figure class=\"wp-block-image size-large\"><img data-recalc-dims=\"1\" loading=\"lazy\" decoding=\"async\" width=\"960\" height=\"960\" src=\"https:\/\/i0.wp.com\/sprachcafe-polnisch.org\/wp-content\/uploads\/2023\/07\/4.jpg?resize=960%2C960&#038;ssl=1\" alt=\"\" class=\"wp-image-6393\" srcset=\"https:\/\/i0.wp.com\/sprachcafe-polnisch.org\/wp-content\/uploads\/2023\/07\/4.jpg?resize=1024%2C1024&amp;ssl=1 1024w, https:\/\/i0.wp.com\/sprachcafe-polnisch.org\/wp-content\/uploads\/2023\/07\/4.jpg?resize=300%2C300&amp;ssl=1 300w, https:\/\/i0.wp.com\/sprachcafe-polnisch.org\/wp-content\/uploads\/2023\/07\/4.jpg?resize=150%2C150&amp;ssl=1 150w, https:\/\/i0.wp.com\/sprachcafe-polnisch.org\/wp-content\/uploads\/2023\/07\/4.jpg?resize=768%2C768&amp;ssl=1 768w, https:\/\/i0.wp.com\/sprachcafe-polnisch.org\/wp-content\/uploads\/2023\/07\/4.jpg?resize=75%2C75&amp;ssl=1 75w, https:\/\/i0.wp.com\/sprachcafe-polnisch.org\/wp-content\/uploads\/2023\/07\/4.jpg?w=1080&amp;ssl=1 1080w\" sizes=\"auto, (max-width: 960px) 100vw, 960px\" \/><\/figure>\n\n\n\n<h4 class=\"has-text-align-center wp-block-heading\">Joanna Ceremuga<\/h4>\n\n\n\n<p class=\"has-text-align-center\">koordynacja, ekspertka od wieloj\u0119zyczno\u015bci<br><a rel=\"noreferrer noopener\" href=\"mailto:suedenberlins@sprachcafe-polnisch.org\" target=\"_blank\">suedenberlins@sprachcafe-polnisch.org<\/a><\/p>\n<\/div>\n<\/div>\n\n\n\n<div style=\"height:21px\" aria-hidden=\"true\" class=\"wp-block-spacer\"><\/div>\n\n\n\n<h3 class=\"wp-block-heading\" id=\"NEWSLETTER\">NEWSLETTER<\/h3>\n\n\n\n<!-- Begin Mailchimp Signup Form -->\n<div id=\"mc_embed_signup\">\n    <form action=\"https:\/\/sprachcafe-polnisch.us12.list-manage.com\/subscribe\/post?u=cdbb41f9160eb33abbe5274b9&amp;id=8540d2dc3b\" method=\"post\" id=\"mc-embedded-subscribe-form\" name=\"mc-embedded-subscribe-form\" class=\"validate\" target=\"_blank\" novalidate=\"\">\n        <div id=\"mc_embed_signup_scroll\">\n            <p class=\"mc-field-group\">\n                <label for=\"mce-EMAIL\">\n                    E-Mail-Adresse *<br>\n                    <input type=\"email\" value=\"\" name=\"EMAIL\" class=\"required email\" id=\"mce-EMAIL\">\n                <\/label>\n            <\/p>\n            <p class=\"mc-field-group\">\n                <label for=\"mce-FNAME\">\n                    Vorname<br>\n                    <input type=\"text\" value=\"\" name=\"FNAME\" class=\"\" id=\"mce-FNAME\">\n                <\/label>\n            <\/p>\n            <p class=\"mc-field-group\">\n                <label for=\"mce-LNAME\">\n                    Nachname<br>\n                    <input type=\"text\" value=\"\" name=\"LNAME\" class=\"\" id=\"mce-LNAME\">\n                <\/label>\n            <\/p>\n            <p class=\"mc-field-group input-group\">\n                <span>Themen *<\/span>\n                <label for=\"mce-group[16957]-16957-0\">\n                    <input type=\"checkbox\" value=\"1\" name=\"group[16957][1]\" id=\"mce-group[16957]-16957-0\">\n                    SprachCaf\u00e9\n                <\/label>\n                <label for=\"mce-group[16957]-16957-1\">\n                    <input type=\"checkbox\" value=\"2\" name=\"group[16957][2]\" id=\"mce-group[16957]-16957-1\">\n                    SprachCaf\u00e9 f\u00fcr Kinder und ihre Eltern\n                <\/label>\n                <label for=\"mce-group[16957]-16957-2\">\n                    <input type=\"checkbox\" value=\"4\" name=\"group[16957][4]\" id=\"mce-group[16957]-16957-2\">\n                    Mehrsprachigkeit\n                <\/label>\n                    <label for=\"mce-group[16957]-16957-3\">\n                    <input type=\"checkbox\" value=\"8\" name=\"group[16957][8]\" id=\"mce-group[16957]-16957-3\">\n\t\t\tSprachCaf\u00e9 im S\u00fcden Berlins\n\t\t<\/label>\n            <\/p>\n            <div id=\"mergeRow-gdpr\" class=\"mergeRow gdpr-mergeRow content__gdprBlock mc-field-group\">\n                <div class=\"content__gdpr\">\n                    <!--\n                    <p>Einwilligung f\u00fcr den Erhalt von Informationen\n                        Informationen, die Ihr in diesem Formular angebt, werden vom SprachCaf\u00e9 Polnisch e.V. genutzt, um mit Euch in Kontakt zu bleiben und Euch Einladungen f\u00fcr aktuelle Aktivit\u00e4ten und Angebote zu schicken. Gebt uns bitte an, wie Ihr gern von uns kontaktiert werden wollt:\n                    <\/p>\n                    -->\n                    <fieldset class=\"mc_fieldset gdprRequired mc-field-group\" name=\"interestgroup_field\">\n                        <label class=\"checkbox subfield\" for=\"gdpr_8649\">\n                            <input type=\"hidden\" id=\"gdpr_8649\" name=\"gdpr[8649]\" value=\"Y\">\n                            <!--<span>E-Mail<\/span>-->\n                        <\/label>\n                    <\/fieldset>\n                    <p>Die von Ihnen angegebenen Daten werden ausschlie\u00dflich zum Versenden unseres Newsletters verwendet und nicht an Dritte weiter gegeben. Die Angaben sind freiwillig. Zu statistischen Zwecken f\u00fchren wir anonymisiertes Link-Tracking durch.<\/p>\n                    <p>Zu Ihrer Sicherheit benutzen wir das Double-Opt-In-Verfahren. Aus diesem Grund schicken wir Ihnen eine E-Mail, in der Sie das kostenlose Abonnement des Newsletters best\u00e4tigen m\u00fcssen. Erst dann ist die Anmeldung vollst\u00e4ndig abgeschlossen.<\/p>\n                    <p>Weitere Informationen finden Sie in unserer <a href=\"https:\/\/sprachcafe-polnisch.org\/pl\/ochrona-danych-osobowych\/\">Datenschutzerkl\u00e4rung<\/a>.<\/p>\n                <\/div>\n                <!--\n                <div class=\"content__gdprLegal\">\n                    <p>We use Mailchimp as our marketing platform. By clicking below to subscribe, you acknowledge that your information will be transferred to Mailchimp for processing. <a href=\"https:\/\/mailchimp.com\/legal\/\" target=\"_blank\" rel=\"noopener noreferrer\">Learn more about Mailchimp's privacy practices here.<\/a><\/p>\n                <\/div>\n                -->\n            <\/div>\n            <div id=\"mce-responses\" class=\"clear\">\n                <div class=\"response\" id=\"mce-error-response\" style=\"display:none\"><\/div>\n                <div class=\"response\" id=\"mce-success-response\" style=\"display:none\"><\/div>\n            <\/div>\n            <!-- real people should not fill this in and expect good things - do not remove this or risk form bot signups-->\n            <div style=\"position: absolute; left: -5000px;\" aria-hidden=\"true\"><input type=\"text\" name=\"b_cdbb41f9160eb33abbe5274b9_8540d2dc3b\" tabindex=\"-1\" value=\"\"><\/div>\n            <div class=\"clear\">\n                <input type=\"submit\" value=\"Abonnieren\" name=\"subscribe\" id=\"mc-embedded-subscribe\" class=\"button\">\n            <\/div>\n        <\/div>\n    <\/form>\n<\/div>\n<!--End mc_embed_signup-->\n\n\n\n<div style=\"height:35px\" aria-hidden=\"true\" class=\"wp-block-spacer\"><\/div>\n\n\n\n<h3 class=\"wp-block-heading\" id=\"VERANSTALTUNGEN\">WYDARZENIA<\/h3>\n\n\n\n<div class=\"wp-block-columns is-layout-flex wp-container-core-columns-is-layout-9d6595d7 wp-block-columns-is-layout-flex\">\n<div class=\"wp-block-column is-layout-flow wp-block-column-is-layout-flow\">\n<iframe loading=\"lazy\" src=\"https:\/\/calendar.google.com\/calendar\/embed?height=600&amp;wkst=2&amp;bgcolor=%23ffffff&amp;ctz=Europe%2FWarsaw&amp;showNav=1&amp;showTitle=0&amp;mode=AGENDA&amp;hl=de&amp;src=NjQ1ZmVhNDI2NTdjYjM5ODJhZThjZWQ5Mjg2MTdmYmQyNmQ5YjU3NzBjMjE3YjBkMTI1OTg5NTBlM2I5NjBhYkBncm91cC5jYWxlbmRhci5nb29nbGUuY29t&amp;src=YTVmMDk2YTI3YjU1YmFhODYxOGUzMGZjYjlmMWM3ZDVjNTk3YWMwMjZjYWNhZjJiODk2ODViMmMzYWMyMmI4YkBncm91cC5jYWxlbmRhci5nb29nbGUuY29t&amp;src=MTNhMTI4MjY4NzEyMjM0Y2NkMTEzOWE0Zjk2ZDUzMDY5M2Q4YmE5MmZhN2ZlYzg2NzFkNDFhYzRjNjI1MjE0YUBncm91cC5jYWxlbmRhci5nb29nbGUuY29t&amp;color=%23C0CA33&amp;color=%233F51B5&amp;color=%23616161\" style=\"border:solid 1px #777\" width=\"800\" height=\"600\" frameborder=\"0\" scrolling=\"no\"><\/iframe>\n<\/div>\n<\/div>\n\n\n\n<p class=\"has-text-align-center\"><em>Fotos: Beata Torge, Agata Koch, Natalia Pr\u00fcfer<\/em><\/p>\n","protected":false},"excerpt":{"rendered":"<p>Z rado\u015bci\u0105 powitamy Was te\u017c w Kafejce na po\u0142udniu Berlina. I tu ludzie tworz\u0105 miejsca&#8230; Wiemy ju\u017c od lat, jak bardzo takie kafejki s\u0105 potrzebne. I jak wa\u017cne. St\u0105d cieszymy si\u0119, \u017ce jeste\u015bcie i zapraszamy Was do wsp\u00f3\u0142tworzenia tej nowej przestrzeni kultury, edukacji i spotka\u0144 dla ludzi w ka\u017cdym wieku, szczeg\u00f3lnie dla fanek i fan\u00f3w kultury polskiej i j\u0119zyka polskiego. WYDARZENIA NEWSLETTER Gotenstrasse 45 Miejsce to po\u0142o\u017cone jest na terenie innowacyjnego kompleksu mieszkaniowego&nbsp;\u2013 Sch\u00f6neberger Linse &#8211; tu\u017c przy&nbsp;S\u00fcdkreuz, Gotenstra\u00dfe 45, 10829 Berlin,&nbsp;o doskona\u0142ym&nbsp;po\u0142\u0105czeniu komunikacyjnym przy Ringbahn, S2, S25, Bus 248, M46. W\u0142a\u015bnie tu zaproszeni zostali\u015bmy do wsp\u00f3\u0142tworzenia spo\u0142eczno\u015bci\u00a0dobrego s\u0105siedztwa. A to doskonale wpisuje si\u0119 w nasz\u0105\u00a0koncepcj\u0119 dzia\u0142a\u0144 lokalnych w wielkim mie\u015bcie! Od pierwszego kontaktu miejsce to szczeg\u00f3lnie\u00a0urzeka nas swoj\u0105 otwarto\u015bci\u0105, kreatywn\u0105 i przyjazn\u0105 atmosfer\u0105. B\u0105d\u017acie z nami, Drodzy, te\u017c na po\u0142udniu miasta!Kiedy mo\u017cna zajrze\u0107 na Gotenstrasse? Krok po kroku&#8230; P\u00f3ki co, zapraszamy Was na spotkania \u2013 wydarzenia publikowane na www, FB, IG. Nowo\u015bci i ciekawostki znajdziecie te\u017c w nowym newsletterze \u201eKafejka na po\u0142udniu miasta\u201d. KOORDYNACJA Natalia Pr\u00fcfer koordynacja, promocjan.pruefer@sprachcafe-polnisch.org Joanna Ceremuga koordynacja, ekspertka od wieloj\u0119zyczno\u015bcisuedenberlins@sprachcafe-polnisch.org NEWSLETTER E-Mail-Adresse * Vorname Nachname Themen * SprachCaf\u00e9 SprachCaf\u00e9 f\u00fcr Kinder und ihre Eltern Mehrsprachigkeit SprachCaf\u00e9 im S\u00fcden Berlins Die von Ihnen angegebenen Daten werden ausschlie\u00dflich zum Versenden unseres Newsletters verwendet und nicht an Dritte weiter gegeben. Die Angaben sind freiwillig. Zu statistischen Zwecken f\u00fchren wir anonymisiertes Link-Tracking durch. Zu Ihrer Sicherheit benutzen wir das Double-Opt-In-Verfahren. Aus diesem Grund schicken wir Ihnen eine E-Mail, in der Sie das kostenlose Abonnement des Newsletters best\u00e4tigen m\u00fcssen. Erst dann ist die Anmeldung vollst\u00e4ndig abgeschlossen. Weitere Informationen finden Sie in unserer Datenschutzerkl\u00e4rung. WYDARZENIA Fotos: Beata Torge, Agata Koch, Natalia Pr\u00fcfer<\/p>\n","protected":false},"author":3,"featured_media":0,"parent":0,"menu_order":0,"comment_status":"closed","ping_status":"closed","template":"","meta":{"jetpack_post_was_ever_published":false,"footnotes":""},"class_list":["post-6421","page","type-page","status-publish","hentry"],"acf":[],"jetpack-related-posts":[],"jetpack_sharing_enabled":true,"_links":{"self":[{"href":"https:\/\/sprachcafe-polnisch.org\/pl\/wp-json\/wp\/v2\/pages\/6421","targetHints":{"allow":["GET"]}}],"collection":[{"href":"https:\/\/sprachcafe-polnisch.org\/pl\/wp-json\/wp\/v2\/pages"}],"about":[{"href":"https:\/\/sprachcafe-polnisch.org\/pl\/wp-json\/wp\/v2\/types\/page"}],"author":[{"embeddable":true,"href":"https:\/\/sprachcafe-polnisch.org\/pl\/wp-json\/wp\/v2\/users\/3"}],"replies":[{"embeddable":true,"href":"https:\/\/sprachcafe-polnisch.org\/pl\/wp-json\/wp\/v2\/comments?post=6421"}],"version-history":[{"count":2,"href":"https:\/\/sprachcafe-polnisch.org\/pl\/wp-json\/wp\/v2\/pages\/6421\/revisions"}],"predecessor-version":[{"id":7203,"href":"https:\/\/sprachcafe-polnisch.org\/pl\/wp-json\/wp\/v2\/pages\/6421\/revisions\/7203"}],"wp:attachment":[{"href":"https:\/\/sprachcafe-polnisch.org\/pl\/wp-json\/wp\/v2\/media?parent=6421"}],"curies":[{"name":"wp","href":"https:\/\/api.w.org\/{rel}","templated":true}]}}