{"id":413,"date":"2021-01-03T23:36:04","date_gmt":"2021-01-03T22:36:04","guid":{"rendered":"https:\/\/sprachcafe-polnisch.org\/?page_id=413"},"modified":"2024-01-14T18:15:21","modified_gmt":"2024-01-14T17:15:21","slug":"opinie","status":"publish","type":"page","link":"https:\/\/sprachcafe-polnisch.org\/pl\/o-nas\/opinie\/","title":{"rendered":"Opinie"},"content":{"rendered":"\n<div class=\"wp-block-buttons is-horizontal is-content-justification-center is-layout-flex wp-container-core-buttons-is-layout-499968f5 wp-block-buttons-is-layout-flex\">\n<div class=\"wp-block-button is-style-outline is-style-outline--1\"><a class=\"wp-block-button__link has-black-color has-white-background-color has-text-color has-background wp-element-button\" href=\"https:\/\/sprachcafe-polnisch.org\/pl\/o-nas\/media\/\" style=\"border-radius:2px\"><strong>Media<\/strong><\/a><\/div>\n\n\n\n<div class=\"wp-block-button is-style-fill\"><a class=\"wp-block-button__link has-white-color has-black-background-color has-text-color has-background wp-element-button\" style=\"border-radius:2px\"><strong>Opinie<\/strong><\/a><\/div>\n<\/div>\n\n\n\n<div class=\"wp-block-columns is-layout-flex wp-container-core-columns-is-layout-9d6595d7 wp-block-columns-is-layout-flex\">\n<div class=\"wp-block-column is-layout-flow wp-block-column-is-layout-flow\">\n<blockquote class=\"wp-block-quote is-layout-flow wp-block-quote-is-layout-flow\">\n<p>Dzi\u0119kujemy za cudowne spotkanie. Utworzyli\u015bcie magiczne miejsce.<\/p>\n<cite>A.W., artystka, 06.01.2024<\/cite><\/blockquote>\n<\/div>\n\n\n\n<div class=\"wp-block-column is-layout-flow wp-block-column-is-layout-flow\">\n<blockquote class=\"wp-block-quote is-layout-flow wp-block-quote-is-layout-flow\">\n<p>\u2026 przed moimi drzwiami stan\u0105\u0142 pos\u0142aniec, kt\u00f3ry przekaza\u0142 mi pozdrowienia od ciebie i kalendarz. Co za niespodzianka! Bardzo dzi\u0119kuj\u0119, bardzo si\u0119 ucieszy\u0142am, \u017ce go otrzyma\u0142am!<\/p>\n\n\n\n<p>Cz\u0119sto wspominam cudowne chwile, kt\u00f3re sp\u0119dzili\u015bmy razem, zaj\u0119cia i wspania\u0142e wydarzenia. Z wielkim zainteresowaniem \u015bledz\u0119 rozw\u00f3j i r\u00f3\u017cnorodno\u015b\u0107, kt\u00f3ra wy\u0142oni\u0142a si\u0119 z naszych skromnych pocz\u0105tk\u00f3w &#8211; naprawd\u0119 wyj\u0105tkowa. By\u0107 mo\u017ce uda mi si\u0119 jeszcze kiedy\u015b osobi\u015bcie pojawi\u0107 w &#8222;Kafejce&#8221;.<br>Najlepsze \u017cyczenia dla Ciebie i wszystkich Twoich kole\u017canek i koleg\u00f3w oraz wielu dalszych sukces\u00f3w<\/p>\n<cite>I.S., seniorka, 13.01.2024<\/cite><\/blockquote>\n<\/div>\n<\/div>\n\n\n\n<div class=\"wp-block-columns is-layout-flex wp-container-core-columns-is-layout-9d6595d7 wp-block-columns-is-layout-flex\">\n<div class=\"wp-block-column is-layout-flow wp-block-column-is-layout-flow\" style=\"flex-basis:25%\">\n<blockquote class=\"wp-block-quote is-layout-flow wp-block-quote-is-layout-flow\">\n<p>Cieszy nas, \u017ce te\u017c jeste\u015bmy cz\u0119\u015bci\u0105 Waszej wsp\u00f3lnoty. <\/p>\n<cite>I.R., Wsp\u00f3lnota Litewska<\/cite><\/blockquote>\n<\/div>\n\n\n\n<div class=\"wp-block-column is-layout-flow wp-block-column-is-layout-flow\" style=\"flex-basis:50%\">\n<blockquote class=\"wp-block-quote is-layout-flow wp-block-quote-is-layout-flow\">\n<p>To miejsce jest szczeg\u00f3lne, jak jego ludzie. Pokocha\u0142am ich. Dzi\u0119kuje! Do niebawem! <\/p>\n<cite>N., 10.2021<\/cite><\/blockquote>\n<\/div>\n\n\n\n<div class=\"wp-block-column is-layout-flow wp-block-column-is-layout-flow\" style=\"flex-basis:25%\">\n<blockquote class=\"wp-block-quote is-layout-flow wp-block-quote-is-layout-flow\">\n<p>Zaprosi\u0142am na kaw\u0119 do Kafejki moj\u0105 te\u015bciow\u0105 \ud83d\ude42 I tak oczarowa\u0142o j\u0105 to miejsce, \u017ce prawdopodobnie tam zostawi\u0142a parasol.<\/p>\n<cite>J.T., 29.08.2023<\/cite><\/blockquote>\n<\/div>\n<\/div>\n\n\n\n<div class=\"wp-block-columns is-layout-flex wp-container-core-columns-is-layout-9d6595d7 wp-block-columns-is-layout-flex\">\n<div class=\"wp-block-column is-layout-flow wp-block-column-is-layout-flow\" style=\"flex-basis:33.33%\">\n<blockquote class=\"wp-block-quote is-layout-flow wp-block-quote-is-layout-flow\">\n<p>Chcia\u0142abym jeszcze raz z ca\u0142ego serca podzi\u0119kowa\u0107 Tobie i ca\u0142emu zespo\u0142owi SprachCaf\u00e9 za wspania\u0142y pi\u0105tkowy wiecz\u00f3r!<\/p>\n\n\n\n<p>Czu\u0142am si\u0119 bardzo komfortowo w atmosferze, kt\u00f3r\u0105 tam stworzyli\u015bcie.<br>To by\u0142o co\u015b wyj\u0105tkowego i cennego, a tak\u017ce premiera dla mnie, aby da\u0107 odczyt w kontek\u015bcie polsko-niemieckim &#8211; w ko\u0144cu moja ksi\u0105\u017cka si\u0119ga poza Niemcy i do Polski, a fakt, \u017ce mog\u0142em spotka\u0107 si\u0119 z tak przyjaznym zainteresowaniem i ciekawymi pytaniami z Pa\u0144stwa strony, by\u0142 bardzo mi\u0142ym do\u015bwiadczeniem.<\/p>\n<cite>B.C., pisarka, 18.09.2023<\/cite><\/blockquote>\n<\/div>\n\n\n\n<div class=\"wp-block-column is-layout-flow wp-block-column-is-layout-flow\" style=\"flex-basis:66.66%\">\n<blockquote class=\"wp-block-quote is-layout-flow wp-block-quote-is-layout-flow\">\n<p>Hallo, ich hei\u00dfe Christoph. Ich habe vor Kurzem meinen Freiwilligendienst beim SprachCaf\u00e9 Polnisch in der Schulzestra\u00dfe in Berlin-Pankow gemacht und da m\u00f6chte so einen kleinen Bericht dar\u00fcber abgeben, was ich so erlebt, gearbeitet, nachgef\u00fcllt habe und m\u00f6chte damit beginnen, dass ich gro\u00dfe Dankbarkeit f\u00fchle, wenn ich an die Zeit im SprachCaf\u00e9 zur\u00fcckdenke. Es war sehr bereichernd f\u00fcr mein Leben, auf vielen Ebenen. Zun\u00e4chst mal ist das SprachCaf\u00e9 f\u00fcr mich ein Ort, so ein verbindender Ort f\u00fcr sehr viele verschiedene Menschen, ja, Menschen verschiedener Kultur, verschiedenen Altes, verschiedener Herkunft, etc. und die alle den gemeinsam Ort teilen und dort sich ausdr\u00fccken k\u00f6nnen, kennen lernen k\u00f6nnen und vor allem lernen k\u00f6nnen, sie lernen mit dem Leben umzugehen, lernen mit der deutschen B\u00fcrokratie umzugehen, und das wichtigste ist f\u00fcr mich ist dieses zusammen sein, zusammen das Leben kreieren, sich gegenseitig zu helfen, sich gegenseitig zu unterst\u00fctzen, zu inspirieren, und da haben Agata Koch und das komplette Team einen wirklich traumhaft sch\u00f6nen Ort geschaffen, mit sehr viel Liebe, sehr viel Raum f\u00fcr Begegnung. Es ist f\u00fcr mich ein sehr, sehr sch\u00f6nes und aufregendes soziales Projekt. Ich habe auch Soziologie und Politikwissenschaft studiert und auch aus dem gesellschaftstheoretischen Blickpunkt sehe ich den Ort oder Orte wie das SprachCaf\u00e9 Polnisch als sehr wichtig f\u00fcr Gesellschaften an. Ja, aufregende Dinge passieren also, na eben ein Mikrokosmos in dem sich das, was in Makrokosmos auch hier passiert, ja manifestiert. Gleichzeitig finde ich das auch, dass es solch ein Ort ist, wo gelebte Demokratie stattfindet: Menschen \u00fcbernehmen freiwillig Verantwortung, um anderen zu helfen, und anderen Menschen zu erm\u00f6glichen zusammen zu kommen, miteinander zu reden, sich auszutauschen, zu wachsen, zu lernen. Es ist f\u00fcr mich pers\u00f6nlich sehr aufregend, sehr entspannend, sehr sch\u00f6n&#8230; Und ja&#8230; Ich habe sehr viel Respekt und Bewunderung f\u00fcr Agata und f\u00fcr das komplette Team, was sie da auf die Beine gestellt haben und dann auch weiterhin auf die Beine stellen. Ich sehe das SprachCaf\u00e9 jeden Tag im st\u00e4ndigen Prozess, jeden Tag ist es anderes, es entwickelt sich st\u00e4ndig: Gewisse Erneuerung kommen dazu, alte Dinge fallen weg und jeden Tag ist eine neue Herausforderung, ein neues Geschenk, und immer anders, deswegen so aufregend finde ich das. Genauso meine pers\u00f6nliche Arbeit war dort auch sehr mannigfaltig, sehr unterschiedlich, ich habe sehr viele verschiedene Dinge getan, mich in sehr vielen verschiedenen Bereichen ausprobieren k\u00f6nnen: Von Social Media \u00fcber die normale Arbeit im Caf\u00e9, bis zum Deutsch Unterricht, den ich mal gaben d\u00fcrfte, was sehr aufregend und spannend f\u00fcr mich war. Und das SprachCaf\u00e9 hat mir dann eine sehr breite Palette gegeben, wo ich mich weiter entwickeln kann, wo ich lernen kann, ich mich ausprobieren kann, noch wachsen k\u00f6nnte. Fast jeder Tag war anders und neu f\u00fcr mich. Es gab immer neue Aufgaben und neue Blickwinkel, die ich annehmen konnte, deswegen war die Arbeit f\u00fcr mich sehr bereichernd auf vielen Ebenen. Und ich habe mich auch einmal herausgefordert gef\u00fchlt, aber auf eine sehr angenehme Weise, wo ich dann meine eigenen Grenzen und Schatten \u00fcberspringen k\u00f6nnte. Genau also ich bin sehr dankbar f\u00fcr die gesamte Zeit im SprachCaf\u00e9, dankbar f\u00fcr alle, die dort mitarbeiten und was mir auch noch wichtig ist zu sagen, ist, dass die Stimmung im Team enorm gut ist, sehr freundschaftlich, sehr famili\u00e4r und sehr offen. Es gab nat\u00fcrlich auch mal Meinungsverschiedenheiten, aber ich finde auch, dass die Bereitschaft da war, dieses auszutragen, dass man sehr herzlich damit umgegangen ist, sehr menschlich, ja&#8230; einfach liebevoll und deswegen an der Stelle einen sehr gro\u00dfen herzlichen Dank an alles gesamte Team! Ja, ich freue mich mal wieder vorbei zu kommen. Ganz liebe Gr\u00fc\u00dfe!<\/p>\n<cite>Christoph, 11.07.2023<\/cite><\/blockquote>\n<\/div>\n<\/div>\n\n\n\n<div class=\"wp-block-columns is-layout-flex wp-container-core-columns-is-layout-9d6595d7 wp-block-columns-is-layout-flex\">\n<div class=\"wp-block-column is-layout-flow wp-block-column-is-layout-flow\">\n<blockquote class=\"wp-block-quote has-black-color has-text-color is-layout-flow wp-block-quote-is-layout-flow\">\n<p class=\"has-black-color has-text-color\">Wielkie&nbsp;<strong>gratulacje<\/strong>!&nbsp;Dobre wielkie rzeczy zas\u0142uguj\u0105 na to, by wci\u0105\u017c si\u0119 powi\u0119ksza\u0107&nbsp;<img loading=\"lazy\" decoding=\"async\" height=\"16\" width=\"16\" src=\"https:\/\/static.xx.fbcdn.net\/images\/emoji.php\/v9\/td8\/1.5\/16\/1f60a.png\" alt=\"\ud83d\ude0a\"><\/p>\n<cite>Z.M., 16.06.2023<\/cite><\/blockquote>\n<\/div>\n\n\n\n<div class=\"wp-block-column is-layout-flow wp-block-column-is-layout-flow\">\n<blockquote class=\"wp-block-quote is-style-default has-black-color has-text-color is-layout-flow wp-block-quote-is-layout-flow\">\n<p class=\"has-black-color has-text-color\">Pozna\u0142am wielu ciekawych i zaanga\u017cowanych ludzi z r\u00f3\u017cnych kultur. Ale najbardziej imponuj\u0105ce by\u0142o dla mnie to, jak ci wszyscy ludzie z tak ogromn\u0105 rado\u015bci\u0105 i ambicj\u0105 jednocz\u0105 si\u0119 i wsp\u00f3lnie tworz\u0105 wydarzenia lub projekty. SprachCaf\u00e9 Polnisch to miejsce wype\u0142nione pozytywn\u0105 energi\u0105.<\/p>\n<cite>H.P., uczennica, praktykantka, 07.07.2023<\/cite><\/blockquote>\n<\/div>\n<\/div>\n\n\n\n<div class=\"wp-block-columns is-layout-flex wp-container-core-columns-is-layout-9d6595d7 wp-block-columns-is-layout-flex\">\n<div class=\"wp-block-column is-layout-flow wp-block-column-is-layout-flow\" style=\"flex-basis:66.66%\">\n<blockquote class=\"wp-block-quote has-black-color has-text-color is-layout-flow wp-block-quote-is-layout-flow\">\n<p class=\"has-black-color has-text-color\">Ogromne podzi\u0119kowania dla SprachCaf\u00e9 Polnisch e.V. &#8211; Polska Kafejka J\u0119zykowa, szczeg\u00f3lnie pani Agata Koch i panu Dimie, kt\u00f3rzy zapewnili nam fantastyczne warunki spotkania, zar\u00f3wno na \u017cywo, jak i wirtualnie. Obraz i d\u017awi\u0119k na poziomie koncertowym! Dzi\u0119kujemy!<\/p>\n<cite>Biuro Polonii, 15.06.2023<\/cite><\/blockquote>\n<\/div>\n\n\n\n<div class=\"wp-block-column is-layout-flow wp-block-column-is-layout-flow\" style=\"flex-basis:33.33%\">\n<blockquote class=\"wp-block-quote has-black-color has-text-color is-layout-flow wp-block-quote-is-layout-flow\">\n<p class=\"has-black-color has-text-color\">Podsumowuj\u0105c, ta pierwsza w moim \u017cyciu praktyka by\u0142a dla mnie bardzo warto\u015bciowa.<br>Pozwoli\u0142a mi zobaczy\u0107 \u015bwiat ze strony organizatorskiej i zainspirowa\u0142a mnie by kontynuowa\u0107<br>prac\u0119 w tej dziedzinie. Dzi\u0119ki pracy w Kafejce nie boj\u0119 si\u0119 ju\u017c wi\u0119kszych projekt\u00f3w i wyzwa\u0144<br>bo wiem, \u017ce je\u017celi poradzi\u0142am sobie w dalekim Berlinie, poradz\u0119 sobie z ka\u017cdym innym<br>wyzwaniem.<\/p>\n<cite>J.P., 12.2022<\/cite><\/blockquote>\n<\/div>\n<\/div>\n\n\n\n<div class=\"wp-block-columns is-layout-flex wp-container-core-columns-is-layout-9d6595d7 wp-block-columns-is-layout-flex\">\n<div class=\"wp-block-column is-layout-flow wp-block-column-is-layout-flow\" style=\"flex-basis:33.33%\">\n<blockquote class=\"wp-block-quote has-black-color has-text-color is-layout-flow wp-block-quote-is-layout-flow\">\n<p class=\"has-black-color has-text-color\">Ciesz\u0119 si\u0119, \u017ce si\u0119 rozwijacie. Uda\u0142o Ci si\u0119 stworzy\u0107 co\u015b wspania\u0142ego &#8211; przysta\u0144 dla dusz, kultury, przyja\u017ani, tworzenia, dzielenia si\u0119 pasj\u0105.<\/p>\n<cite>K.M., 28.03.2023<\/cite><\/blockquote>\n<\/div>\n\n\n\n<div class=\"wp-block-column is-layout-flow wp-block-column-is-layout-flow\" style=\"flex-basis:66.66%\">\n<blockquote class=\"wp-block-quote has-black-color has-text-color is-layout-flow wp-block-quote-is-layout-flow\">\n<p class=\"has-black-color has-text-color\">Gratuluj\u0119 z ca\u0142ego serca tego, jak si\u0119 Kafejka rozwija. Regularnie czytam newsletter (zawsze pi\u0119knie napisany, czytanie go to du\u017ca przyjemno\u015b\u0107!), zawsze bardzo si\u0119 ciesz\u0119 ze \u015bwietnej oferty. Sama ostatnio chodz\u0119 na kr\u0105g kobiet dla mam z maluszkami i jest super. Zaj\u0119cia kreatywnego przedszkolaka z Agat\u0105 Przybysz to juz w og\u00f3le klasyka i bardzo ch\u0119tnie przyje\u017cd\u017camy. Tak\u017ce super! Fajnie si\u0119 dzieje\ud83d\ude03<br>Newsletter to serio pere\u0142ka\ud83d\ude03 Juz nieraz s\u0142ysza\u0142am, \u017ce newslettery sa ju\u017c niemodne i nie dzia\u0142aj\u0105, a Wasz jest tego kompletnym zaprzeczeniem\ud83d\ude03\ud83d\ude03<\/p>\n<cite>10.03.2023 | A.D.<\/cite><\/blockquote>\n<\/div>\n<\/div>\n\n\n\n<div class=\"wp-block-columns is-layout-flex wp-container-core-columns-is-layout-9d6595d7 wp-block-columns-is-layout-flex\">\n<div class=\"wp-block-column is-layout-flow wp-block-column-is-layout-flow\" style=\"flex-basis:66.66%\">\n<p><\/p>\n\n\n\n<p>Na praktyki do SprachCaf\u00e9 Polnisch zapisa\u0142am si\u0119 bez wi\u0119kszych oczekiwa\u0144. Zale\u017ca\u0142o mi na po\u0142\u0105czeniu wakacyjnego wyjazdu do Berlina z czym\u015b kreatywnym i ambitnym, co pozwoli\u0142oby mi na rozwijanie swoich umiej\u0119tno\u015bci j\u0119zykowych i spo\u0142ecznych. Ju\u017c od momentu wej\u015bcia do kafejki przywita\u0142o mnie ogromne ciep\u0142o i go\u015bcinno\u015b\u0107. Pi\u0119kne pomieszczenie z wysokimi oknami, rega\u0142y z ksi\u0105\u017ckami i zapach kawy a w tym wszystkim Agata, kt\u00f3ra od pocz\u0105tku otoczy\u0142a mnie opiek\u0105 i zaufaniem. Nawet nie mia\u0142am czasu poczu\u0107 si\u0119 obco czy niekomfortowo w nowym otoczeniu, gdy\u017c ca\u0142a aura tego magicznego miejsca sprawia, \u017ce cz\u0142owiek czuje si\u0119 tam jak w domu. Tak, jakby wraca\u0142 do znanych, rodzinnych stron. Ka\u017cdy dzie\u0144 w kafejce by\u0142 nieco inny i w\u0142a\u015bnie to dawa\u0142o moim praktykom wielowymiarowy charakter, na kt\u00f3rym tak bardzo mi zale\u017ca\u0142o. Zaj\u0119cia j\u0119zykowe \u201eSommer auf Deutsch\u201d, gdzie mia\u0142am mo\u017cliwo\u015b\u0107 po\u0107wiczy\u0107 moje umiej\u0119tno\u015bci j\u0119zykowe, pozna\u0107 nowych ludzi i porozmawia\u0107 z native speakerami, kt\u00f3rych otwarto\u015b\u0107 i wyrozumia\u0142o\u015b\u0107 motywowa\u0142y mnie do swobodnego m\u00f3wienia po niemiecku. Kontakt z go\u015b\u0107mi z ca\u0142ego \u015bwiata, kt\u00f3rym nie tylko podawa\u0142am kaw\u0119, ale tak\u017ce kt\u00f3rych histori\u0119, kultur\u0119 i obyczaje mia\u0142am przyjemno\u015b\u0107 pozna\u0107. Pomoc w organizacji ciekawych warsztat\u00f3w i wydarze\u0144, czy praca przy social mediach i nagrywanie podcast\u00f3w z innymi wolontariuszkami. Wszystkie te zaj\u0119cia, nawet takie jak sprz\u0105tanie kuchni czy wynoszenie \u015bmieci, sprawia\u0142y mi wiele rado\u015bci i satysfakcji, gdy\u017c sama czu\u0142am si\u0119 cz\u0119\u015bci\u0105 SprachCafe. Mia\u0142am wra\u017cenie, \u017ce mimo mojego kr\u00f3tkiego, dwutygodniowego sta\u017cu, zd\u0105\u017cy\u0142am do\u0142\u0105czy\u0107 do wspania\u0142ej spo\u0142eczno\u015bci kreatywnych ludzi, o podobnych warto\u015bciach i pasji do dzielenia si\u0119 z innymi swoj\u0105 kultur\u0105 i j\u0119zykiem. Miejsc takich jak SprachCafe nigdy do\u015b\u0107 i ka\u017cdy, kto odwiedzi ten ma\u0142y lokal przy Schulzestra\u00dfe, zrozumie, co mam na my\u015bli. Dzi\u0119kuj\u0119 i mam nadziej\u0119 do zobaczenia!<\/p>\n\n\n\n<p>30.08.2022 | A.S.<\/p>\n<\/div>\n\n\n\n<div class=\"wp-block-column is-layout-flow wp-block-column-is-layout-flow\" style=\"flex-basis:33.33%\">\n<blockquote class=\"wp-block-quote has-black-color has-text-color is-layout-flow wp-block-quote-is-layout-flow\">\n<p class=\"has-black-color has-text-color\">&#8230; ten wiecz\u00f3r by\u0142 dla nas wyj\u0105tkowy. Bardzo si\u0119 cieszymy, \u017ce mogli\u015bmy pozna\u0107 tak mi\u0142ych ludzi. Jestesmy pod wra\u017ceniem czaru miejsca, kt\u00f3re Pani wykreowa\u0142a i w kt\u00f3rym dane mi jest wystawia\u0107 moje prace. Nade wszystko dzi\u0119kuj\u0119 za zaproszenie, czarowny czas &#8230;<\/p>\n<cite>22.11.2022 | M.P.<\/cite><\/blockquote>\n<\/div>\n<\/div>\n\n\n\n<div class=\"wp-block-columns is-layout-flex wp-container-core-columns-is-layout-9d6595d7 wp-block-columns-is-layout-flex\">\n<div class=\"wp-block-column is-layout-flow wp-block-column-is-layout-flow\" style=\"flex-basis:66.66%\">\n<blockquote class=\"wp-block-quote has-black-color has-text-color is-layout-flow wp-block-quote-is-layout-flow\">\n<p class=\"has-black-color has-text-color\">Ja jestem pod wra\u017ceniem wsp\u00f3lnego dzia\u0142ania zaanga\u017cowania wolontariuszy. Dobry i przyjazny zesp\u00f3\u0142.&nbsp;<\/p>\n<cite>25.09.2022 | J.K.<\/cite><\/blockquote>\n<\/div>\n\n\n\n<div class=\"wp-block-column is-layout-flow wp-block-column-is-layout-flow\" style=\"flex-basis:33.33%\">\n<blockquote class=\"wp-block-quote has-black-color has-text-color is-layout-flow wp-block-quote-is-layout-flow\">\n<p class=\"has-black-color has-text-color\">Przede wszystkim chcia\u0142abym (&#8230;) pogratulowa\u0107 ogromnego sukcesu i \u015bwietnego rozwoju Kafejki J\u0119zykowej! Projekt rzeczywi\u015bcie kwitnie i wspaniale wzmacnia pozycj\u0119 polskiego w Berlinie.<\/p>\n<cite>11.08.2022 | M.P., Universit\u00e4t Potsdam, Institut f\u00fcr Slavistik<\/cite><\/blockquote>\n<\/div>\n<\/div>\n\n\n\n<div class=\"wp-block-columns is-layout-flex wp-container-core-columns-is-layout-9d6595d7 wp-block-columns-is-layout-flex\">\n<div class=\"wp-block-column is-layout-flow wp-block-column-is-layout-flow\">\n<blockquote class=\"wp-block-quote has-black-color has-text-color is-layout-flow wp-block-quote-is-layout-flow\">\n<p class=\"has-black-color has-text-color\">Szukam kontaktu w\u0142a\u015bnie z takimi instytucjami jak&nbsp;SprachCafe Polnisch, czyli z podmiotem, kt\u00f3ry wspaniale popularyzuje&nbsp;j\u0119zyk polski, w tym kultur\u0119 i tradycj\u0119 polsk\u0105, literatur\u0119, sztuk\u0119, muzyk\u0119. Sprawnie buduje mosty mi\u0119dzy kulturami (narodowymi), j\u0119zykami i pokoleniami. Zostawia pi\u0119kny \u015blad\/\u015bwiadectwo w \u015brodowisku Berli\u0144czyk\u00f3w i Niemc\u00f3w.<\/p>\n<cite>A.P., Uniwersytet Pedagogiczny Krak\u00f3w<\/cite><\/blockquote>\n<\/div>\n\n\n\n<div class=\"wp-block-column is-layout-flow wp-block-column-is-layout-flow\">\n<blockquote class=\"wp-block-quote has-black-color has-text-color is-layout-flow wp-block-quote-is-layout-flow\">\n<p class=\"has-black-color has-text-color\">Ich w\u00fcnsche allen kreativen K\u00f6pfen hinter der Initiative weiterhin viel Erfolg mit diesem tollen Projekt und noch viele weitere Jubil\u00e4en. <\/p>\n<cite>31.07.2022 | A.S.<\/cite><\/blockquote>\n<\/div>\n<\/div>\n\n\n\n<div class=\"wp-block-columns is-layout-flex wp-container-core-columns-is-layout-9d6595d7 wp-block-columns-is-layout-flex\">\n<div class=\"wp-block-column is-layout-flow wp-block-column-is-layout-flow\">\n<blockquote class=\"wp-block-quote has-black-color has-text-color is-layout-flow wp-block-quote-is-layout-flow\">\n<p class=\"has-black-color has-text-color\">Bardzo si\u0119 ciesz\u0119 z powodu minionego weekendu. To by\u0142 dla mnie bardzo wa\u017cny czas. Atmosfera imprezy sprzyja\u0142a wymianie pogl\u0105d\u00f3w, rozmowom, ale te\u017c ta\u0144com, co by\u0142o przyjemnym zaskoczeniem! Nie zapomn\u0119 te\u017c o smakowitych dodatkach. Bardzo podoba mi si\u0119 otwarta przestrze\u0144 kafejki &#8211; ku ulicy, ku miastu. Metaforycznie, jak i fizycznie \ud83d\ude42<\/p>\n<cite>20.06.2022 | W.G.<\/cite><\/blockquote>\n<\/div>\n\n\n\n<div class=\"wp-block-column is-layout-flow wp-block-column-is-layout-flow\">\n<blockquote class=\"wp-block-quote has-black-color has-text-color is-layout-flow wp-block-quote-is-layout-flow\">\n<p class=\"has-black-color has-text-color\">Es ist einfach toll zu sehen, wie unsere (und andere) F\u00f6rderungen dazu beitragen, dass Einrichtungen wie Ihre diese super Arbeit und spannende Angebote machen k\u00f6nnen.<\/p>\n<cite>26.06.2022 | R.H. &#8211; NEUSTART KULTUR \/ BUNDESVERBAND SOZIOKULTUR e.V. <\/cite><\/blockquote>\n<\/div>\n<\/div>\n\n\n\n<div class=\"wp-block-columns is-layout-flex wp-container-core-columns-is-layout-9d6595d7 wp-block-columns-is-layout-flex\">\n<div class=\"wp-block-column is-layout-flow wp-block-column-is-layout-flow\">\n<p>Mam na imi\u0119 I. i zarz\u0105dzam instytucj\u0105 kultury w W.. Obecnie przygotowuj\u0119 si\u0119 do wystartowania w konkursie na dyrektork\u0119 nowego domu Kultury. Chcia\u0142abym odwiedzi\u0107 Was i chwilk\u0119 z kim\u015b porozmawia\u0107 o Waszym dzia\u0142aniu, relacjach z publiczno\u015bci\u0105, Waszych odbiorcach i strategii dzia\u0142ania. Szukam inspiracji. Czy jest szansa aby jaki\u015b um\u00f3wi\u0107 si\u0119 na kr\u00f3tkie spotkanie w tej sprawie? B\u0119d\u0119 bardzo wdzi\u0119czna!!!<\/p>\n\n\n\n<p>19.04.2022 | I.<\/p>\n<\/div>\n\n\n\n<div class=\"wp-block-column is-layout-flow wp-block-column-is-layout-flow\">\n<p>Jeszcze raz dzi\u0119kuj\u0119 za urocze spotkanie w tak sympatycznym towarzystwie. Od dawna nie mia\u0142am ju\u017c tyle mi\u0142ych prze\u017cy\u0107. Doczeka\u0142am si\u0119, g\u0142\u00f3wnie dzie\u0119ki Tobie A.. Stworzy\u0142a\u015b i nadal wspaniale prowadzisz t\u0119 Caf\u00e9. \u017bycz\u0119 powodzenia! <\/p>\n\n\n\n<p>18,.06.2022 | D.M. <\/p>\n<\/div>\n<\/div>\n\n\n\n<div class=\"wp-block-columns is-layout-flex wp-container-core-columns-is-layout-9d6595d7 wp-block-columns-is-layout-flex\">\n<div class=\"wp-block-column is-layout-flow wp-block-column-is-layout-flow\">\n<p>Der Kalender ist eine sehr sch\u00f6ne Idee! Ich bin sehr gl\u00fccklich, das SprachCaf\u00e9 (&#8230;) kennengelernt zu haben, es ist wirklich ein toller Ort und das Miteinander ist so herzlich und auch f\u00fcr die Gelegenheit bei den Oder-Seiten war ich sehr dankbar.<\/p>\n\n\n\n<p>01.02.2022 | R.F.<\/p>\n\n\n\n<p><\/p>\n\n\n\n<p>&#8230;es war mir ein Vergn\u00fcgen, euch gestern pers\u00f6nlich kennenzulernen, ebenso wie das SprachCaf\u00e9 Polnisch, und nat\u00fcrlich, euch bei dieser wunderbaren Initiative zu unterst\u00fctzen, die Ihr den ukrainischen Fl\u00fcchtlingsfamilien vorschlagt. &nbsp;Ich freue mich, dass ich euch als Person, Psychologin und Nachbarin der Gegend bei dieser sch\u00f6nen Initiative unterst\u00fctzen und begleiten kann.<\/p>\n\n\n\n<p>04.04.2022 | DG<\/p>\n\n\n\n<p><\/p>\n<\/div>\n\n\n\n<div class=\"wp-block-column is-layout-flow wp-block-column-is-layout-flow\">\n<p>Bei der Wahl des Referatsthemas hast du dich schnell f\u00fcr das Thema \u201eInterkulturelle Projektarbeit in Berlin\u201c entschieden und dich in deiner Gruppe auf das \u201eSprach Caf\u00e9 Polnisch\u201c fokussiert. Du warst fasziniert das aus der simplen Idee, die Muttersprache von Kindern  hinzubringen, damit sich die Kinder der Gruppe mehr zugeordnet und integriert f\u00fchlen, sich ein so gro\u00dfartiger Verein entwickelte. Er setzt sich f\u00fcr die F\u00f6rderung und Sensibilisierung von Mehrsprachigkeit ein und hat mit MaMis en Movimiento e.V. das Projekt \u201eGelebte Mehrsprachigkeit\u201c gegr\u00fcndet, was auf die Weiterbildung in den Bereichen interkulturelle Kompetenz sowie Mehrsprachigkeit und mehrsprachige Fr\u00fcherziehung abzielt. Ihre Arbeit ist in deinen Augen eine gro\u00dfe Investition in ein zukunftsoffenes Berlin f\u00fcr beste Bildungschancen und f\u00fcr mehr Teilhabe. Denn die Muttersprache ist eine besondere F\u00e4higkeit jedes Kindes und Erwachsenen und hat einen Mehrwert f\u00fcr die Gesellschaft. Au\u00dferdem ist die Anerkennung und F\u00f6rderung der Herkunftssprache ein willkommen hei\u00dfen von Diversit\u00e4t und Offenheit f\u00fcr andere Kulturen und ein wichtiger Schritt zur Identit\u00e4tsfindung und Integration. Du hoffst das die Politik diesen Mehrwert irgendwann versteht und aus finanzierten Projekten bald  kontinuierliche und strukturierte Hilfen entstehen.<\/p>\n\n\n\n<p>10.02.2022 | L.L.<\/p>\n<\/div>\n<\/div>\n\n\n\n<div class=\"wp-block-columns is-layout-flex wp-container-core-columns-is-layout-9d6595d7 wp-block-columns-is-layout-flex\">\n<div class=\"wp-block-column is-layout-flow wp-block-column-is-layout-flow\">\n<p>Ich habe letzten Freitag den Kalender und Beutel bekommen &#8211; vielen Dank daf\u00fcr, ich habe mich sehr dar\u00fcber gefreut und der Kalender ist eine sehr sch\u00f6ne Idee! Ich bin sehr gl\u00fccklich, das Sprachcaf\u00e9 kennengelernt zu haben, es ist wirklich ein toller Ort und das Miteinander ist so herzlich und auch f\u00fcr die Gelegenheit bei den Oder-Seiten war ich sehr dankbar.<\/p>\n\n\n\n<p>02.02.2022 | R.F.<\/p>\n<\/div>\n\n\n\n<div class=\"wp-block-column is-layout-flow wp-block-column-is-layout-flow\">\n<blockquote class=\"wp-block-quote is-layout-flow wp-block-quote-is-layout-flow\">\n<p>Ciesz\u0119 si\u0119 z tak mi\u0142ych komentarzy. Ci\u0119\u017cko ocenia\u0107 mi swoje prace, mog\u0119 tylko napisa\u0107, \u017ce zawsze si\u0119 staram realizowa\u0107 projekty najlepiej jak potrafi\u0119 w danej chwili. Z kalendarza tryska pozytywna energia i to jest jego najwi\u0119ksza warto\u015b\u0107 \ud83d\ude42&nbsp;<\/p>\n\n\n\n<p><\/p>\n<cite>01.02.2022 | K.R-M<\/cite><\/blockquote>\n<\/div>\n<\/div>\n\n\n\n<hr class=\"wp-block-separator has-css-opacity is-style-wide\"\/>\n\n\n\n<div class=\"wp-block-columns is-layout-flex wp-container-core-columns-is-layout-9d6595d7 wp-block-columns-is-layout-flex\">\n<div class=\"wp-block-column is-layout-flow wp-block-column-is-layout-flow\">\n<blockquote class=\"wp-block-quote is-layout-flow wp-block-quote-is-layout-flow\">\n<p><mark style=\"background-color:rgba(0, 0, 0, 0)\" class=\"has-inline-color has-black-color\">Das vierw\u00f6chige Praktikum, das ich im SprachCaf\u00e9 Polnisch gemacht habe, war sehr toll und ich konnte viele Erfahrungen machen. Ich hatte im SprachCaf\u00e9 Polnisch die M\u00f6glichkeit in unterschiedlichen Berufsfeldern zu arbeiten, wie im Bereich des Mediendesigns, der \u00f6ffentlichen Arbeit, des Schreibens und ein bisschen der p\u00e4dagogischen Arbeit mit Kindern. F\u00fcr mich war es toll, so viele unterschiedliche Eindr\u00fccke aus verschiedenen Berufsfeldern gewinnen zu k\u00f6nnen. Ich habe einen gro\u00dfen Einblick in die polnische Kultur und Sprache, aber auch in andere Kulturen bekommen, denn im SprachCaf\u00e9 Polnisch treffen nicht nur die polnische Kultur und die deutsche aufeinander, nein sondern auch andere.<\/mark><\/p>\n<cite>N-M S.<br>19.08.2021<\/cite><\/blockquote>\n\n\n\n<p><\/p>\n<\/div>\n\n\n\n<div class=\"wp-block-column is-layout-flow wp-block-column-is-layout-flow\">\n<p>Dla wielu rodzin wybuch covidowej pandemii przyni\u00f3s\u0142 cierpienie i utrat\u0119 bliskich os\u00f3b.<\/p>\n\n\n\n<p>W mojej rodzinie oby\u0142o si\u0119 bez tak tragicznych wydarze\u0144.<\/p>\n\n\n\n<p>Pandemia przynios\u0142a ze sob\u0105 jednak wiele zmian.<\/p>\n\n\n\n<p>Z mojej perspektywy by\u0142y to nie tylko negatywne zmiany. Dlaczego?<\/p>\n\n\n\n<p>Prze\u017cy\u0142am pewnego rodzaju \u201erozw\u00f3j\u201d, zwi\u0105zany z tym, ze bardziej \u015bwiadomie i intensywniej odbieram kontakty z innymi lud\u017ami.<\/p>\n\n\n\n<p>Na przyk\u0142adzie Polskiej Kafejki J\u0119zykowej, kt\u00f3ra jest dla mnie niesamowitym miejscem, w kt\u00f3rym te kontakty s\u0105 jakby pierwszoplanowe, musz\u0119 stwierdzi\u0107, \u017ce wiele si\u0119 zmieni\u0142o. Na dobre.<\/p>\n\n\n\n<p>W trakcie pandemii, gdy ograniczone by\u0142y spotkania \u201eoko w oko\u201d albo live, Kafejka i jej ekipa tak na dobra spraw\u0119 pomog\u0142a mi znie\u017a\u0107 ten stan. Spotkania online, kt\u00f3re organizowa\u0142a Kafejka, sta\u0142y si\u0119 dla mnie nie tylko now\u0105, dot\u0105d nie znan\u0105 form\u0105 komunikacji i wymiany mi\u0119dzyludzkiej, ale uratowa\u0142y mnie od popadni\u0119cia w g\u0142\u0119bok\u0105 depresj\u0119!<\/p>\n\n\n\n<p>Zaj\u0119cia z angielskiego z Magd\u0105 i comiesi\u0119czne sobotnie Warsztaty Pisania z Ruth i Natalie, by\u0142y \u015bwiate\u0142kami w tych pandemi\u0105 przyciemnionych czasach.<\/p>\n\n\n\n<p>Teraz, gdy zasady zwi\u0105zane ze spotkaniami s\u0105 mniej ostre i te spotkania s\u0105 mo\u017cliwe, ciesz\u0119 na ka\u017cdy kafejkowy kontakt ze znajomymi i nieznanymi mi osobami.<\/p>\n\n\n\n<p>Odbieram te spotkania jako wieki dar. Dzi\u0119kuj\u0119 Wam za to!<\/p>\n\n\n\n<blockquote class=\"wp-block-quote is-layout-flow wp-block-quote-is-layout-flow\">\n<p>N.A., 18.09.2021<\/p>\n<\/blockquote>\n<\/div>\n<\/div>\n\n\n\n<div class=\"wp-block-group quote-box\"><div class=\"wp-block-group__inner-container is-layout-flow wp-block-group-is-layout-flow\">\n<div class=\"wp-block-columns is-layout-flex wp-container-core-columns-is-layout-9d6595d7 wp-block-columns-is-layout-flex\">\n<div class=\"wp-block-column is-layout-flow wp-block-column-is-layout-flow\">\n<blockquote class=\"wp-block-quote is-layout-flow wp-block-quote-is-layout-flow\">\n<p>O Kafejce i Polonii w Berlinie! &#8222;Dla ka\u017cdego jeste\u015bmy czym\u015b innym&#8221;. Polonia w Berlinie w 2019 r. Przed Wami 30-minutowy film dokumentacyjny daj\u0105cy wgl\u0105d w \u017cycie spo\u0142eczno\u015bci polskiej: cykl wywiad\u00f3w z przedstawicielkami i przedstawicielami r\u00f3\u017cnych polskich organizacji i plac\u00f3wek. Dzi\u0119kujemy inicjatywie student\u00f3w Humboldt-Universit\u00e4t zu Berlin za zaproszenie!<\/p>\n<cite><mark style=\"background-color:rgba(0, 0, 0, 0)\" class=\"has-inline-color has-cyan-bluish-gray-color\">19.05.2019, <strong>Studenci HU Berlin<\/strong><\/mark><\/cite><\/blockquote>\n<\/div>\n\n\n\n<div class=\"wp-block-column is-layout-flow wp-block-column-is-layout-flow\">\n<blockquote class=\"wp-block-quote is-layout-flow wp-block-quote-is-layout-flow\">\n<p>By\u0142o mi niezmiernie mi\u0142o go\u015bci\u0107 dzisiaj w Waszym stowarzyszeniu.&nbsp; Odnios\u0142am wra\u017cenie, \u017ce to miejsce spotka\u0144 wspania\u0142ych, serdecznych ludzi. Nabra\u0142am pozytywnej energii i ch\u0119ci do dzia\u0142ania, wi\u0119c je\u017celi masz ochot\u0119 na podj\u0119cie wsp\u00f3\u0142pracy to czekam na wiadomo\u015b\u0107.<\/p>\n<cite>22.03.2021, K.N.<\/cite><\/blockquote>\n\n\n\n<p><\/p>\n\n\n\n<blockquote class=\"wp-block-quote is-layout-flow wp-block-quote-is-layout-flow\">\n<p>Zaanga\u017cowanie, poziom, ciekawe inicjatywy przybli\u017caj\u0105ce polsk\u0105 kultur\u0119, tradycj\u0119, histori\u0119 i ludzi, przyczyniaj\u0105c si\u0119 tym samym do integracji, polubienia si\u0119 wzajemnie i niwelowania stereotyp\u00f3w. Pani Agato tak trzyma\u0107! Gratulacje &#8211; super kolejna inicjatywa. Moje uznanie dla wszystkich tworz\u0105cych SprachCafee Polnisch &#8211; a szczeg\u00f3lnie dla Agaty za kreatywno\u015b\u0107, poziom i odpowiedzialno\u015b\u0107 w dzia\u0142aniu!<\/p>\n<cite><mark style=\"background-color:rgba(0, 0, 0, 0)\" class=\"has-inline-color has-cyan-bluish-gray-color\">08.02.2020, <strong>A.P.<\/strong><\/mark><\/cite><\/blockquote>\n<\/div>\n<\/div>\n\n\n\n<div class=\"wp-block-columns is-layout-flex wp-container-core-columns-is-layout-9d6595d7 wp-block-columns-is-layout-flex\">\n<div class=\"wp-block-column is-layout-flow wp-block-column-is-layout-flow\">\n<blockquote class=\"wp-block-quote is-layout-flow wp-block-quote-is-layout-flow\">\n<p>Ciesz\u0119 si\u0119, \u017ce istniejemy ju\u017c od o\u015bmiu lat, robili\u015bmy dobr\u0105 robot\u0119 i b\u0119dziemy robi\u0107 dobr\u0105 robot\u0119. Podzi\u0119kowania dla Agaty Koch i jej bezgranicznemu wk\u0142adowi w dobro Kafejki! Serdecznie pozdrawiam.<\/p>\n<cite><strong><span class=\"has-inline-color has-cyan-bluish-gray-color\">86-letni Arno, A.K.<\/span><\/strong><\/cite><\/blockquote>\n<\/div>\n\n\n\n<div class=\"wp-block-column is-layout-flow wp-block-column-is-layout-flow\">\n<blockquote class=\"wp-block-quote is-layout-flow wp-block-quote-is-layout-flow\">\n<p>Bardzo podobaj\u0105 mi si\u0119 pomieszczenia na Schulze! Jestem bardzo ciekawy, co dok\u0142adnie w nich robicie, jaka jest oferta. Od d\u0142u\u017cszego czasu nie rozmawiali\u015bmy ze sob\u0105 intensywniej &#8211; od naszego ostatniego spotkania przed laty wiele si\u0119 u Was wydarzy\u0142o.<\/p>\n<cite><mark style=\"background-color:rgba(0, 0, 0, 0)\" class=\"has-inline-color has-cyan-bluish-gray-color\">08.05.2019, <strong>A.L.<\/strong><\/mark><\/cite><\/blockquote>\n<\/div>\n<\/div>\n\n\n\n<div class=\"wp-block-columns is-layout-flex wp-container-core-columns-is-layout-9d6595d7 wp-block-columns-is-layout-flex\">\n<div class=\"wp-block-column is-layout-flow wp-block-column-is-layout-flow\">\n<blockquote class=\"wp-block-quote is-layout-flow wp-block-quote-is-layout-flow\">\n<p>Dzi\u0119kujemy za \u015bwietnie poprowadzone warsztaty i za to, \u017ce stworzyli\u015bcie takie przyjazne, otwarte i klimatyczne miejsce w Berlinie. I za to, \u017ce mieli\u015bmy okazj\u0119 pozna\u0107 ty\u0142u fascynat\u00f3w pracy z lud\u017ami i tworzenia wsp\u00f3lnej p\u0142aszczyzny porozumienia mi\u0119dzy r\u00f3\u017cnymi kulturami. Dla nas super czas.<\/p>\n<cite><mark style=\"background-color:rgba(0, 0, 0, 0)\" class=\"has-inline-color has-cyan-bluish-gray-color\">20.01.2020, <strong>M.P.<\/strong><\/mark><\/cite><\/blockquote>\n<\/div>\n\n\n\n<div class=\"wp-block-column is-layout-flow wp-block-column-is-layout-flow\">\n<blockquote class=\"wp-block-quote is-layout-flow wp-block-quote-is-layout-flow\">\n<p>Bardzo chc\u0119 Pani podzi\u0119kowa\u0107 za Pani otwarto\u015b\u0107, go\u015bcinno\u015b\u0107 i po\u015bwi\u0119cony czas. To spotkanie bardzo podoba\u0142o si\u0119 grupie, nauczycielom oraz zespo\u0142owi. Wszyscy byli pod du\u017cym wra\u017ceniem tej wizyty.<\/p>\n<cite><mark style=\"background-color:rgba(0, 0, 0, 0)\" class=\"has-inline-color has-cyan-bluish-gray-color\">15.04.2020, <strong>A.R. | HochDrei e.V.<\/strong><\/mark><\/cite><\/blockquote>\n<\/div>\n<\/div>\n<\/div><\/div>\n\n\n\n<p><a href=\"http:\/\/archiv.sprachcafe-polnisch.org\/pl\/opinie-media\/\"><em>Czytaj wi\u0119cej opinii<\/em><\/a><\/p>\n","protected":false},"excerpt":{"rendered":"<p>Dzi\u0119kujemy za cudowne spotkanie. Utworzyli\u015bcie magiczne miejsce. \u2026 przed moimi drzwiami stan\u0105\u0142 pos\u0142aniec, kt\u00f3ry przekaza\u0142 mi pozdrowienia od ciebie i kalendarz. Co za niespodzianka! Bardzo dzi\u0119kuj\u0119, bardzo si\u0119 ucieszy\u0142am, \u017ce go otrzyma\u0142am! Cz\u0119sto wspominam cudowne chwile, kt\u00f3re sp\u0119dzili\u015bmy razem, zaj\u0119cia i wspania\u0142e wydarzenia. Z wielkim zainteresowaniem \u015bledz\u0119 rozw\u00f3j i r\u00f3\u017cnorodno\u015b\u0107, kt\u00f3ra wy\u0142oni\u0142a si\u0119 z naszych skromnych pocz\u0105tk\u00f3w &#8211; naprawd\u0119 wyj\u0105tkowa. By\u0107 mo\u017ce uda mi si\u0119 jeszcze kiedy\u015b osobi\u015bcie pojawi\u0107 w &#8222;Kafejce&#8221;.Najlepsze \u017cyczenia dla Ciebie i wszystkich Twoich kole\u017canek i koleg\u00f3w oraz wielu dalszych sukces\u00f3w Cieszy nas, \u017ce te\u017c jeste\u015bmy cz\u0119\u015bci\u0105 Waszej wsp\u00f3lnoty. To miejsce jest szczeg\u00f3lne, jak jego ludzie. Pokocha\u0142am ich. Dzi\u0119kuje! Do niebawem! Zaprosi\u0142am na kaw\u0119 do Kafejki moj\u0105 te\u015bciow\u0105 \ud83d\ude42 I tak oczarowa\u0142o j\u0105 to miejsce, \u017ce prawdopodobnie tam zostawi\u0142a parasol. Chcia\u0142abym jeszcze raz z ca\u0142ego serca podzi\u0119kowa\u0107 Tobie i ca\u0142emu zespo\u0142owi SprachCaf\u00e9 za wspania\u0142y pi\u0105tkowy wiecz\u00f3r! Czu\u0142am si\u0119 bardzo komfortowo w atmosferze, kt\u00f3r\u0105 tam stworzyli\u015bcie.To by\u0142o co\u015b wyj\u0105tkowego i cennego, a tak\u017ce premiera dla mnie, aby da\u0107 odczyt w kontek\u015bcie polsko-niemieckim &#8211; w ko\u0144cu moja ksi\u0105\u017cka si\u0119ga poza Niemcy i do Polski, a fakt, \u017ce mog\u0142em spotka\u0107 si\u0119 z tak przyjaznym zainteresowaniem i ciekawymi pytaniami z Pa\u0144stwa strony, by\u0142 bardzo mi\u0142ym do\u015bwiadczeniem. Hallo, ich hei\u00dfe Christoph. Ich habe vor Kurzem meinen Freiwilligendienst beim SprachCaf\u00e9 Polnisch in der Schulzestra\u00dfe in Berlin-Pankow gemacht und da m\u00f6chte so einen kleinen Bericht dar\u00fcber abgeben, was ich so erlebt, gearbeitet, nachgef\u00fcllt habe und m\u00f6chte damit beginnen, dass ich gro\u00dfe Dankbarkeit f\u00fchle, wenn ich an die Zeit im SprachCaf\u00e9 zur\u00fcckdenke. Es war sehr bereichernd f\u00fcr mein Leben, auf vielen Ebenen. Zun\u00e4chst mal ist das SprachCaf\u00e9 f\u00fcr mich ein Ort, so ein verbindender Ort f\u00fcr sehr viele verschiedene Menschen, ja, Menschen verschiedener Kultur, verschiedenen Altes, verschiedener Herkunft, etc. und die alle den gemeinsam Ort teilen und dort sich ausdr\u00fccken k\u00f6nnen, kennen lernen k\u00f6nnen und vor allem lernen k\u00f6nnen, sie lernen mit dem Leben umzugehen, lernen mit der deutschen B\u00fcrokratie umzugehen, und das wichtigste ist f\u00fcr mich ist dieses zusammen sein, zusammen das Leben kreieren, sich gegenseitig zu helfen, sich gegenseitig zu unterst\u00fctzen, zu inspirieren, und da haben Agata Koch und das komplette Team einen wirklich traumhaft sch\u00f6nen Ort geschaffen, mit sehr viel Liebe, sehr viel Raum f\u00fcr Begegnung. Es ist f\u00fcr mich ein sehr, sehr sch\u00f6nes und aufregendes soziales Projekt. Ich habe auch Soziologie und Politikwissenschaft studiert und auch aus dem gesellschaftstheoretischen Blickpunkt sehe ich den Ort oder Orte wie das SprachCaf\u00e9 Polnisch als sehr wichtig f\u00fcr Gesellschaften an. Ja, aufregende Dinge passieren also, na eben ein Mikrokosmos in dem sich das, was in Makrokosmos auch hier passiert, ja manifestiert. Gleichzeitig finde ich das auch, dass es solch ein Ort ist, wo gelebte Demokratie stattfindet: Menschen \u00fcbernehmen freiwillig Verantwortung, um anderen zu helfen, und anderen Menschen zu erm\u00f6glichen zusammen zu kommen, miteinander zu reden, sich auszutauschen, zu wachsen, zu lernen. Es ist f\u00fcr mich pers\u00f6nlich sehr aufregend, sehr entspannend, sehr sch\u00f6n&#8230; Und ja&#8230; Ich habe sehr viel Respekt und Bewunderung f\u00fcr Agata und f\u00fcr das komplette Team, was sie da auf die Beine gestellt haben und dann auch weiterhin auf die Beine stellen. Ich sehe das SprachCaf\u00e9 jeden Tag im st\u00e4ndigen Prozess, jeden Tag ist es anderes, es entwickelt sich st\u00e4ndig: Gewisse Erneuerung kommen dazu, alte Dinge fallen weg und jeden Tag ist eine neue Herausforderung, ein neues Geschenk, und immer anders, deswegen so aufregend finde ich das. Genauso meine pers\u00f6nliche Arbeit war dort auch sehr mannigfaltig, sehr unterschiedlich, ich habe sehr viele verschiedene Dinge getan, mich in sehr vielen verschiedenen Bereichen ausprobieren k\u00f6nnen: Von Social Media \u00fcber die normale Arbeit im Caf\u00e9, bis zum Deutsch Unterricht, den ich mal gaben d\u00fcrfte, was sehr aufregend und spannend f\u00fcr mich war. Und das SprachCaf\u00e9 hat mir dann eine sehr breite Palette gegeben, wo ich mich weiter entwickeln kann, wo ich lernen kann, ich mich ausprobieren kann, noch wachsen k\u00f6nnte. Fast jeder Tag war anders und neu f\u00fcr mich. Es gab immer neue Aufgaben und neue Blickwinkel, die ich annehmen konnte, deswegen war die Arbeit f\u00fcr mich sehr bereichernd auf vielen Ebenen. Und ich habe mich auch einmal herausgefordert gef\u00fchlt, aber auf eine sehr angenehme Weise, wo ich dann meine eigenen Grenzen und Schatten \u00fcberspringen k\u00f6nnte. Genau also ich bin sehr dankbar f\u00fcr die gesamte Zeit im SprachCaf\u00e9, dankbar f\u00fcr alle, die dort mitarbeiten und was mir auch noch wichtig ist zu sagen, ist, dass die Stimmung im Team enorm gut ist, sehr freundschaftlich, sehr famili\u00e4r und sehr offen. Es gab nat\u00fcrlich auch mal Meinungsverschiedenheiten, aber ich finde auch, dass die Bereitschaft da war, dieses auszutragen, dass man sehr herzlich damit umgegangen ist, sehr menschlich, ja&#8230; einfach liebevoll und deswegen an der Stelle einen sehr gro\u00dfen herzlichen Dank an alles gesamte Team! Ja, ich freue mich mal wieder vorbei zu kommen. Ganz liebe Gr\u00fc\u00dfe! Wielkie&nbsp;gratulacje!&nbsp;Dobre wielkie rzeczy zas\u0142uguj\u0105 na to, by wci\u0105\u017c si\u0119 powi\u0119ksza\u0107&nbsp; Pozna\u0142am wielu ciekawych i zaanga\u017cowanych ludzi z r\u00f3\u017cnych kultur. Ale najbardziej imponuj\u0105ce by\u0142o dla mnie to, jak ci wszyscy ludzie z tak ogromn\u0105 rado\u015bci\u0105 i ambicj\u0105 jednocz\u0105 si\u0119 i wsp\u00f3lnie tworz\u0105 wydarzenia lub projekty. SprachCaf\u00e9 Polnisch to miejsce wype\u0142nione pozytywn\u0105 energi\u0105. Ogromne podzi\u0119kowania dla SprachCaf\u00e9 Polnisch e.V. &#8211; Polska Kafejka J\u0119zykowa, szczeg\u00f3lnie pani Agata Koch i panu Dimie, kt\u00f3rzy zapewnili nam fantastyczne warunki spotkania, zar\u00f3wno na \u017cywo, jak i wirtualnie. Obraz i d\u017awi\u0119k na poziomie koncertowym! Dzi\u0119kujemy! Podsumowuj\u0105c, ta pierwsza w moim \u017cyciu praktyka by\u0142a dla mnie bardzo warto\u015bciowa.Pozwoli\u0142a mi zobaczy\u0107 \u015bwiat ze strony organizatorskiej i zainspirowa\u0142a mnie by kontynuowa\u0107prac\u0119 w tej dziedzinie. Dzi\u0119ki pracy w Kafejce nie boj\u0119 si\u0119 ju\u017c wi\u0119kszych projekt\u00f3w i wyzwa\u0144bo wiem, \u017ce je\u017celi poradzi\u0142am sobie w dalekim Berlinie, poradz\u0119 sobie z ka\u017cdym innymwyzwaniem. Ciesz\u0119 si\u0119, \u017ce si\u0119 rozwijacie. Uda\u0142o Ci si\u0119 stworzy\u0107 co\u015b wspania\u0142ego &#8211; przysta\u0144 dla dusz, kultury, przyja\u017ani, tworzenia, dzielenia si\u0119 pasj\u0105. Gratuluj\u0119 z ca\u0142ego serca tego, jak si\u0119 Kafejka rozwija. Regularnie czytam newsletter (zawsze pi\u0119knie napisany, czytanie go to du\u017ca przyjemno\u015b\u0107!), zawsze bardzo si\u0119 ciesz\u0119 ze \u015bwietnej oferty. Sama ostatnio chodz\u0119 na kr\u0105g kobiet dla mam z maluszkami i jest super. Zaj\u0119cia kreatywnego przedszkolaka z Agat\u0105 Przybysz to juz w og\u00f3le klasyka i bardzo ch\u0119tnie przyje\u017cd\u017camy. Tak\u017ce super! Fajnie si\u0119 dzieje\ud83d\ude03Newsletter to serio pere\u0142ka\ud83d\ude03 Juz nieraz s\u0142ysza\u0142am, \u017ce newslettery sa ju\u017c niemodne i nie dzia\u0142aj\u0105, a Wasz jest tego kompletnym zaprzeczeniem\ud83d\ude03\ud83d\ude03 Na praktyki do SprachCaf\u00e9 Polnisch zapisa\u0142am si\u0119 bez wi\u0119kszych oczekiwa\u0144. Zale\u017ca\u0142o mi na po\u0142\u0105czeniu wakacyjnego wyjazdu do Berlina z czym\u015b kreatywnym i ambitnym, co pozwoli\u0142oby mi na rozwijanie swoich umiej\u0119tno\u015bci j\u0119zykowych i spo\u0142ecznych. Ju\u017c od momentu wej\u015bcia do kafejki przywita\u0142o mnie ogromne ciep\u0142o i go\u015bcinno\u015b\u0107. Pi\u0119kne pomieszczenie z wysokimi oknami, rega\u0142y z ksi\u0105\u017ckami i zapach kawy a w tym wszystkim Agata, kt\u00f3ra od pocz\u0105tku otoczy\u0142a mnie opiek\u0105 i zaufaniem. Nawet nie mia\u0142am czasu poczu\u0107 si\u0119 obco czy niekomfortowo w nowym otoczeniu, gdy\u017c ca\u0142a aura tego magicznego miejsca sprawia, \u017ce cz\u0142owiek czuje si\u0119 tam jak w domu. Tak, jakby wraca\u0142 do znanych, rodzinnych stron. Ka\u017cdy dzie\u0144 w kafejce by\u0142 nieco inny i w\u0142a\u015bnie to dawa\u0142o moim praktykom wielowymiarowy charakter, na kt\u00f3rym tak bardzo mi zale\u017ca\u0142o. Zaj\u0119cia j\u0119zykowe \u201eSommer auf Deutsch\u201d, gdzie mia\u0142am mo\u017cliwo\u015b\u0107 po\u0107wiczy\u0107 moje umiej\u0119tno\u015bci j\u0119zykowe, pozna\u0107 nowych ludzi i porozmawia\u0107 z native speakerami, kt\u00f3rych otwarto\u015b\u0107 i wyrozumia\u0142o\u015b\u0107 motywowa\u0142y mnie do swobodnego m\u00f3wienia po niemiecku. Kontakt z go\u015b\u0107mi z ca\u0142ego \u015bwiata, kt\u00f3rym nie tylko podawa\u0142am kaw\u0119, ale tak\u017ce kt\u00f3rych histori\u0119, kultur\u0119 i obyczaje mia\u0142am przyjemno\u015b\u0107 pozna\u0107. Pomoc w organizacji ciekawych warsztat\u00f3w i wydarze\u0144, czy praca przy social mediach i nagrywanie podcast\u00f3w z innymi wolontariuszkami. Wszystkie te zaj\u0119cia, nawet takie jak sprz\u0105tanie kuchni czy wynoszenie \u015bmieci, sprawia\u0142y mi wiele rado\u015bci i satysfakcji, gdy\u017c sama czu\u0142am si\u0119 cz\u0119\u015bci\u0105 SprachCafe. Mia\u0142am wra\u017cenie, \u017ce mimo mojego kr\u00f3tkiego, dwutygodniowego sta\u017cu, zd\u0105\u017cy\u0142am do\u0142\u0105czy\u0107 do wspania\u0142ej spo\u0142eczno\u015bci kreatywnych ludzi, o podobnych warto\u015bciach i pasji do dzielenia si\u0119 z innymi swoj\u0105 kultur\u0105 i j\u0119zykiem. Miejsc takich jak SprachCafe nigdy do\u015b\u0107 i ka\u017cdy, kto odwiedzi ten ma\u0142y lokal przy Schulzestra\u00dfe, zrozumie, co mam na my\u015bli. Dzi\u0119kuj\u0119 i mam nadziej\u0119 do zobaczenia! 30.08.2022 | A.S. &#8230; ten wiecz\u00f3r by\u0142 dla nas wyj\u0105tkowy. Bardzo si\u0119 cieszymy, \u017ce mogli\u015bmy pozna\u0107 tak mi\u0142ych ludzi. Jestesmy pod wra\u017ceniem czaru miejsca, kt\u00f3re Pani wykreowa\u0142a i w kt\u00f3rym dane mi jest wystawia\u0107 moje prace. Nade wszystko dzi\u0119kuj\u0119 za zaproszenie, czarowny czas &#8230; Ja jestem pod wra\u017ceniem wsp\u00f3lnego dzia\u0142ania zaanga\u017cowania wolontariuszy. Dobry i przyjazny zesp\u00f3\u0142.&nbsp; Przede wszystkim chcia\u0142abym (&#8230;) pogratulowa\u0107 ogromnego sukcesu i \u015bwietnego rozwoju Kafejki J\u0119zykowej! Projekt rzeczywi\u015bcie kwitnie i wspaniale wzmacnia pozycj\u0119 polskiego w Berlinie. Szukam kontaktu w\u0142a\u015bnie z takimi instytucjami jak&nbsp;SprachCafe Polnisch, czyli z podmiotem, kt\u00f3ry wspaniale popularyzuje&nbsp;j\u0119zyk polski, w tym kultur\u0119 i tradycj\u0119 polsk\u0105, literatur\u0119, sztuk\u0119, muzyk\u0119. Sprawnie buduje mosty mi\u0119dzy kulturami (narodowymi), j\u0119zykami i pokoleniami. Zostawia pi\u0119kny \u015blad\/\u015bwiadectwo w \u015brodowisku Berli\u0144czyk\u00f3w i Niemc\u00f3w. Ich w\u00fcnsche allen kreativen K\u00f6pfen hinter der Initiative weiterhin viel Erfolg mit diesem tollen Projekt und noch viele weitere Jubil\u00e4en. Bardzo si\u0119 ciesz\u0119 z powodu minionego weekendu. To by\u0142 dla mnie bardzo wa\u017cny czas. Atmosfera imprezy sprzyja\u0142a wymianie pogl\u0105d\u00f3w, rozmowom, ale te\u017c ta\u0144com, co by\u0142o przyjemnym zaskoczeniem! Nie zapomn\u0119 te\u017c o smakowitych dodatkach. Bardzo podoba mi si\u0119 otwarta przestrze\u0144 kafejki &#8211; ku ulicy, ku miastu. Metaforycznie, jak i fizycznie \ud83d\ude42 Es ist einfach toll zu sehen, wie unsere (und andere) F\u00f6rderungen dazu beitragen, dass Einrichtungen wie Ihre diese super Arbeit und spannende Angebote machen k\u00f6nnen. Mam na imi\u0119 I. i zarz\u0105dzam instytucj\u0105 kultury w W.. Obecnie przygotowuj\u0119 si\u0119 do wystartowania w konkursie na dyrektork\u0119 nowego domu Kultury. Chcia\u0142abym odwiedzi\u0107 Was i chwilk\u0119 z kim\u015b porozmawia\u0107 o Waszym dzia\u0142aniu, relacjach z publiczno\u015bci\u0105, Waszych odbiorcach i strategii dzia\u0142ania. Szukam inspiracji. Czy jest szansa aby jaki\u015b um\u00f3wi\u0107 si\u0119 na kr\u00f3tkie spotkanie w tej sprawie? B\u0119d\u0119 bardzo wdzi\u0119czna!!! 19.04.2022 | I. Jeszcze raz dzi\u0119kuj\u0119 za urocze spotkanie w tak sympatycznym towarzystwie. Od dawna nie mia\u0142am ju\u017c tyle mi\u0142ych prze\u017cy\u0107. Doczeka\u0142am si\u0119, g\u0142\u00f3wnie dzie\u0119ki Tobie A.. Stworzy\u0142a\u015b i nadal wspaniale prowadzisz t\u0119 Caf\u00e9. \u017bycz\u0119 powodzenia! 18,.06.2022 | D.M. Der Kalender ist eine sehr sch\u00f6ne Idee! Ich bin sehr gl\u00fccklich, das SprachCaf\u00e9 (&#8230;) kennengelernt zu haben, es ist wirklich ein toller Ort und das Miteinander ist so herzlich und auch f\u00fcr die Gelegenheit bei den Oder-Seiten war ich sehr dankbar. 01.02.2022 | R.F. &#8230;es war mir ein Vergn\u00fcgen, euch gestern pers\u00f6nlich kennenzulernen, ebenso wie das SprachCaf\u00e9 Polnisch, und nat\u00fcrlich, euch bei dieser wunderbaren Initiative zu unterst\u00fctzen, die Ihr den ukrainischen Fl\u00fcchtlingsfamilien vorschlagt. &nbsp;Ich freue mich, dass ich euch als Person, Psychologin und Nachbarin der Gegend bei dieser sch\u00f6nen Initiative unterst\u00fctzen und begleiten kann. 04.04.2022 | DG Bei der Wahl des Referatsthemas hast du dich schnell f\u00fcr das Thema \u201eInterkulturelle Projektarbeit in Berlin\u201c entschieden und dich in deiner Gruppe auf das \u201eSprach Caf\u00e9 Polnisch\u201c fokussiert. Du warst fasziniert das aus der simplen Idee, die Muttersprache von Kindern hinzubringen, damit sich die Kinder der Gruppe mehr zugeordnet und integriert f\u00fchlen, sich ein so gro\u00dfartiger Verein entwickelte. Er setzt sich f\u00fcr die F\u00f6rderung und Sensibilisierung von Mehrsprachigkeit ein und hat mit MaMis en Movimiento e.V. das Projekt \u201eGelebte Mehrsprachigkeit\u201c gegr\u00fcndet, was auf die Weiterbildung in den Bereichen interkulturelle Kompetenz sowie Mehrsprachigkeit und mehrsprachige Fr\u00fcherziehung abzielt. Ihre Arbeit ist in deinen Augen eine gro\u00dfe Investition in ein zukunftsoffenes Berlin f\u00fcr beste Bildungschancen und f\u00fcr mehr Teilhabe. Denn die Muttersprache ist eine besondere F\u00e4higkeit jedes Kindes und Erwachsenen und hat einen Mehrwert f\u00fcr die Gesellschaft. Au\u00dferdem ist die Anerkennung und F\u00f6rderung der Herkunftssprache ein willkommen hei\u00dfen von Diversit\u00e4t und Offenheit f\u00fcr andere Kulturen und ein wichtiger Schritt zur Identit\u00e4tsfindung und Integration. Du hoffst das die Politik diesen Mehrwert irgendwann versteht und aus finanzierten Projekten bald kontinuierliche und strukturierte Hilfen entstehen. 10.02.2022 | L.L. Ich habe letzten Freitag den Kalender und Beutel bekommen &#8211; vielen Dank daf\u00fcr, ich habe mich sehr dar\u00fcber gefreut und der Kalender ist eine sehr sch\u00f6ne Idee! Ich bin sehr gl\u00fccklich, das Sprachcaf\u00e9 kennengelernt zu haben, es ist wirklich ein toller Ort und das Miteinander ist so herzlich und auch f\u00fcr die Gelegenheit bei den Oder-Seiten war ich sehr dankbar. 02.02.2022 | R.F. Ciesz\u0119 si\u0119 z tak mi\u0142ych komentarzy. Ci\u0119\u017cko ocenia\u0107 mi swoje prace, mog\u0119 tylko napisa\u0107, \u017ce zawsze si\u0119 staram realizowa\u0107 projekty najlepiej jak potrafi\u0119 w danej chwili. Z kalendarza tryska pozytywna energia i to jest jego najwi\u0119ksza warto\u015b\u0107 \ud83d\ude42&nbsp; Das vierw\u00f6chige Praktikum, das ich im SprachCaf\u00e9 Polnisch gemacht&#8230;<\/p>\n","protected":false},"author":1,"featured_media":0,"parent":131,"menu_order":12,"comment_status":"closed","ping_status":"closed","template":"","meta":{"jetpack_post_was_ever_published":false,"footnotes":""},"class_list":["post-413","page","type-page","status-publish","hentry"],"acf":[],"jetpack-related-posts":[],"jetpack_sharing_enabled":true,"_links":{"self":[{"href":"https:\/\/sprachcafe-polnisch.org\/pl\/wp-json\/wp\/v2\/pages\/413","targetHints":{"allow":["GET"]}}],"collection":[{"href":"https:\/\/sprachcafe-polnisch.org\/pl\/wp-json\/wp\/v2\/pages"}],"about":[{"href":"https:\/\/sprachcafe-polnisch.org\/pl\/wp-json\/wp\/v2\/types\/page"}],"author":[{"embeddable":true,"href":"https:\/\/sprachcafe-polnisch.org\/pl\/wp-json\/wp\/v2\/users\/1"}],"replies":[{"embeddable":true,"href":"https:\/\/sprachcafe-polnisch.org\/pl\/wp-json\/wp\/v2\/comments?post=413"}],"version-history":[{"count":5,"href":"https:\/\/sprachcafe-polnisch.org\/pl\/wp-json\/wp\/v2\/pages\/413\/revisions"}],"predecessor-version":[{"id":8854,"href":"https:\/\/sprachcafe-polnisch.org\/pl\/wp-json\/wp\/v2\/pages\/413\/revisions\/8854"}],"up":[{"embeddable":true,"href":"https:\/\/sprachcafe-polnisch.org\/pl\/wp-json\/wp\/v2\/pages\/131"}],"wp:attachment":[{"href":"https:\/\/sprachcafe-polnisch.org\/pl\/wp-json\/wp\/v2\/media?parent=413"}],"curies":[{"name":"wp","href":"https:\/\/api.w.org\/{rel}","templated":true}]}}