{"id":259,"date":"2021-01-03T17:13:37","date_gmt":"2021-01-03T16:13:37","guid":{"rendered":"https:\/\/sprachcafe-polnisch.org\/?page_id=259"},"modified":"2024-10-02T12:27:29","modified_gmt":"2024-10-02T10:27:29","slug":"sklepik","status":"publish","type":"page","link":"https:\/\/sprachcafe-polnisch.org\/pl\/o-nas\/sklepik\/","title":{"rendered":"Sklepik"},"content":{"rendered":"\n<div class=\"wp-block-columns is-layout-flex wp-container-core-columns-is-layout-9d6595d7 wp-block-columns-is-layout-flex\">\n<div class=\"wp-block-column is-layout-flow wp-block-column-is-layout-flow\">\n<figure class=\"wp-block-image size-large\"><img data-recalc-dims=\"1\" loading=\"lazy\" decoding=\"async\" width=\"768\" height=\"1024\" src=\"https:\/\/i0.wp.com\/sprachcafe-polnisch.org\/wp-content\/uploads\/2024\/06\/428924122_865846825551821_6058104305490914536_n-3-768x1024.webp?resize=768%2C1024&#038;ssl=1\" alt=\"\" class=\"wp-image-15048\" srcset=\"https:\/\/i0.wp.com\/sprachcafe-polnisch.org\/wp-content\/uploads\/2024\/06\/428924122_865846825551821_6058104305490914536_n-3-jpg.webp?resize=768%2C1024&amp;ssl=1 768w, https:\/\/i0.wp.com\/sprachcafe-polnisch.org\/wp-content\/uploads\/2024\/06\/428924122_865846825551821_6058104305490914536_n-3-jpg.webp?resize=225%2C300&amp;ssl=1 225w, https:\/\/i0.wp.com\/sprachcafe-polnisch.org\/wp-content\/uploads\/2024\/06\/428924122_865846825551821_6058104305490914536_n-3-jpg.webp?resize=1152%2C1536&amp;ssl=1 1152w, https:\/\/i0.wp.com\/sprachcafe-polnisch.org\/wp-content\/uploads\/2024\/06\/428924122_865846825551821_6058104305490914536_n-3-jpg.webp?resize=1160%2C1547&amp;ssl=1 1160w, https:\/\/i0.wp.com\/sprachcafe-polnisch.org\/wp-content\/uploads\/2024\/06\/428924122_865846825551821_6058104305490914536_n-3-jpg.webp?w=1536&amp;ssl=1 1536w\" sizes=\"auto, (max-width: 768px) 100vw, 768px\" \/><\/figure>\n<\/div>\n\n\n\n<div class=\"wp-block-column is-layout-flow wp-block-column-is-layout-flow\">\n<p class=\"has-vivid-red-color has-text-color has-link-color has-large-font-size wp-elements-baa168dae5a69995edaab85fbfeedd99\"><strong>Speak-Dating-Karty<\/strong><\/p>\n<\/div>\n<\/div>\n\n\n\n<hr class=\"wp-block-separator has-alpha-channel-opacity\"\/>\n\n\n\n<div class=\"wp-block-columns is-layout-flex wp-container-core-columns-is-layout-9d6595d7 wp-block-columns-is-layout-flex\">\n<div class=\"wp-block-column is-layout-flow wp-block-column-is-layout-flow\">\n<div class=\"wp-block-columns is-layout-flex wp-container-core-columns-is-layout-9d6595d7 wp-block-columns-is-layout-flex\">\n<div class=\"wp-block-column is-layout-flow wp-block-column-is-layout-flow\"><\/div>\n\n\n\n<div class=\"wp-block-column is-layout-flow wp-block-column-is-layout-flow\"><\/div>\n\n\n\n<div class=\"wp-block-column is-layout-flow wp-block-column-is-layout-flow\"><\/div>\n<\/div>\n\n\n\n<p class=\"has-vivid-red-color has-text-color has-link-color has-large-font-size wp-elements-443a9db22fec86f08b7106d4d665a813\"><strong>SprachCafe-T-Shirts<\/strong><\/p>\n\n\n\n<p><strong>Kafejkowe koszulki&nbsp;<\/strong>w rozmiarach dla doros\u0142ych &#8211;&nbsp;<strong>XS<\/strong>,&nbsp;<strong>S, M, L&nbsp;<\/strong>oraz&nbsp;<strong>XL<br>w kolorze czarnym<\/strong>,&nbsp;<strong>bia\u0142ym<\/strong>&nbsp;i&nbsp;<strong>b\u0142\u0119kitnym<\/strong>&nbsp;z nadrukiem.&nbsp;<\/p>\n\n\n\n<p><strong>Koszulki dla Dzieci&nbsp;<\/strong>s\u0105&nbsp;<strong>bia\u0142e&nbsp;<\/strong>z<strong>&nbsp;nadrukiem czerwonym&nbsp;<\/strong>lub&nbsp;<strong>niebieskim<\/strong>&nbsp;&#8211; w rozmiarach&nbsp;104 i 140.<br><br>Wykonane s\u0105 ze&nbsp;<strong>100% bawe\u0142ny wysokiej jako\u015bci,<\/strong>&nbsp;przyjemnej w dotyku. Fantastycznie sprawdz\u0105 si\u0119 podczas nawet najbardziej upalnych dni.&nbsp;\ud83c\udf1e<\/p>\n\n\n\n<p>Ilo\u015b\u0107 sztuk jest limitowana.&nbsp;Nie zwlekajcie i do\u0142\u0105czcie do grona Fan\u00f3w i Fanek Kafejki ju\u017c teraz!&nbsp;<\/p>\n\n\n\n<p>Koszulki mo\u017cecie kupi\u0107&nbsp;<strong>w Kafejce na Pankow<\/strong>&nbsp;w&nbsp;<a href=\"https:\/\/sprachcafe-polnisch.org\/pl\/\" target=\"_blank\" rel=\"noreferrer noopener\">godzinach jej otwarcia<\/a>&nbsp;&#8211; Schulzestr&nbsp;1, 13187 Berlin oraz przy Gotenstr. 25, 10829 Berlin w czasie wydarze\u0144 oraz w poniedzia\u0142ki 8:00-14:00.&nbsp;<\/p>\n\n\n\n<p>Sugerowana cena koszulek dla doros\u00f6ych to&nbsp;<strong>15,-\u20ac,&nbsp;<\/strong>dla dzieci&nbsp;<strong>12,-\u20ac<\/strong>.<br>Zach\u0119camy jednak to dobrowolnego zwi\u0119kszenia tej kwoty, tak aby wesprze\u0107 przysz\u0142e dzia\u0142ania Kafejki.&nbsp;<br><br><strong>Przybywajcie!&nbsp;Dzi\u0119kujemy, Drodzy, za Wasze wsparcie \ud83e\ude77&nbsp; &nbsp;<\/strong><\/p>\n<\/div>\n\n\n\n<div class=\"wp-block-column is-layout-flow wp-block-column-is-layout-flow\">\n<figure class=\"wp-block-image size-large\"><img data-recalc-dims=\"1\" loading=\"lazy\" decoding=\"async\" width=\"576\" height=\"1024\" src=\"https:\/\/i0.wp.com\/sprachcafe-polnisch.org\/wp-content\/uploads\/2024\/10\/29ce6601-da41-aab1-881f-2d4ac049c95c-576x1024.webp?resize=576%2C1024&#038;ssl=1\" alt=\"\" class=\"wp-image-15807\" srcset=\"https:\/\/i0.wp.com\/sprachcafe-polnisch.org\/wp-content\/uploads\/2024\/10\/29ce6601-da41-aab1-881f-2d4ac049c95c-jpg.webp?resize=576%2C1024&amp;ssl=1 576w, https:\/\/i0.wp.com\/sprachcafe-polnisch.org\/wp-content\/uploads\/2024\/10\/29ce6601-da41-aab1-881f-2d4ac049c95c-jpg.webp?resize=169%2C300&amp;ssl=1 169w, https:\/\/i0.wp.com\/sprachcafe-polnisch.org\/wp-content\/uploads\/2024\/10\/29ce6601-da41-aab1-881f-2d4ac049c95c-jpg.webp?resize=768%2C1365&amp;ssl=1 768w, https:\/\/i0.wp.com\/sprachcafe-polnisch.org\/wp-content\/uploads\/2024\/10\/29ce6601-da41-aab1-881f-2d4ac049c95c-jpg.webp?resize=864%2C1536&amp;ssl=1 864w, https:\/\/i0.wp.com\/sprachcafe-polnisch.org\/wp-content\/uploads\/2024\/10\/29ce6601-da41-aab1-881f-2d4ac049c95c-jpg.webp?w=1080&amp;ssl=1 1080w\" sizes=\"auto, (max-width: 576px) 100vw, 576px\" \/><\/figure>\n\n\n\n<figure class=\"wp-block-image size-large\"><img data-recalc-dims=\"1\" loading=\"lazy\" decoding=\"async\" width=\"576\" height=\"1024\" src=\"https:\/\/i0.wp.com\/sprachcafe-polnisch.org\/wp-content\/uploads\/2024\/10\/65e6eccb-de64-030a-f2db-144b268590a7-576x1024.webp?resize=576%2C1024&#038;ssl=1\" alt=\"\" class=\"wp-image-15810\" srcset=\"https:\/\/i0.wp.com\/sprachcafe-polnisch.org\/wp-content\/uploads\/2024\/10\/65e6eccb-de64-030a-f2db-144b268590a7-jpg.webp?resize=576%2C1024&amp;ssl=1 576w, https:\/\/i0.wp.com\/sprachcafe-polnisch.org\/wp-content\/uploads\/2024\/10\/65e6eccb-de64-030a-f2db-144b268590a7-jpg.webp?resize=169%2C300&amp;ssl=1 169w, https:\/\/i0.wp.com\/sprachcafe-polnisch.org\/wp-content\/uploads\/2024\/10\/65e6eccb-de64-030a-f2db-144b268590a7-jpg.webp?resize=768%2C1365&amp;ssl=1 768w, https:\/\/i0.wp.com\/sprachcafe-polnisch.org\/wp-content\/uploads\/2024\/10\/65e6eccb-de64-030a-f2db-144b268590a7-jpg.webp?resize=864%2C1536&amp;ssl=1 864w, https:\/\/i0.wp.com\/sprachcafe-polnisch.org\/wp-content\/uploads\/2024\/10\/65e6eccb-de64-030a-f2db-144b268590a7-jpg.webp?w=1080&amp;ssl=1 1080w\" sizes=\"auto, (max-width: 576px) 100vw, 576px\" \/><\/figure>\n<\/div>\n<\/div>\n\n\n\n<div class=\"wp-block-columns is-layout-flex wp-container-core-columns-is-layout-9d6595d7 wp-block-columns-is-layout-flex\">\n<div class=\"wp-block-column is-layout-flow wp-block-column-is-layout-flow\"><\/div>\n\n\n\n<div class=\"wp-block-column is-layout-flow wp-block-column-is-layout-flow\"><\/div>\n<\/div>\n\n\n\n<hr class=\"wp-block-separator has-alpha-channel-opacity\"\/>\n\n\n\n<div class=\"wp-block-columns is-layout-flex wp-container-core-columns-is-layout-9d6595d7 wp-block-columns-is-layout-flex\">\n<div class=\"wp-block-column is-layout-flow wp-block-column-is-layout-flow\">\n<figure class=\"wp-block-image size-large\"><img data-recalc-dims=\"1\" height=\"640\" width=\"960\" decoding=\"async\" src=\"https:\/\/i0.wp.com\/sprachcafe-polnisch.org\/wp-content\/uploads\/2021\/01\/ueber-uns-kleiner-laden.jpg?resize=960%2C640&#038;ssl=1\" alt=\"\" class=\"wp-image-72\"\/><\/figure>\n<\/div>\n\n\n\n<div class=\"wp-block-column is-layout-flow wp-block-column-is-layout-flow\">\n<h2 class=\"wp-block-heading has-vivid-red-color has-text-color has-link-color has-large-font-size wp-elements-b2f726311702f8af99de7a3ac8aed138\"><strong>Sklepik z r\u0119kodzie\u0142em<\/strong><\/h2>\n\n\n\n<p>Nasz ma\u0142y sklepik oferuje <strong>oryginalne skarby r\u0119kodzielnicze<\/strong> na r\u00f3\u017cne okazje. <\/p>\n\n\n\n<p>Warto tu zajrze\u0107 i poszpera\u0107!<\/p>\n<\/div>\n<\/div>\n\n\n\n<div style=\"height:50px\" aria-hidden=\"true\" class=\"wp-block-spacer\"><\/div>\n\n\n\n<div class=\"wp-block-columns is-layout-flex wp-container-core-columns-is-layout-9d6595d7 wp-block-columns-is-layout-flex\">\n<div class=\"wp-block-column is-layout-flow wp-block-column-is-layout-flow\">\n<h2 class=\"wp-block-heading has-vivid-red-color has-text-color has-link-color has-large-font-size wp-elements-5713a42d5c86186fbc87bf66e1020bae\">Sklepik z ksi\u0105\u017ckami<\/h2>\n\n\n\n<p>W Polskiej Kafejce J\u0119zykowej mo\u017cesz nie tylko wypo\u017cyczy\u0107, ale r\u00f3wnie\u017c kupi\u0107 <strong>polskoj\u0119zyczne ksi\u0105\u017cki<\/strong>, <strong>niemieckoj\u0119zyczne ksi\u0105\u017cki polskich autor\u00f3w i autorek<\/strong> oraz <strong>ksi\u0105\u017cki o Polsce i polskiej kulturze<\/strong>.<\/p>\n\n\n\n<p>Mamy r\u00f3wnie\u017c mn\u00f3stwo <strong>polskoj\u0119zycznych ksi\u0105\u017cek dla dzieci<\/strong>!<\/p>\n<\/div>\n\n\n\n<div class=\"wp-block-column is-layout-flow wp-block-column-is-layout-flow\">\n<figure class=\"wp-block-image size-large\"><img data-recalc-dims=\"1\" loading=\"lazy\" decoding=\"async\" width=\"960\" height=\"640\" src=\"https:\/\/i0.wp.com\/sprachcafe-polnisch.org\/wp-content\/uploads\/2021\/01\/ueber-uns-kleiner-buchladen.jpg?resize=960%2C640&#038;ssl=1\" alt=\"\" class=\"wp-image-70\" srcset=\"https:\/\/i0.wp.com\/sprachcafe-polnisch.org\/wp-content\/uploads\/2021\/01\/ueber-uns-kleiner-buchladen.jpg?resize=1024%2C683&amp;ssl=1 1024w, https:\/\/i0.wp.com\/sprachcafe-polnisch.org\/wp-content\/uploads\/2021\/01\/ueber-uns-kleiner-buchladen.jpg?resize=300%2C200&amp;ssl=1 300w, https:\/\/i0.wp.com\/sprachcafe-polnisch.org\/wp-content\/uploads\/2021\/01\/ueber-uns-kleiner-buchladen.jpg?resize=768%2C512&amp;ssl=1 768w, https:\/\/i0.wp.com\/sprachcafe-polnisch.org\/wp-content\/uploads\/2021\/01\/ueber-uns-kleiner-buchladen.jpg?resize=1160%2C773&amp;ssl=1 1160w, https:\/\/i0.wp.com\/sprachcafe-polnisch.org\/wp-content\/uploads\/2021\/01\/ueber-uns-kleiner-buchladen.jpg?w=1200&amp;ssl=1 1200w\" sizes=\"auto, (max-width: 960px) 100vw, 960px\" \/><\/figure>\n<\/div>\n<\/div>\n","protected":false},"excerpt":{"rendered":"<p>Speak-Dating-Karty SprachCafe-T-Shirts Kafejkowe koszulki&nbsp;w rozmiarach dla doros\u0142ych &#8211;&nbsp;XS,&nbsp;S, M, L&nbsp;oraz&nbsp;XLw kolorze czarnym,&nbsp;bia\u0142ym&nbsp;i&nbsp;b\u0142\u0119kitnym&nbsp;z nadrukiem.&nbsp; Koszulki dla Dzieci&nbsp;s\u0105&nbsp;bia\u0142e&nbsp;z&nbsp;nadrukiem czerwonym&nbsp;lub&nbsp;niebieskim&nbsp;&#8211; w rozmiarach&nbsp;104 i 140. Wykonane s\u0105 ze&nbsp;100% bawe\u0142ny wysokiej jako\u015bci,&nbsp;przyjemnej w dotyku. Fantastycznie sprawdz\u0105 si\u0119 podczas nawet najbardziej upalnych dni.&nbsp;\ud83c\udf1e Ilo\u015b\u0107 sztuk jest limitowana.&nbsp;Nie zwlekajcie i do\u0142\u0105czcie do grona Fan\u00f3w i Fanek Kafejki ju\u017c teraz!&nbsp; Koszulki mo\u017cecie kupi\u0107&nbsp;w Kafejce na Pankow&nbsp;w&nbsp;godzinach jej otwarcia&nbsp;&#8211; Schulzestr&nbsp;1, 13187 Berlin oraz przy Gotenstr. 25, 10829 Berlin w czasie wydarze\u0144 oraz w poniedzia\u0142ki 8:00-14:00.&nbsp; Sugerowana cena koszulek dla doros\u00f6ych to&nbsp;15,-\u20ac,&nbsp;dla dzieci&nbsp;12,-\u20ac.Zach\u0119camy jednak to dobrowolnego zwi\u0119kszenia tej kwoty, tak aby wesprze\u0107 przysz\u0142e dzia\u0142ania Kafejki.&nbsp; Przybywajcie!&nbsp;Dzi\u0119kujemy, Drodzy, za Wasze wsparcie \ud83e\ude77&nbsp; &nbsp; Sklepik z r\u0119kodzie\u0142em Nasz ma\u0142y sklepik oferuje oryginalne skarby r\u0119kodzielnicze na r\u00f3\u017cne okazje. Warto tu zajrze\u0107 i poszpera\u0107! Sklepik z ksi\u0105\u017ckami W Polskiej Kafejce J\u0119zykowej mo\u017cesz nie tylko wypo\u017cyczy\u0107, ale r\u00f3wnie\u017c kupi\u0107 polskoj\u0119zyczne ksi\u0105\u017cki, niemieckoj\u0119zyczne ksi\u0105\u017cki polskich autor\u00f3w i autorek oraz ksi\u0105\u017cki o Polsce i polskiej kulturze. Mamy r\u00f3wnie\u017c mn\u00f3stwo polskoj\u0119zycznych ksi\u0105\u017cek dla dzieci!<\/p>\n","protected":false},"author":1,"featured_media":0,"parent":131,"menu_order":2,"comment_status":"closed","ping_status":"closed","template":"","meta":{"jetpack_post_was_ever_published":false,"footnotes":""},"class_list":["post-259","page","type-page","status-publish","hentry"],"acf":[],"jetpack-related-posts":[],"jetpack_sharing_enabled":true,"_links":{"self":[{"href":"https:\/\/sprachcafe-polnisch.org\/pl\/wp-json\/wp\/v2\/pages\/259","targetHints":{"allow":["GET"]}}],"collection":[{"href":"https:\/\/sprachcafe-polnisch.org\/pl\/wp-json\/wp\/v2\/pages"}],"about":[{"href":"https:\/\/sprachcafe-polnisch.org\/pl\/wp-json\/wp\/v2\/types\/page"}],"author":[{"embeddable":true,"href":"https:\/\/sprachcafe-polnisch.org\/pl\/wp-json\/wp\/v2\/users\/1"}],"replies":[{"embeddable":true,"href":"https:\/\/sprachcafe-polnisch.org\/pl\/wp-json\/wp\/v2\/comments?post=259"}],"version-history":[{"count":2,"href":"https:\/\/sprachcafe-polnisch.org\/pl\/wp-json\/wp\/v2\/pages\/259\/revisions"}],"predecessor-version":[{"id":15832,"href":"https:\/\/sprachcafe-polnisch.org\/pl\/wp-json\/wp\/v2\/pages\/259\/revisions\/15832"}],"up":[{"embeddable":true,"href":"https:\/\/sprachcafe-polnisch.org\/pl\/wp-json\/wp\/v2\/pages\/131"}],"wp:attachment":[{"href":"https:\/\/sprachcafe-polnisch.org\/pl\/wp-json\/wp\/v2\/media?parent=259"}],"curies":[{"name":"wp","href":"https:\/\/api.w.org\/{rel}","templated":true}]}}