{"id":23621,"date":"2026-03-16T11:00:10","date_gmt":"2026-03-16T10:00:10","guid":{"rendered":"https:\/\/sprachcafe-polnisch.org\/o-nas\/frequently-asked-questions\/"},"modified":"2026-03-27T11:18:13","modified_gmt":"2026-03-27T10:18:13","slug":"frequently-asked-questions","status":"publish","type":"page","link":"https:\/\/sprachcafe-polnisch.org\/pl\/o-nas\/frequently-asked-questions\/","title":{"rendered":"Najcz\u0119\u015bciej Zadawane Pytania"},"content":{"rendered":"\n<p>Tutaj znajdziesz odpowiedzi na najcz\u0119\u015bciej zadawane pytania dotycz\u0105ce SprachCaf\u00e9 Polnisch, planowania wizyty, udzia\u0142u w wydarzeniach oraz wspierania naszej dzia\u0142alno\u015bci.<\/p>\n\n<p>Je\u015bli nie znalaz\u0142e\u015b tego, czego szukasz, prze\u015blij swoje zapytanie do naszego zespo\u0142u, korzystaj\u0105c z formularza na dole strony.<\/p>\n\n<div style=\"height:25px\" aria-hidden=\"true\" class=\"wp-block-spacer\"><\/div>\n\n<style>\r\n\/* Main Accordion Styles *\/\r\n.main-accordion {\r\n  border-bottom: 1px solid #ddd;\r\n  margin-bottom: 1em;\r\n  border-radius: 6px;\r\n  overflow: hidden;\r\n}\r\n.main-accordion input[type=\"checkbox\"] {\r\n  display: none;\r\n}\r\n.main-label {\r\n  display: block;\r\n  font-weight: 700;\r\n  cursor: pointer;\r\n  padding: 1em;\r\n  background-color: #f2f2f2;\r\n  transition: background 0.3s;\r\n}\r\n.main-label:hover {\r\n  background-color: #e0e0e0;\r\n}\r\n\r\n\/* Subsections always visible *\/\r\n.sub-accordion {\r\n  margin-left: 1em;\r\n  border-top: 1px solid #eee;\r\n}\r\n.sub-label {\r\n  display: block;\r\n  font-weight: 600;\r\n  cursor: pointer;\r\n  padding: 0.8em;\r\n  background-color: #fafafa;\r\n  border-left: 3px solid #ccc;\r\n  border-radius: 4px;\r\n  margin-bottom: 3px;\r\n}\r\n.sub-label:hover {\r\n  background-color: #f0f0f0;\r\n}\r\n\r\n\/* Hidden Answers *\/\r\ninput[type=\"checkbox\"].sub-toggle {\r\n  display: none;\r\n}\r\n.sub-content {\r\n  max-height: 0;\r\n  overflow: hidden;\r\n  transition: max-height 0.3s ease, padding 0.3s ease;\r\n  padding-left: 1em;\r\n}\r\ninput.sub-toggle:checked ~ .sub-content {\r\n  max-height: 300px; \/* adjust for longer answers *\/\r\n  padding: 0.5em 1em 1em 1em;\r\n  background-color: #fff;\r\n  border-left: 3px solid #ccc;\r\n  border-radius: 4px;\r\n}\r\n<\/style>\r\n\r\n<div class=\"main-accordion\">\r\n  <label class=\"main-label\">Wizyta w kawiarni  \u2615<\/label>\r\n\r\n  <div class=\"sub-accordion\">\r\n    <input type=\"checkbox\" id=\"sub1\" class=\"sub-toggle\"\/>\r\n    <label class=\"sub-label\" for=\"sub1\">Kiedy do Kafejki?<\/label>\r\n    <div class=\"sub-content\">\r\n      <p> Oto godziny otwarcia poszczeg\u00f3lnych <a href=\"https:\/\/sprachcafe-polnisch.org\/pl\/#Nasze\"> lokalizacji SprachCaf\u00e9 Polnisch.<\/a><\/p>\r\n    <\/div>\r\n  <\/div>\r\n\r\n  <div class=\"sub-accordion\">\r\n    <input type=\"checkbox\" id=\"sub2\" class=\"sub-toggle\"\/>\r\n    <label class=\"sub-label\" for=\"sub2\">Gdzie znajd\u0119 w Berlinie Kafejk\u0119?<\/label>\r\n    <div class=\"sub-content\">\r\n      <p>Oto adresy wszystkich naszych <a href=\"https:\/\/sprachcafe-polnisch.org\/pl\/#Nasze\"> lokalizacji SprachCaf\u00e9 Polnisch. <\/a><\/p>\r\n<\/div>\r\n<\/div>\r\n\r\n <div class=\"sub-accordion\">\r\n    <input type=\"checkbox\" id=\"sub3\" class=\"sub-toggle\"\/>\r\n    <label class=\"sub-label\" for=\"sub3\">Kto mo\u017ce przyj\u015b\u0107 do Kafejki? Czy wymagana jest znajomo\u015b\u0107 j\u0119zyka polskiego?<\/label>\r\n    <div class=\"sub-content\">\r\n      <p> SprachCaf\u00e9 Polnisch jest otwarte dla wszystkich: os\u00f3b indywidualnych, rodzin i przyjaci\u00f3\u0142 z r\u00f3\u017cnych \u015brodowisk.<\/p>\r\n\r\nChocia\u017c wiele naszych wydarze\u0144 odbywa si\u0119 w j\u0119zyku polskim, nie musisz zna\u0107 tego j\u0119zyka, aby nas odwiedzi\u0107. Oferujemy r\u00f3wnie\u017c wydarzenia w innych j\u0119zykach, g\u0142\u00f3wnie niemieckim i angielskim. Serdecznie zapraszamy wszystkich zainteresowanych wymian\u0105 kulturow\u0105, nawi\u0105zywaniem kontakt\u00f3w spo\u0142ecznych lub po prostu cieszeniem si\u0119 przyjazn\u0105 atmosfer\u0105.\u2764\ufe0f\r\n  <\/div>\r\n<\/div>\r\n\r\n <div class=\"sub-accordion\">\r\n    <input type=\"checkbox\" id=\"sub4\" class=\"sub-toggle\"\/>\r\n    <label class=\"sub-label\" for=\"sub4\">Czy Kafejka dost\u0119pna jest dla w\u00f3zk\u00f3w dla dzieci oraz dla os\u00f3b niepe\u0142nosprawnych?<\/label>\r\n    <div class=\"sub-content\">\r\n      <p> Obecnie, niestety, \u017cadna z naszych lokalizacji nie jest w pe\u0142ni dost\u0119pna dla os\u00f3b poruszaj\u0105cych si\u0119 na w\u00f3zkach inwalidzkich lub z w\u00f3zkami dzieci\u0119cymi ze wzgl\u0119du na ograniczenia konstrukcyjne budynk\u00f3w.<\/p>\r\n\r\n<p>Rozumiemy, jak wa\u017cna jest dost\u0119pno\u015b\u0107 i przepraszamy za wszelkie niedogodno\u015bci, jakie mo\u017ce to spowodowa\u0107. Je\u015bli masz konkretne pytania dotycz\u0105ce dost\u0119pno\u015bci w danej lokalizacji, skontaktuj si\u0119 z nami \u2014 zawsze do\u0142o\u017cymy wszelkich stara\u0144, aby udzieli\u0107 szczeg\u00f3\u0142owych informacji i rozwa\u017cy\u0107 mo\u017cliwe alternatywy.\r\n  <\/p><\/div>\r\n<\/div>\r\n\r\n <div class=\"sub-accordion\">\r\n    <input type=\"checkbox\" id=\"sub5\" class=\"sub-toggle\"\/>\r\n    <label class=\"sub-label\" for=\"sub5\">Czy mo\u017cna dosta\u0107 tu co\u015b do jedzenia i do picia?<\/label>\r\n    <div class=\"sub-content\">\r\n      <p>Oferujemy wyb\u00f3r gor\u0105cych napoj\u00f3w, napoj\u00f3w bezalkoholowych oraz polskich wyrob\u00f3w cukierniczych.<\/p>\r\n  <\/div>\r\n<\/div>\r\n\r\n<\/div>\r\n\r\n<div class=\"main-accordion\">\r\n  <label class=\"main-label\">Wydarzenia  \ud83d\uddd3\ufe0f<\/label>\r\n\r\n  <div class=\"sub-accordion\">\r\n    <input type=\"checkbox\" id=\"sub6\" class=\"sub-toggle\"\/>\r\n    <label class=\"sub-label\" for=\"sub6\">Gdzie znajd\u0119 informacje o nadchodz\u0105cych wydarzeniach?<\/label>\r\n    <div class=\"sub-content\">\r\n      <p><a href=\"https:\/\/sprachcafe-polnisch.org\/pl\/wydarzenia\/\">Zobacz kalendarz wydarze\u0144 dla doros\u0142ych.<\/a><\/p>\r\n\r\n      <p><a href=\"https:\/\/sprachcafe-polnisch.org\/pl\/kafejka-dla-dzieci\/\">Zobacz kalendarz wydarze\u0144 dla dzieci.<\/a><\/p>\r\n\r\n<p>Informacje o wydarzeniach publikujemy r\u00f3wnie\u017c w naszym biuletynie i mediach spo\u0142eczno\u015bciowych, dzi\u0119ki czemu nigdy nie przegapisz tego, co dzieje si\u0119 w kawiarni!<\/p>\r\n    <\/div>\r\n  <\/div>\r\n\r\n  <div class=\"sub-accordion\">\r\n    <input type=\"checkbox\" id=\"sub7\" class=\"sub-toggle\"\/>\r\n    <label class=\"sub-label\" for=\"sub7\">Czy mog\u0119 zaproponowa\u0107 Kafejce wydarzenie i je sam\/a zorganizowa\u0107?<\/label>\r\n    <div class=\"sub-content\">\r\n      <p>Jako inicjatywa spo\u0142eczna, z rado\u015bci\u0105 przyjmujemy pomys\u0142y zgodne z duchem i warto\u015bciami SprachCaf\u00e9 Polnisch.<\/p>\r\n\r\n<p>Je\u015bli chcesz zaproponowa\u0107 lub zorganizowa\u0107 wydarzenie, napisz do nas na adres <strong>kontakt@sprachcafe-polnisch.org<\/strong> , a my skontaktujemy si\u0119 z Tob\u0105 jak najszybciej.<\/p>\r\n    <\/div>\r\n  <\/div>\r\n\r\n  <div class=\"sub-accordion\">\r\n    <input type=\"checkbox\" id=\"sub8\" class=\"sub-toggle\"\/>\r\n    <label class=\"sub-label\" for=\"sub8\">Czy mog\u0119 wynaj\u0105\u0107 pomieszczenia na w\u0142asne wydarzenie?<\/label>\r\n    <div class=\"sub-content\">\r\n      <p>Tak, nasza przytulna, go\u015bcinna przestrze\u0144 w dzielnicy Pankow jest dost\u0119pna na spotkania, imprezy i zgromadzenia. Jest to \u015brodowisko skupione wok\u00f3\u0142 spo\u0142eczno\u015bci, kt\u00f3re sprzyja rozmowom, nawi\u0105zywaniu kontakt\u00f3w i kreatywno\u015bci.<\/p>\r\n\r\n<p>\u015arodki finansowe pochodz\u0105ce z ka\u017cdego wynajmu s\u0105 przeznaczane bezpo\u015brednio na wsparcie kawiarni i naszych program\u00f3w spo\u0142ecznych, pomagaj\u0105c nam kontynuowa\u0107 dzia\u0142alno\u015b\u0107 non-profit.<\/p>\r\n\r\n<p>IJe\u015bli jeste\u015b zainteresowany, skontaktuj si\u0119 z nami pod adresem <strong>kontakt@sprachcafe-polnisch.org<\/strong><\/p>\r\n    <\/div>\r\n  <\/div>\r\n\r\n<\/div>\r\n<div class=\"main-accordion\">\r\n  <label class=\"main-label\">Kursy j\u0119zykowe \ud83c\udf0d<\/label>\r\n\r\n  <div class=\"sub-accordion\">\r\n    <input type=\"checkbox\" id=\"sub9\" class=\"sub-toggle\"\/>\r\n    <label class=\"sub-label\" for=\"sub9\">Czy prowadzona jest nauka niemieckiego?<\/label>\r\n    <div class=\"sub-content\">\r\n      <p> Nie oferujemy formalnych kurs\u00f3w j\u0119zyka niemieckiego. Zapewniamy jednak wiele okazji do \u0107wiczenia niemieckiego w swobodnej i sprzyjaj\u0105cej atmosferze.<\/p>\r\n\r\n<p>\r\nMo\u017cesz do\u0142\u0105czy\u0107 do takich zaj\u0119\u0107, jak nasze wieczory wymiany j\u0119zykowej (Speak Dating), bra\u0107 udzia\u0142 w wydarzeniach spo\u0142eczno\u015bciowych i nawi\u0105zywa\u0107 kontakty z innymi poprzez warto\u015bciowe rozmowy.<\/p>\r\n\r\n <p><a href=\"https:\/\/sprachcafe-polnisch.org\/pl\/wydarzenia\/\">Zobacz kalendarz wydarze\u0144.<\/a><\/p>\r\n    <\/div>\r\n  <\/div>\r\n\r\n  <div class=\"sub-accordion\">\r\n    <input type=\"checkbox\" id=\"sub10\" class=\"sub-toggle\"\/>\r\n    <label class=\"sub-label\" for=\"sub10\">Czy prowadzona jest nauka polskiego?<\/label>\r\n    <div class=\"sub-content\">\r\n      <p>Obecnie oferujemy dwa kursy j\u0119zyka polskiego:<\/p>\r\n\r\n<p>\u25aa\ufe0f<a href=\"https:\/\/sprachcafe-polnisch.org\/2023\/07\/jezyk-polski-jako-jezyk-obcy-dla-doroslych-polnisch-als-fremdsprache-fuer-erwachsene\/\">Polski jako j\u0119zyk obcy dla doros\u0142ych (A1 i A2)<\/a><\/p>\r\n\r\n<p>\u25aa\ufe0f<a href=\"https:\/\/sprachcafe-polnisch.org\/2025\/12\/%e2%98%95polish-cafe\/\">Polish Caf\u00e9 Online<\/a><\/p>\r\n\r\n<p>Opr\u00f3cz tych program\u00f3w istnieje wiele mo\u017cliwo\u015bci \u0107wiczenia j\u0119zyka polskiego w swobodnej i sprzyjaj\u0105cej atmosferze podczas naszych wydarze\u0144 stacjonarnych.<\/p>\r\n\r\n<p>Oferujemy r\u00f3wnie\u017c r\u00f3\u017cnorodne wydarzenia dla dzieci, podczas kt\u00f3rych mog\u0105 one uczy\u0107 si\u0119 j\u0119zyka polskiego jako j\u0119zyka dziedzictwa. Szczeg\u00f3\u0142owe informacje mo\u017cna znale\u017a\u0107 w <a href=\"https:\/\/sprachcafe-polnisch.org\/pl\/kafejka-dla-dzieci\/\">naszym kalendarzu dla dzieci.<\/a><\/p>\r\n    <\/div>\r\n  <\/div>\r\n\r\n<\/div>\r\n<div class=\"main-accordion\">\r\n  <label class=\"main-label\">Wsp\u00f3\u0142pracuj z nami \ud83c\udf1f\r\n<\/label>\r\n\r\n  <div class=\"sub-accordion\">\r\n    <input type=\"checkbox\" id=\"sub11\" class=\"sub-toggle\"\/>\r\n    <label class=\"sub-label\" for=\"sub11\">Zainteresowana\/-y jestem wsp\u00f3\u0142prac\u0105. Mog\u0119 z\u0142o\u017cy\u0107 propozycj\u0119?<\/label>\r\n    <div class=\"sub-content\">\r\n      <p>Z rado\u015bci\u0105 czekamy na Twoje pomys\u0142y dotycz\u0105ce wsp\u00f3\u0142pracy. Napisz do nas na adres <strong>kontakt@sprachcafe-polnisch.org<\/strong> a my skontaktujemy si\u0119 z Tob\u0105 jak najszybciej.<\/p>\r\n    <\/div>\r\n  <\/div>\r\n\r\n  <div class=\"sub-accordion\">\r\n    <input type=\"checkbox\" id=\"sub12\" class=\"sub-toggle\"\/>\r\n    <label class=\"sub-label\" for=\"sub12\">Jestem artyst(k)\u0105 i chcia\u0142(a)bym wystawi\u0107 tutaj swoje obrazy. Jakie s\u0105 warunki ramowe? Kiedy by\u0142oby to mo\u017cliwe?<\/label>\r\n    <div class=\"sub-content\">\r\n      <p>Tak, zapraszamy artyst\u00f3w do <a href=\"https:\/\/sprachcafe-polnisch.org\/pl\/o-nas\/wystawy\/\">wystawiania swoich prac w SprachCaf\u00e9 Polnisch.<\/a> Wi\u0119cej informacji na temat wytycznych dotycz\u0105cych wystaw, dost\u0119pnych termin\u00f3w i warunk\u00f3w mo\u017cna uzyska\u0107, kontaktuj\u0105c si\u0119 z nami pod adresem <strong>kontakt@sprachcafe-polnisch.org<\/strong><\/p>\r\n    <\/div>\r\n  <\/div>\r\n\r\n<div class=\"sub-accordion\">\r\n    <input type=\"checkbox\" id=\"sub13\" class=\"sub-toggle\"\/>\r\n    <label class=\"sub-label\" for=\"sub13\">Czy mog\u0119 anga\u017cowa\u0107 si\u0119 tu wolontariacko?<\/label>\r\n    <div class=\"sub-content\">\r\n      <p>Oczywi\u015bcie! Mo\u017cesz zg\u0142osi\u0107 si\u0119 do nas jako wolontariusz\/ka dorywczo lub w ramach  <a href=\"https:\/\/sprachcafe-polnisch.org\/pl\/dzialaj-z-nami\/wolontariat\/\"> programu Bundesfreiwilligendienst (BFD) <\/a>.<\/p>\r\n\r\n<p>Zawsze poszukujemy os\u00f3b, kt\u00f3re chc\u0105 dzieli\u0107 si\u0119 swoimi umiej\u0119tno\u015bciami i anga\u017cowa\u0107 si\u0119 w nasze dzia\u0142ania. Wolontariat w naszej organizacji to r\u00f3wnie\u017c wspania\u0142a okazja do zdobycia cennego do\u015bwiadczenia, poznania nowych ludzi, \u0107wiczenia j\u0119zyk\u00f3w obcych i wspierania lokalnej spo\u0142eczno\u015bci.<\/p>\r\n\r\n<p>Je\u015bli jeste\u015b zainteresowany, skontaktuj si\u0119 z nami:<strong>kontakt@sprachcafe-polnisch.org<\/strong><\/p>\r\n    <\/div>\r\n  <\/div>\r\n\r\n<div class=\"sub-accordion\">\r\n    <input type=\"checkbox\" id=\"sub14\" class=\"sub-toggle\"\/>\r\n    <label class=\"sub-label\" for=\"sub14\">Czy mog\u0119 tu odby\u0107 praktyki?<\/label>\r\n    <div class=\"sub-content\">\r\n      <p>Tak, na praktyki przyjmujemy osoby ucz\u0105ce si\u0119 w szok\u0142ach oraz studiuj\u0105ce na uczelniach. Je\u015bli jeste\u015b osob\u0105 kreatywn\u0105, dobrze zorganizowan\u0105 i pasjonujesz si\u0119 j\u0119zykiem oraz kultur\u0105 polsk\u0105 i niemieck\u0105, SprachCaf\u00e9 Polnisch jest idealnym miejscem, aby zdoby\u0107 praktyczne do\u015bwiadczenie i wnie\u015b\u0107 sw\u00f3j wk\u0142ad w nasz\u0105 spo\u0142eczno\u015b\u0107.<\/p>\r\n\r\n<p><a href=\"https:\/\/sprachcafe-polnisch.org\/pl\/dzialaj-z-nami\/praktyki-w-kafejce\/\">\r\nWi\u0119cej informacji na temat mo\u017cliwo\u015bci odbycia praktyk znajdziesz tutaj.<\/a><\/p>\r\n\r\n<p>Je\u015bli jeste\u015b zainteresowany, napisz do nas na adres: <strong>kontakt@sprachcafe-polnisch.org<\/strong><\/p>\r\n    <\/div>\r\n  <\/div>\r\n\r\n<\/div>\r\n<div class=\"main-accordion\">\r\n  <label class=\"main-label\">Darowizny \u2764\ufe0f\r\n<\/label>\r\n\r\n<div class=\"sub-accordion\">\r\n    <input type=\"checkbox\" id=\"sub15\" class=\"sub-toggle\"\/>\r\n    <label class=\"sub-label\" for=\"sub15\">Przeka\u017c\u0119 darowizn\u0119 &#8211; jak to zrobi\u0107?<\/label>\r\n    <div class=\"sub-content\">\r\n      <p>Mo\u017cesz wesprze\u0107 SprachCaf\u00e9 Polnisch na kilka sposob\u00f3w:<\/p>\r\n\r\n<p>\u25aa\ufe0f<a href=\"https:\/\/sprachcafe-polnisch.org\/pl\/dzialaj-z-nami\/datki\/\">Przelew bankowy<\/a>. Wszystkie darowizny s\u0105 w ca\u0142o\u015bci odliczalne od podatku, a na \u017cyczenie mo\u017cemy wystawi\u0107 za\u015bwiadczenie podatkowe.<\/p>\r\n\r\n<p>\u25aa\ufe0f<a href=\"https:\/\/sprachcafe-polnisch.org\/pl\/dzialaj-z-nami\/datki\/\">PayPal<\/a><\/p>\r\n\r\n<p>\u25aa\ufe0fOsobi\u015bcie: w kawiarni dost\u0119pne s\u0105 puszki na datki.<\/p>\r\n\r\n<p>Ka\u017cda wp\u0142ata pomaga nam kontynuowa\u0107 nasze programy spo\u0142eczne i utrzyma\u0107 kawiarni\u0119! Dzi\u0119kujemy za wsparcie \u2764\ufe0f <\/p> \r\n    <\/div>\r\n  <\/div>\r\n\r\n<div class=\"sub-accordion\">\r\n    <input type=\"checkbox\" id=\"sub16\" class=\"sub-toggle\"\/>\r\n    <label class=\"sub-label\" for=\"sub16\">Na co przeznaczane s\u0105 darowizny?<\/label>\r\n    <div class=\"sub-content\">\r\n      <p>Twoje wsparcie pozwala SprachCaf\u00e9 Polnisch funkcjonowa\u0107 i wspiera nasze dzia\u0142ania spo\u0142eczne, w tym:\r\n<\/p>\r\n\r\n<p>\u25aa\ufe0fWydarzenia i inicjatywy w kontek\u015bcie niemiecko-polskim<\/p>\r\n<p>\u25aa\ufe0fDzia\u0142ania mi\u0119dzykulturowe<\/p>\r\n<p>\u25aa\ufe0fProjekty lokalne i mi\u0119dzyregionalne<\/p>\r\n<p>\u25aa\ufe0fProgramy wielopokoleniowe<\/p>\r\n<p>\u25aa\ufe0fDzia\u0142ania edukacyjne, kulturalne i spo\u0142eczne<\/p>\r\n\r\n<p>Ka\u017cdy wk\u0142ad ma znaczenie!<\/p>\r\n    <\/div>\r\n  <\/div>\r\n\r\n<\/div>\r\n<div class=\"main-accordion\">\r\n  <label class=\"main-label\">Cz\u0142onkostwo \ud83e\udd1d\r\n<\/label>\r\n\r\n<div class=\"sub-accordion\">\r\n    <input type=\"checkbox\" id=\"sub17\" class=\"sub-toggle\"\/>\r\n    <label class=\"sub-label\" for=\"sub17\">Jak mog\u0119 zosta\u0107 cz\u0142onkiem stowarzyszenia po\u017cytku publicznego \u201eSprachCaf\u00e9 Polnisch\u201d e.V.?\r\n<\/label>\r\n    <div class=\"sub-content\">\r\n      <p>Wszystkie szczeg\u00f3\u0142y dotycz\u0105ce cz\u0142onkostwa, w tym korzy\u015bci i spos\u00f3b sk\u0142adania wniosk\u00f3w,<a href=\"https:\/\/sprachcafe-polnisch.org\/pl\/dzialaj-z-nami\/czlonkostwo\/\"> mo\u017cna znale\u017a\u0107 tutaj.<\/a>\r\n<\/p>\r\n    <\/div>\r\n  <\/div>\r\n<\/div>\n<div style=\"height:25px\" aria-hidden=\"true\" class=\"wp-block-spacer\"><\/div>\n\n<p><em>Masz jeszcze pytania?<\/em> <a href=\"mailto: kontakt@sprachcafe-polnisch.org\">Skontaktuj si\u0119 z nami tutaj<\/a> \u2014 zawsze ch\u0119tnie s\u0142u\u017cymy pomoc\u0105. Nasz zesp\u00f3\u0142 jest niewielki, wi\u0119c prosimy o cierpliwo\u015b\u0107; skontaktujemy si\u0119 z Tob\u0105 tak szybko, jak to mo\u017cliwe.<\/p>\n","protected":false},"excerpt":{"rendered":"<p>Tutaj znajdziesz odpowiedzi na najcz\u0119\u015bciej zadawane pytania dotycz\u0105ce SprachCaf\u00e9 Polnisch, planowania wizyty, udzia\u0142u w wydarzeniach oraz wspierania naszej dzia\u0142alno\u015bci. Je\u015bli nie znalaz\u0142e\u015b tego, czego szukasz, prze\u015blij swoje zapytanie do naszego zespo\u0142u, korzystaj\u0105c z formularza na dole strony. Wizyta w kawiarni \u2615 Kiedy do Kafejki? Oto godziny otwarcia poszczeg\u00f3lnych lokalizacji SprachCaf\u00e9 Polnisch. Gdzie znajd\u0119 w Berlinie Kafejk\u0119? Oto adresy wszystkich naszych lokalizacji SprachCaf\u00e9 Polnisch. Kto mo\u017ce przyj\u015b\u0107 do Kafejki? Czy wymagana jest znajomo\u015b\u0107 j\u0119zyka polskiego? SprachCaf\u00e9 Polnisch jest otwarte dla wszystkich: os\u00f3b indywidualnych, rodzin i przyjaci\u00f3\u0142 z r\u00f3\u017cnych \u015brodowisk. Chocia\u017c wiele naszych wydarze\u0144 odbywa si\u0119 w j\u0119zyku polskim, nie musisz zna\u0107 tego j\u0119zyka, aby nas odwiedzi\u0107. Oferujemy r\u00f3wnie\u017c wydarzenia w innych j\u0119zykach, g\u0142\u00f3wnie niemieckim i angielskim. Serdecznie zapraszamy wszystkich zainteresowanych wymian\u0105 kulturow\u0105, nawi\u0105zywaniem kontakt\u00f3w spo\u0142ecznych lub po prostu cieszeniem si\u0119 przyjazn\u0105 atmosfer\u0105.\u2764\ufe0f Czy Kafejka dost\u0119pna jest dla w\u00f3zk\u00f3w dla dzieci oraz dla os\u00f3b niepe\u0142nosprawnych? Obecnie, niestety, \u017cadna z naszych lokalizacji nie jest w pe\u0142ni dost\u0119pna dla os\u00f3b poruszaj\u0105cych si\u0119 na w\u00f3zkach inwalidzkich lub z w\u00f3zkami dzieci\u0119cymi ze wzgl\u0119du na ograniczenia konstrukcyjne budynk\u00f3w. Rozumiemy, jak wa\u017cna jest dost\u0119pno\u015b\u0107 i przepraszamy za wszelkie niedogodno\u015bci, jakie mo\u017ce to spowodowa\u0107. Je\u015bli masz konkretne pytania dotycz\u0105ce dost\u0119pno\u015bci w danej lokalizacji, skontaktuj si\u0119 z nami \u2014 zawsze do\u0142o\u017cymy wszelkich stara\u0144, aby udzieli\u0107 szczeg\u00f3\u0142owych informacji i rozwa\u017cy\u0107 mo\u017cliwe alternatywy. Czy mo\u017cna dosta\u0107 tu co\u015b do jedzenia i do picia? Oferujemy wyb\u00f3r gor\u0105cych napoj\u00f3w, napoj\u00f3w bezalkoholowych oraz polskich wyrob\u00f3w cukierniczych. Wydarzenia \ud83d\uddd3\ufe0f Gdzie znajd\u0119 informacje o nadchodz\u0105cych wydarzeniach? Zobacz kalendarz wydarze\u0144 dla doros\u0142ych. Zobacz kalendarz wydarze\u0144 dla dzieci. Informacje o wydarzeniach publikujemy r\u00f3wnie\u017c w naszym biuletynie i mediach spo\u0142eczno\u015bciowych, dzi\u0119ki czemu nigdy nie przegapisz tego, co dzieje si\u0119 w kawiarni! Czy mog\u0119 zaproponowa\u0107 Kafejce wydarzenie i je sam\/a zorganizowa\u0107? Jako inicjatywa spo\u0142eczna, z rado\u015bci\u0105 przyjmujemy pomys\u0142y zgodne z duchem i warto\u015bciami SprachCaf\u00e9 Polnisch. Je\u015bli chcesz zaproponowa\u0107 lub zorganizowa\u0107 wydarzenie, napisz do nas na adres kontakt@sprachcafe-polnisch.org , a my skontaktujemy si\u0119 z Tob\u0105 jak najszybciej. Czy mog\u0119 wynaj\u0105\u0107 pomieszczenia na w\u0142asne wydarzenie? Tak, nasza przytulna, go\u015bcinna przestrze\u0144 w dzielnicy Pankow jest dost\u0119pna na spotkania, imprezy i zgromadzenia. Jest to \u015brodowisko skupione wok\u00f3\u0142 spo\u0142eczno\u015bci, kt\u00f3re sprzyja rozmowom, nawi\u0105zywaniu kontakt\u00f3w i kreatywno\u015bci. \u015arodki finansowe pochodz\u0105ce z ka\u017cdego wynajmu s\u0105 przeznaczane bezpo\u015brednio na wsparcie kawiarni i naszych program\u00f3w spo\u0142ecznych, pomagaj\u0105c nam kontynuowa\u0107 dzia\u0142alno\u015b\u0107 non-profit. IJe\u015bli jeste\u015b zainteresowany, skontaktuj si\u0119 z nami pod adresem kontakt@sprachcafe-polnisch.org Kursy j\u0119zykowe \ud83c\udf0d Czy prowadzona jest nauka niemieckiego? Nie oferujemy formalnych kurs\u00f3w j\u0119zyka niemieckiego. Zapewniamy jednak wiele okazji do \u0107wiczenia niemieckiego w swobodnej i sprzyjaj\u0105cej atmosferze. Mo\u017cesz do\u0142\u0105czy\u0107 do takich zaj\u0119\u0107, jak nasze wieczory wymiany j\u0119zykowej (Speak Dating), bra\u0107 udzia\u0142 w wydarzeniach spo\u0142eczno\u015bciowych i nawi\u0105zywa\u0107 kontakty z innymi poprzez warto\u015bciowe rozmowy. Zobacz kalendarz wydarze\u0144. Czy prowadzona jest nauka polskiego? Obecnie oferujemy dwa kursy j\u0119zyka polskiego: \u25aa\ufe0fPolski jako j\u0119zyk obcy dla doros\u0142ych (A1 i A2) \u25aa\ufe0fPolish Caf\u00e9 Online Opr\u00f3cz tych program\u00f3w istnieje wiele mo\u017cliwo\u015bci \u0107wiczenia j\u0119zyka polskiego w swobodnej i sprzyjaj\u0105cej atmosferze podczas naszych wydarze\u0144 stacjonarnych. Oferujemy r\u00f3wnie\u017c r\u00f3\u017cnorodne wydarzenia dla dzieci, podczas kt\u00f3rych mog\u0105 one uczy\u0107 si\u0119 j\u0119zyka polskiego jako j\u0119zyka dziedzictwa. Szczeg\u00f3\u0142owe informacje mo\u017cna znale\u017a\u0107 w naszym kalendarzu dla dzieci. Wsp\u00f3\u0142pracuj z nami \ud83c\udf1f Zainteresowana\/-y jestem wsp\u00f3\u0142prac\u0105. Mog\u0119 z\u0142o\u017cy\u0107 propozycj\u0119? Z rado\u015bci\u0105 czekamy na Twoje pomys\u0142y dotycz\u0105ce wsp\u00f3\u0142pracy. Napisz do nas na adres kontakt@sprachcafe-polnisch.org a my skontaktujemy si\u0119 z Tob\u0105 jak najszybciej. Jestem artyst(k)\u0105 i chcia\u0142(a)bym wystawi\u0107 tutaj swoje obrazy. Jakie s\u0105 warunki ramowe? Kiedy by\u0142oby to mo\u017cliwe? Tak, zapraszamy artyst\u00f3w do wystawiania swoich prac w SprachCaf\u00e9 Polnisch. Wi\u0119cej informacji na temat wytycznych dotycz\u0105cych wystaw, dost\u0119pnych termin\u00f3w i warunk\u00f3w mo\u017cna uzyska\u0107, kontaktuj\u0105c si\u0119 z nami pod adresem kontakt@sprachcafe-polnisch.org Czy mog\u0119 anga\u017cowa\u0107 si\u0119 tu wolontariacko? Oczywi\u015bcie! Mo\u017cesz zg\u0142osi\u0107 si\u0119 do nas jako wolontariusz\/ka dorywczo lub w ramach programu Bundesfreiwilligendienst (BFD) . Zawsze poszukujemy os\u00f3b, kt\u00f3re chc\u0105 dzieli\u0107 si\u0119 swoimi umiej\u0119tno\u015bciami i anga\u017cowa\u0107 si\u0119 w nasze dzia\u0142ania. Wolontariat w naszej organizacji to r\u00f3wnie\u017c wspania\u0142a okazja do zdobycia cennego do\u015bwiadczenia, poznania nowych ludzi, \u0107wiczenia j\u0119zyk\u00f3w obcych i wspierania lokalnej spo\u0142eczno\u015bci. Je\u015bli jeste\u015b zainteresowany, skontaktuj si\u0119 z nami:kontakt@sprachcafe-polnisch.org Czy mog\u0119 tu odby\u0107 praktyki? Tak, na praktyki przyjmujemy osoby ucz\u0105ce si\u0119 w szok\u0142ach oraz studiuj\u0105ce na uczelniach. Je\u015bli jeste\u015b osob\u0105 kreatywn\u0105, dobrze zorganizowan\u0105 i pasjonujesz si\u0119 j\u0119zykiem oraz kultur\u0105 polsk\u0105 i niemieck\u0105, SprachCaf\u00e9 Polnisch jest idealnym miejscem, aby zdoby\u0107 praktyczne do\u015bwiadczenie i wnie\u015b\u0107 sw\u00f3j wk\u0142ad w nasz\u0105 spo\u0142eczno\u015b\u0107. Wi\u0119cej informacji na temat mo\u017cliwo\u015bci odbycia praktyk znajdziesz tutaj. Je\u015bli jeste\u015b zainteresowany, napisz do nas na adres: kontakt@sprachcafe-polnisch.org Darowizny \u2764\ufe0f Przeka\u017c\u0119 darowizn\u0119 &#8211; jak to zrobi\u0107? Mo\u017cesz wesprze\u0107 SprachCaf\u00e9 Polnisch na kilka sposob\u00f3w: \u25aa\ufe0fPrzelew bankowy. Wszystkie darowizny s\u0105 w ca\u0142o\u015bci odliczalne od podatku, a na \u017cyczenie mo\u017cemy wystawi\u0107 za\u015bwiadczenie podatkowe. \u25aa\ufe0fPayPal \u25aa\ufe0fOsobi\u015bcie: w kawiarni dost\u0119pne s\u0105 puszki na datki. Ka\u017cda wp\u0142ata pomaga nam kontynuowa\u0107 nasze programy spo\u0142eczne i utrzyma\u0107 kawiarni\u0119! Dzi\u0119kujemy za wsparcie \u2764\ufe0f Na co przeznaczane s\u0105 darowizny? Twoje wsparcie pozwala SprachCaf\u00e9 Polnisch funkcjonowa\u0107 i wspiera nasze dzia\u0142ania spo\u0142eczne, w tym: \u25aa\ufe0fWydarzenia i inicjatywy w kontek\u015bcie niemiecko-polskim \u25aa\ufe0fDzia\u0142ania mi\u0119dzykulturowe \u25aa\ufe0fProjekty lokalne i mi\u0119dzyregionalne \u25aa\ufe0fProgramy wielopokoleniowe \u25aa\ufe0fDzia\u0142ania edukacyjne, kulturalne i spo\u0142eczne Ka\u017cdy wk\u0142ad ma znaczenie! Cz\u0142onkostwo \ud83e\udd1d Jak mog\u0119 zosta\u0107 cz\u0142onkiem stowarzyszenia po\u017cytku publicznego \u201eSprachCaf\u00e9 Polnisch\u201d e.V.? Wszystkie szczeg\u00f3\u0142y dotycz\u0105ce cz\u0142onkostwa, w tym korzy\u015bci i spos\u00f3b sk\u0142adania wniosk\u00f3w, mo\u017cna znale\u017a\u0107 tutaj. Masz jeszcze pytania? Skontaktuj si\u0119 z nami tutaj \u2014 zawsze ch\u0119tnie s\u0142u\u017cymy pomoc\u0105. Nasz zesp\u00f3\u0142 jest niewielki, wi\u0119c prosimy o cierpliwo\u015b\u0107; skontaktujemy si\u0119 z Tob\u0105 tak szybko, jak to mo\u017cliwe.<\/p>\n","protected":false},"author":14,"featured_media":0,"parent":131,"menu_order":0,"comment_status":"closed","ping_status":"closed","template":"","meta":{"jetpack_post_was_ever_published":false,"footnotes":""},"class_list":["post-23621","page","type-page","status-publish","hentry"],"acf":[],"jetpack-related-posts":[],"jetpack_sharing_enabled":true,"_links":{"self":[{"href":"https:\/\/sprachcafe-polnisch.org\/pl\/wp-json\/wp\/v2\/pages\/23621","targetHints":{"allow":["GET"]}}],"collection":[{"href":"https:\/\/sprachcafe-polnisch.org\/pl\/wp-json\/wp\/v2\/pages"}],"about":[{"href":"https:\/\/sprachcafe-polnisch.org\/pl\/wp-json\/wp\/v2\/types\/page"}],"author":[{"embeddable":true,"href":"https:\/\/sprachcafe-polnisch.org\/pl\/wp-json\/wp\/v2\/users\/14"}],"replies":[{"embeddable":true,"href":"https:\/\/sprachcafe-polnisch.org\/pl\/wp-json\/wp\/v2\/comments?post=23621"}],"version-history":[{"count":3,"href":"https:\/\/sprachcafe-polnisch.org\/pl\/wp-json\/wp\/v2\/pages\/23621\/revisions"}],"predecessor-version":[{"id":23625,"href":"https:\/\/sprachcafe-polnisch.org\/pl\/wp-json\/wp\/v2\/pages\/23621\/revisions\/23625"}],"up":[{"embeddable":true,"href":"https:\/\/sprachcafe-polnisch.org\/pl\/wp-json\/wp\/v2\/pages\/131"}],"wp:attachment":[{"href":"https:\/\/sprachcafe-polnisch.org\/pl\/wp-json\/wp\/v2\/media?parent=23621"}],"curies":[{"name":"wp","href":"https:\/\/api.w.org\/{rel}","templated":true}]}}