{"id":198,"date":"2021-01-03T03:16:02","date_gmt":"2021-01-03T02:16:02","guid":{"rendered":"https:\/\/sprachcafe-polnisch.org\/?page_id=198"},"modified":"2026-04-14T22:00:46","modified_gmt":"2026-04-14T20:00:46","slug":"kontakt","status":"publish","type":"page","link":"https:\/\/sprachcafe-polnisch.org\/pl\/kontakt\/","title":{"rendered":"Kontakt"},"content":{"rendered":"\n<div class=\"wp-block-columns is-layout-flex wp-container-core-columns-is-layout-9d6595d7 wp-block-columns-is-layout-flex\">\n<div class=\"wp-block-column is-layout-flow wp-block-column-is-layout-flow\">\n<iframe id=\"contact-details-map\" src=\"https:\/\/www.google.com\/maps\/embed?pb=!1m18!1m12!1m3!1d1212.6142245219633!2d13.393085660502551!3d52.56547982801052!2m3!1f0!2f0!3f0!3m2!1i1024!2i768!4f13.1!3m3!1m2!1s0x47a853a537cdcccd%3A0x1bc209c831fcda2a!2sSprachCaf%C3%A9%20Polnisch%20e.V.!5e0!3m2!1sen!2sde!4v1608328908527!5m2!1sen!2sde\" allowfullscreen=\"\" aria-hidden=\"false\" tabindex=\"0\" frameborder=\"0\"><\/iframe>\n<\/div>\n\n\n\n<div class=\"wp-block-column is-layout-flow wp-block-column-is-layout-flow\">\n<h3 class=\"wp-block-heading\">SprachCaf\u00e9 Polnisch e.V.<\/h3>\n\n\n\n<div class=\"wp-block-columns contact-details-box is-layout-flex wp-container-core-columns-is-layout-9d6595d7 wp-block-columns-is-layout-flex\">\n<div class=\"wp-block-column is-layout-flow wp-block-column-is-layout-flow\" style=\"flex-basis:15%\">\n<i class=\"fas fa-map-marked-alt fa-2x\"><\/i>\n\n\n\n<div style=\"height:33px\" aria-hidden=\"true\" class=\"wp-block-spacer\"><\/div>\n\n\n\n<i class=\"fas fa-map-marked-alt fa-2x\"><\/i>\n<\/div>\n\n\n\n<div class=\"wp-block-column is-layout-flow wp-block-column-is-layout-flow\" style=\"flex-basis:85%\">\n<p>Schulzestr. 1<br>D-13187 Berlin<\/p>\n\n\n\n<p><\/p>\n<\/div>\n<\/div>\n\n\n\n<div class=\"wp-block-columns contact-details-box is-layout-flex wp-container-core-columns-is-layout-9d6595d7 wp-block-columns-is-layout-flex\">\n<div class=\"wp-block-column is-layout-flow wp-block-column-is-layout-flow\" style=\"flex-basis:15%\">\n<i class=\"fas fa-phone fa-2x\"><\/i>\n<\/div>\n\n\n\n<div class=\"wp-block-column is-layout-flow wp-block-column-is-layout-flow\" style=\"flex-basis:85%\">\n<p><strong>Telefon<\/strong>: <a href=\"tel:+4916099680059\">+49 160 9968 0059<\/a><\/p>\n<\/div>\n<\/div>\n\n\n\n<div class=\"wp-block-columns contact-details-box is-layout-flex wp-container-core-columns-is-layout-9d6595d7 wp-block-columns-is-layout-flex\">\n<div class=\"wp-block-column is-layout-flow wp-block-column-is-layout-flow\" style=\"flex-basis:15%\">\n<i class=\"fas fa-at fa-2x\"><\/i>\n<\/div>\n\n\n\n<div class=\"wp-block-column is-layout-flow wp-block-column-is-layout-flow\" style=\"flex-basis:85%\">\n<p><strong>E-Mail<\/strong>: <a href=\"mailto:kontakt@sprachcafe-polnisch.org\">kontakt@sprachcafe-polnisch.org<\/a><\/p>\n\n\n\n<p><strong>Biblioteka<\/strong>: <a href=\"mailto:bibliothek@sprachcafe-polnisch.org\">bibliothek@sprachcafe-polnisch.org<\/a><br><strong>Administacja<\/strong> \/ <strong>Ksi\u0119gowo\u015b\u0107<\/strong>: <a href=\"mailto:buchhaltung@sprachcafe-polnisch.org\">verwaltung@sprachcafe-polnisch.org<\/a><\/p>\n<\/div>\n<\/div>\n<\/div>\n<\/div>\n\n\n\n<div style=\"height:40px\" aria-hidden=\"true\" class=\"wp-block-spacer\"><\/div>\n\n\n\n<hr class=\"wp-block-separator has-css-opacity is-style-wide\"\/>\n\n\n\n<div class=\"wp-block-columns is-layout-flex wp-container-core-columns-is-layout-9d6595d7 wp-block-columns-is-layout-flex\">\n<div class=\"wp-block-column social-media-box is-layout-flow wp-block-column-is-layout-flow\">\n<i class=\"fab fa-facebook fa-3x\"><\/i>\n\n\n\n<p class=\"has-text-align-center\"><strong><a href=\"https:\/\/www.facebook.com\/sprachcafe.polnisch\/\" data-type=\"URL\" data-id=\"https:\/\/www.facebook.com\/sprachcafe.polnisch\/\" target=\"_blank\" rel=\"noreferrer noopener\">SprachCaf\u00e9 Polnisch e.V.<\/a><\/strong><\/p>\n<\/div>\n\n\n\n<div class=\"wp-block-column social-media-box is-layout-flow wp-block-column-is-layout-flow\">\n<i class=\"fab fa-instagram fa-3x\"><\/i>\n\n\n\n<p class=\"has-text-align-center\"><strong><a href=\"https:\/\/www.instagram.com\/sprachcafepolnisch\/\" data-type=\"URL\" data-id=\"https:\/\/www.instagram.com\/sprachcafepolnisch\/\" target=\"_blank\" rel=\"noreferrer noopener\">@sprachcafepolnisch<\/a><\/strong><\/p>\n<\/div>\n\n\n\n<div class=\"wp-block-column social-media-box is-layout-flow wp-block-column-is-layout-flow\">\n<i class=\"fab fa-youtube fa-3x\"><\/i>\n\n\n\n<p class=\"has-text-align-center\"><strong><a href=\"https:\/\/www.youtube.com\/channel\/UCAgdsEs-YX_i6tDGbBtEz-w\" data-type=\"URL\" data-id=\"https:\/\/www.youtube.com\/channel\/UCAgdsEs-YX_i6tDGbBtEz-w\" target=\"_blank\" rel=\"noreferrer noopener\">SprachCaf\u00e9 Polnisch<\/a><\/strong><\/p>\n<\/div>\n<\/div>\n\n\n\n<hr class=\"wp-block-separator has-css-opacity is-style-wide\"\/>\n\n\n\n<div style=\"height:60px\" aria-hidden=\"true\" class=\"wp-block-spacer\"><\/div>\n\n\n\n<h2 class=\"wp-block-heading\">Formularz kontaktowy<\/h2>\n\n\n\n<p>Pytania? Zapytania? Pro\u015bby? Komentarze?<br>Zawsze mile widziane. Ch\u0119tnie na nie odpowiemy.<\/p>\n\n\n\n<p>Pomocny oka\u017ce si\u0119 ten formularz:<\/p>\n\n\n\n<div class=\"wp-block-contact-form-7-contact-form-selector\">\n<div class=\"wpcf7 no-js\" id=\"wpcf7-f203-o1\" lang=\"pl-PL\" dir=\"ltr\" data-wpcf7-id=\"203\">\n<div class=\"screen-reader-response\"><p role=\"status\" aria-live=\"polite\" aria-atomic=\"true\"><\/p> <ul><\/ul><\/div>\n<form action=\"\/pl\/wp-json\/wp\/v2\/pages\/198#wpcf7-f203-o1\" method=\"post\" class=\"wpcf7-form init\" aria-label=\"Formularz kontaktowy\" novalidate=\"novalidate\" data-status=\"init\">\n<fieldset class=\"hidden-fields-container\"><input type=\"hidden\" name=\"_wpcf7\" value=\"203\" \/><input type=\"hidden\" name=\"_wpcf7_version\" value=\"6.1.5\" \/><input type=\"hidden\" name=\"_wpcf7_locale\" value=\"pl_PL\" \/><input type=\"hidden\" name=\"_wpcf7_unit_tag\" value=\"wpcf7-f203-o1\" \/><input type=\"hidden\" name=\"_wpcf7_container_post\" value=\"0\" \/><input type=\"hidden\" name=\"_wpcf7_posted_data_hash\" value=\"\" \/>\n<\/fieldset>\n<p><label> Twoje imi\u0119<br \/>\n<span class=\"wpcf7-form-control-wrap\" data-name=\"your-name\"><input size=\"40\" maxlength=\"400\" class=\"wpcf7-form-control wpcf7-text wpcf7-validates-as-required\" aria-required=\"true\" aria-invalid=\"false\" value=\"\" type=\"text\" name=\"your-name\" \/><\/span> <\/label>\n<\/p>\n<p><label> Tw\u00f3j email<br \/>\n<span class=\"wpcf7-form-control-wrap\" data-name=\"your-email\"><input size=\"40\" maxlength=\"400\" class=\"wpcf7-form-control wpcf7-email wpcf7-validates-as-required wpcf7-text wpcf7-validates-as-email\" aria-required=\"true\" aria-invalid=\"false\" value=\"\" type=\"email\" name=\"your-email\" \/><\/span> <\/label>\n<\/p>\n<p><label> Temat<br \/>\n<span class=\"wpcf7-form-control-wrap\" data-name=\"your-subject\"><input size=\"40\" maxlength=\"400\" class=\"wpcf7-form-control wpcf7-text wpcf7-validates-as-required\" aria-required=\"true\" aria-invalid=\"false\" value=\"\" type=\"text\" name=\"your-subject\" \/><\/span> <\/label>\n<\/p>\n<p><label> Twoja wiadomo\u015b\u0107 (opcjonalne)<br \/>\n<span class=\"wpcf7-form-control-wrap\" data-name=\"your-message\"><textarea cols=\"40\" rows=\"10\" maxlength=\"2000\" class=\"wpcf7-form-control wpcf7-textarea\" aria-invalid=\"false\" name=\"your-message\"><\/textarea><\/span> <\/label>\n<\/p>\n<p><input class=\"wpcf7-form-control wpcf7-submit has-spinner\" type=\"submit\" value=\"Wy\u015blij\" \/>\n<\/p><p style=\"display: none !important;\" class=\"akismet-fields-container\" data-prefix=\"_wpcf7_ak_\"><label>&#916;<textarea name=\"_wpcf7_ak_hp_textarea\" cols=\"45\" rows=\"8\" maxlength=\"100\"><\/textarea><\/label><input type=\"hidden\" id=\"ak_js_1\" name=\"_wpcf7_ak_js\" value=\"73\"\/><script data-jetpack-boost=\"ignore\" type=\"text\/javascript\">\n\/* <![CDATA[ *\/\ndocument.getElementById( \"ak_js_1\" ).setAttribute( \"value\", ( new Date() ).getTime() );\n\/* ]]> *\/\n<\/script>\n<\/p><div class=\"wpcf7-response-output\" aria-hidden=\"true\"><\/div>\n<\/form>\n<\/div>\n<\/div>\n","protected":false},"excerpt":{"rendered":"<p>SprachCaf\u00e9 Polnisch e.V. Schulzestr. 1D-13187 Berlin Telefon: +49 160 9968 0059 E-Mail: kontakt@sprachcafe-polnisch.org Biblioteka: bibliothek@sprachcafe-polnisch.orgAdministacja \/ Ksi\u0119gowo\u015b\u0107: verwaltung@sprachcafe-polnisch.org SprachCaf\u00e9 Polnisch e.V. @sprachcafepolnisch SprachCaf\u00e9 Polnisch Formularz kontaktowy Pytania? Zapytania? Pro\u015bby? Komentarze?Zawsze mile widziane. Ch\u0119tnie na nie odpowiemy. Pomocny oka\u017ce si\u0119 ten formularz:<\/p>\n","protected":false},"author":1,"featured_media":0,"parent":0,"menu_order":5,"comment_status":"closed","ping_status":"closed","template":"","meta":{"jetpack_post_was_ever_published":false,"footnotes":""},"class_list":["post-198","page","type-page","status-publish","hentry"],"acf":[],"jetpack-related-posts":[],"jetpack_sharing_enabled":true,"_links":{"self":[{"href":"https:\/\/sprachcafe-polnisch.org\/pl\/wp-json\/wp\/v2\/pages\/198","targetHints":{"allow":["GET"]}}],"collection":[{"href":"https:\/\/sprachcafe-polnisch.org\/pl\/wp-json\/wp\/v2\/pages"}],"about":[{"href":"https:\/\/sprachcafe-polnisch.org\/pl\/wp-json\/wp\/v2\/types\/page"}],"author":[{"embeddable":true,"href":"https:\/\/sprachcafe-polnisch.org\/pl\/wp-json\/wp\/v2\/users\/1"}],"replies":[{"embeddable":true,"href":"https:\/\/sprachcafe-polnisch.org\/pl\/wp-json\/wp\/v2\/comments?post=198"}],"version-history":[{"count":1,"href":"https:\/\/sprachcafe-polnisch.org\/pl\/wp-json\/wp\/v2\/pages\/198\/revisions"}],"predecessor-version":[{"id":23725,"href":"https:\/\/sprachcafe-polnisch.org\/pl\/wp-json\/wp\/v2\/pages\/198\/revisions\/23725"}],"wp:attachment":[{"href":"https:\/\/sprachcafe-polnisch.org\/pl\/wp-json\/wp\/v2\/media?parent=198"}],"curies":[{"name":"wp","href":"https:\/\/api.w.org\/{rel}","templated":true}]}}