{"id":8069,"date":"2023-12-24T13:10:20","date_gmt":"2023-12-24T12:10:20","guid":{"rendered":"https:\/\/sprachcafe-polnisch.org\/sprachcafe-also-in-the-south-of-berlin\/"},"modified":"2023-12-24T13:10:21","modified_gmt":"2023-12-24T12:10:21","slug":"sprachcafe-also-in-the-south-of-berlin","status":"publish","type":"page","link":"https:\/\/sprachcafe-polnisch.org\/en\/sprachcafe-also-in-the-south-of-berlin\/","title":{"rendered":"SprachCaf\u00e9 also in the south of Berlin"},"content":{"rendered":"\n<p class=\"has-text-align-left\">We look forward to welcoming you to the SprachCaf\u00e9 in the south of Berlin. And this is where people create places. We have known for years how much such caf\u00e9s are needed. And how important they are. That&#8217;s why we&#8217;re delighted that you&#8217;re here. We invite you to help shape this new space for culture, education and encounters for people of all ages, especially for fans of Polish culture and the Polish language.<\/p>\n\n<div class=\"wp-block-columns is-layout-flex wp-container-core-columns-is-layout-9d6595d7 wp-block-columns-is-layout-flex\">\n<div class=\"wp-block-column is-layout-flow wp-block-column-is-layout-flow\">\n<h2 class=\"has-text-align-center has-vivid-cyan-blue-color has-text-color wp-block-heading\"><a href=\"https:\/\/sprachcafe-polnisch.org\/wp-admin\/admin.php?page=tm%2Fmenu%2Ftranslations-queue.php&amp;return_url=%2Fwp-admin%2Fpost.php%3Fpost%3D6369%26action%3Dedit%26lang%3Dde&amp;lang=de&amp;trid=1228&amp;language_code=en&amp;source_language_code=de#VERANSTALTUNGEN\">EVENTS<\/a><\/h2>\n\n\n<div class=\"wp-block-image\">\n<figure class=\"aligncenter size-medium is-resized\"><a href=\"#EVENTS\"><img data-recalc-dims=\"1\" loading=\"lazy\" decoding=\"async\" src=\"https:\/\/i0.wp.com\/sprachcafe-polnisch.org\/wp-content\/uploads\/2023\/07\/3.png?resize=150%2C150&#038;ssl=1\" alt=\"\" class=\"wp-image-6408\" width=\"150\" height=\"150\" srcset=\"https:\/\/i0.wp.com\/sprachcafe-polnisch.org\/wp-content\/uploads\/2023\/07\/3.png?resize=300%2C300&amp;ssl=1 300w, https:\/\/i0.wp.com\/sprachcafe-polnisch.org\/wp-content\/uploads\/2023\/07\/3.png?resize=1024%2C1024&amp;ssl=1 1024w, https:\/\/i0.wp.com\/sprachcafe-polnisch.org\/wp-content\/uploads\/2023\/07\/3.png?resize=150%2C150&amp;ssl=1 150w, https:\/\/i0.wp.com\/sprachcafe-polnisch.org\/wp-content\/uploads\/2023\/07\/3.png?resize=768%2C768&amp;ssl=1 768w, https:\/\/i0.wp.com\/sprachcafe-polnisch.org\/wp-content\/uploads\/2023\/07\/3.png?resize=75%2C75&amp;ssl=1 75w, https:\/\/i0.wp.com\/sprachcafe-polnisch.org\/wp-content\/uploads\/2023\/07\/3.png?w=1080&amp;ssl=1 1080w\" sizes=\"auto, (max-width: 150px) 100vw, 150px\" \/><\/a><\/figure>\n<\/div><\/div>\n\n\n\n<div class=\"wp-block-column is-layout-flow wp-block-column-is-layout-flow\">\n<h2 class=\"has-text-align-center has-vivid-cyan-blue-color has-text-color wp-block-heading\"><a href=\"#NEWSLETTER\">NEWSLETTER<\/a><\/h2>\n\n\n<div class=\"wp-block-image\">\n<figure class=\"aligncenter size-medium is-resized\"><a href=\"#NEWSLETTER\"><img data-recalc-dims=\"1\" loading=\"lazy\" decoding=\"async\" src=\"https:\/\/i0.wp.com\/sprachcafe-polnisch.org\/wp-content\/uploads\/2023\/07\/2-3.png?resize=150%2C150&#038;ssl=1\" alt=\"\" class=\"wp-image-6411\" width=\"150\" height=\"150\" srcset=\"https:\/\/i0.wp.com\/sprachcafe-polnisch.org\/wp-content\/uploads\/2023\/07\/2-3.png?resize=300%2C300&amp;ssl=1 300w, https:\/\/i0.wp.com\/sprachcafe-polnisch.org\/wp-content\/uploads\/2023\/07\/2-3.png?resize=1024%2C1024&amp;ssl=1 1024w, https:\/\/i0.wp.com\/sprachcafe-polnisch.org\/wp-content\/uploads\/2023\/07\/2-3.png?resize=150%2C150&amp;ssl=1 150w, https:\/\/i0.wp.com\/sprachcafe-polnisch.org\/wp-content\/uploads\/2023\/07\/2-3.png?resize=768%2C768&amp;ssl=1 768w, https:\/\/i0.wp.com\/sprachcafe-polnisch.org\/wp-content\/uploads\/2023\/07\/2-3.png?resize=75%2C75&amp;ssl=1 75w, https:\/\/i0.wp.com\/sprachcafe-polnisch.org\/wp-content\/uploads\/2023\/07\/2-3.png?w=1080&amp;ssl=1 1080w\" sizes=\"auto, (max-width: 150px) 100vw, 150px\" \/><\/a><\/figure>\n<\/div><\/div>\n<\/div>\n\n<div style=\"height:21px\" aria-hidden=\"true\" class=\"wp-block-spacer\"><\/div>\n\n<h3 class=\"wp-block-heading\">Gotenstrasse 45<\/h3>\n\n<div class=\"wp-block-media-text alignwide has-media-on-the-right is-stacked-on-mobile\"><div class=\"wp-block-media-text__content\">\n<h3 class=\"wp-block-heading\"><\/h3>\n\n\n\n<p>The venue is located in an innovative residential complex &#8211; Sch\u00f6neberger Linse &#8211; <strong>directly at S\u00fcdkreuz, Gotenstra\u00dfe 45, 10829 Berlin<\/strong>, with excellent transport connections via Ringbahn, S2, S25, Bus 248, M46.<\/p>\n\n\n\n<p>Here we have been invited to help shape good neighbourliness. And that fits in perfectly with our concept of local activities in a big city! From the very first contact, we were impressed by the openness of the place and its creative and friendly atmosphere.<\/p>\n\n\n\n<p>When can you visit Gotenstra\u00dfe? Step by step. For now, we invite you to meetings &#8211; <a href=\"https:\/\/sprachcafe-polnisch.org\/wp-admin\/admin.php?page=tm%2Fmenu%2Ftranslations-queue.php&amp;return_url=%2Fwp-admin%2Fpost.php%3Fpost%3D6369%26action%3Dedit%26lang%3Dde&amp;lang=de&amp;trid=1228&amp;language_code=en&amp;source_language_code=de#VERANSTALTUNGEN\">events<\/a> will be publicised on our website, <a href=\"https:\/\/www.facebook.com\/sprachcafe.polnisch\/\">Facebook<\/a> and <a href=\"https:\/\/www.instagram.com\/sprachcafepolnisch\/\">Instagram<\/a>. You can also find news and interesting facts in the new <a href=\"https:\/\/sprachcafe-polnisch.org\/wp-admin\/admin.php?page=tm%2Fmenu%2Ftranslations-queue.php&amp;return_url=%2Fwp-admin%2Fpost.php%3Fpost%3D6369%26action%3Dedit%26lang%3Dde&amp;lang=de&amp;trid=1228&amp;language_code=en&amp;source_language_code=de#NEWSLETTER\">newsletter<\/a> &#8220;SprachCaf\u00e9 im S\u00fcden der Stadt&#8221;.<\/p>\n<\/div><figure class=\"wp-block-media-text__media\"><img data-recalc-dims=\"1\" loading=\"lazy\" decoding=\"async\" width=\"960\" height=\"960\" src=\"https:\/\/i0.wp.com\/sprachcafe-polnisch.org\/wp-content\/uploads\/2023\/07\/Sued-Berlins.jpg?resize=960%2C960&#038;ssl=1\" alt=\"\" class=\"wp-image-6399 size-full\" srcset=\"https:\/\/i0.wp.com\/sprachcafe-polnisch.org\/wp-content\/uploads\/2023\/07\/Sued-Berlins.jpg?resize=1024%2C1024&amp;ssl=1 1024w, https:\/\/i0.wp.com\/sprachcafe-polnisch.org\/wp-content\/uploads\/2023\/07\/Sued-Berlins.jpg?resize=300%2C300&amp;ssl=1 300w, https:\/\/i0.wp.com\/sprachcafe-polnisch.org\/wp-content\/uploads\/2023\/07\/Sued-Berlins.jpg?resize=150%2C150&amp;ssl=1 150w, https:\/\/i0.wp.com\/sprachcafe-polnisch.org\/wp-content\/uploads\/2023\/07\/Sued-Berlins.jpg?resize=768%2C768&amp;ssl=1 768w, https:\/\/i0.wp.com\/sprachcafe-polnisch.org\/wp-content\/uploads\/2023\/07\/Sued-Berlins.jpg?resize=75%2C75&amp;ssl=1 75w, https:\/\/i0.wp.com\/sprachcafe-polnisch.org\/wp-content\/uploads\/2023\/07\/Sued-Berlins.jpg?w=1080&amp;ssl=1 1080w\" sizes=\"auto, (max-width: 960px) 100vw, 960px\" \/><\/figure><\/div>\n\n<div style=\"height:21px\" aria-hidden=\"true\" class=\"wp-block-spacer\"><\/div>\n\n<h3 class=\"wp-block-heading\" id=\"KOORDINATION\">COORDINATION<\/h3>\n\n<div class=\"wp-block-columns is-layout-flex wp-container-core-columns-is-layout-9d6595d7 wp-block-columns-is-layout-flex\">\n<div class=\"wp-block-column is-layout-flow wp-block-column-is-layout-flow\">\n<figure class=\"wp-block-image size-large\"><img data-recalc-dims=\"1\" loading=\"lazy\" decoding=\"async\" width=\"960\" height=\"960\" src=\"https:\/\/i0.wp.com\/sprachcafe-polnisch.org\/wp-content\/uploads\/2023\/07\/3.jpg?resize=960%2C960&#038;ssl=1\" alt=\"\" class=\"wp-image-6390\" srcset=\"https:\/\/i0.wp.com\/sprachcafe-polnisch.org\/wp-content\/uploads\/2023\/07\/3.jpg?resize=1024%2C1024&amp;ssl=1 1024w, https:\/\/i0.wp.com\/sprachcafe-polnisch.org\/wp-content\/uploads\/2023\/07\/3.jpg?resize=300%2C300&amp;ssl=1 300w, https:\/\/i0.wp.com\/sprachcafe-polnisch.org\/wp-content\/uploads\/2023\/07\/3.jpg?resize=150%2C150&amp;ssl=1 150w, https:\/\/i0.wp.com\/sprachcafe-polnisch.org\/wp-content\/uploads\/2023\/07\/3.jpg?resize=768%2C768&amp;ssl=1 768w, https:\/\/i0.wp.com\/sprachcafe-polnisch.org\/wp-content\/uploads\/2023\/07\/3.jpg?resize=75%2C75&amp;ssl=1 75w, https:\/\/i0.wp.com\/sprachcafe-polnisch.org\/wp-content\/uploads\/2023\/07\/3.jpg?w=1080&amp;ssl=1 1080w\" sizes=\"auto, (max-width: 960px) 100vw, 960px\" \/><\/figure>\n\n\n\n<h4 class=\"has-text-align-center wp-block-heading\">Natalia Pr\u00fcfer<\/h4>\n\n\n\n<p class=\"has-text-align-center\">Coordination &amp; public relations&#13;\n<a href=\"mailto:n.pruefer@sprachcafe-polnisch.org\" target=\"_blank\" rel=\"noreferrer noopener\">n.pruefer@sprachcafe-polnisch.org<\/a><\/p>\n<\/div>\n\n\n\n<div class=\"wp-block-column is-layout-flow wp-block-column-is-layout-flow\">\n<figure class=\"wp-block-image size-large\"><img data-recalc-dims=\"1\" loading=\"lazy\" decoding=\"async\" width=\"960\" height=\"960\" src=\"https:\/\/i0.wp.com\/sprachcafe-polnisch.org\/wp-content\/uploads\/2023\/07\/4.jpg?resize=960%2C960&#038;ssl=1\" alt=\"\" class=\"wp-image-6393\" srcset=\"https:\/\/i0.wp.com\/sprachcafe-polnisch.org\/wp-content\/uploads\/2023\/07\/4.jpg?resize=1024%2C1024&amp;ssl=1 1024w, https:\/\/i0.wp.com\/sprachcafe-polnisch.org\/wp-content\/uploads\/2023\/07\/4.jpg?resize=300%2C300&amp;ssl=1 300w, https:\/\/i0.wp.com\/sprachcafe-polnisch.org\/wp-content\/uploads\/2023\/07\/4.jpg?resize=150%2C150&amp;ssl=1 150w, https:\/\/i0.wp.com\/sprachcafe-polnisch.org\/wp-content\/uploads\/2023\/07\/4.jpg?resize=768%2C768&amp;ssl=1 768w, https:\/\/i0.wp.com\/sprachcafe-polnisch.org\/wp-content\/uploads\/2023\/07\/4.jpg?resize=75%2C75&amp;ssl=1 75w, https:\/\/i0.wp.com\/sprachcafe-polnisch.org\/wp-content\/uploads\/2023\/07\/4.jpg?w=1080&amp;ssl=1 1080w\" sizes=\"auto, (max-width: 960px) 100vw, 960px\" \/><\/figure>\n\n\n\n<h4 class=\"has-text-align-center wp-block-heading\">Joanna Ceremuga<\/h4>\n\n\n\n<p class=\"has-text-align-center\">Expert for multilingualism&#13;\n<a href=\"mailto:suedenberlins@sprachcafe-polnisch.org\" target=\"_blank\" rel=\"noreferrer noopener\">suedenberlins@sprachcafe-polnisch.org<\/a><\/p>\n<\/div>\n<\/div>\n\n<div style=\"height:21px\" aria-hidden=\"true\" class=\"wp-block-spacer\"><\/div>\n\n<h3 class=\"wp-block-heading\" id=\"NEWSLETTER\">NEWSLETTER<\/h3>\n\n<!-- Begin Mailchimp Signup Form -->\r\n<div id=\"mc_embed_signup\">\r\n    <form action=\"https:\/\/sprachcafe-polnisch.us12.list-manage.com\/subscribe\/post?u=cdbb41f9160eb33abbe5274b9&#038;id=8540d2dc3b\" method=\"post\" id=\"mc-embedded-subscribe-form\" name=\"mc-embedded-subscribe-form\" class=\"validate\" target=\"_blank\" novalidate=\"\">\r\n        <div id=\"mc_embed_signup_scroll\">\r\n            <p class=\"mc-field-group\">\r\n                <label for=\"mce-EMAIL\">\r\n                    E-Mail-Adresse *<br\/>\r\n                    <input type=\"email\" value=\"\" name=\"EMAIL\" class=\"required email\" id=\"mce-EMAIL\"\/>\r\n                <\/label>\r\n            <\/p>\r\n            <p class=\"mc-field-group\">\r\n                <label for=\"mce-FNAME\">\r\n                    Vorname<br\/>\r\n                    <input type=\"text\" value=\"\" name=\"FNAME\" class=\"\" id=\"mce-FNAME\"\/>\r\n                <\/label>\r\n            <\/p>\r\n            <p class=\"mc-field-group\">\r\n                <label for=\"mce-LNAME\">\r\n                    Nachname<br\/>\r\n                    <input type=\"text\" value=\"\" name=\"LNAME\" class=\"\" id=\"mce-LNAME\"\/>\r\n                <\/label>\r\n            <\/p>\r\n            <p class=\"mc-field-group input-group\">\r\n                <span>Themen *<\/span>\r\n                <label for=\"mce-group[16957]-16957-0\">\r\n                    <input type=\"checkbox\" value=\"1\" name=\"group[16957][1]\" id=\"mce-group[16957]-16957-0\"\/>\r\n                    SprachCaf\u00e9\r\n                <\/label>\r\n                <label for=\"mce-group[16957]-16957-1\">\r\n                    <input type=\"checkbox\" value=\"2\" name=\"group[16957][2]\" id=\"mce-group[16957]-16957-1\"\/>\r\n                    SprachCaf\u00e9 f\u00fcr Kinder und ihre Eltern\r\n                <\/label>\r\n                <label for=\"mce-group[16957]-16957-2\">\r\n                    <input type=\"checkbox\" value=\"4\" name=\"group[16957][4]\" id=\"mce-group[16957]-16957-2\"\/>\r\n                    Mehrsprachigkeit\r\n                <\/label>\r\n                    <label for=\"mce-group[16957]-16957-3\">\r\n                    <input type=\"checkbox\" value=\"8\" name=\"group[16957][8]\" id=\"mce-group[16957]-16957-3\"\/>\r\n\t\t\tSprachCaf\u00e9 im S\u00fcden Berlins\r\n\t\t<\/label>\r\n            <\/p>\r\n            <div id=\"mergeRow-gdpr\" class=\"mergeRow gdpr-mergeRow content__gdprBlock mc-field-group\">\r\n                <div class=\"content__gdpr\">\r\n                    <!--\r\n                    <p>Einwilligung f\u00fcr den Erhalt von Informationen\r\n                        Informationen, die Ihr in diesem Formular angebt, werden vom SprachCaf\u00e9 Polnisch e.V. genutzt, um mit Euch in Kontakt zu bleiben und Euch Einladungen f\u00fcr aktuelle Aktivit\u00e4ten und Angebote zu schicken. Gebt uns bitte an, wie Ihr gern von uns kontaktiert werden wollt:\r\n                    <\/p>\r\n                    -->\r\n                    <fieldset class=\"mc_fieldset gdprRequired mc-field-group\" name=\"interestgroup_field\">\r\n                        <label class=\"checkbox subfield\" for=\"gdpr_8649\">\r\n                            <input type=\"hidden\" id=\"gdpr_8649\" name=\"gdpr[8649]\" value=\"Y\"\/>\r\n                            <!--<span>E-Mail<\/span>-->\r\n                        <\/label>\r\n                    <\/fieldset>\r\n                    <p>Die von Ihnen angegebenen Daten werden ausschlie\u00dflich zum Versenden unseres Newsletters verwendet und nicht an Dritte weiter gegeben. Die Angaben sind freiwillig. Zu statistischen Zwecken f\u00fchren wir anonymisiertes Link-Tracking durch.<\/p>\r\n                    <p>Zu Ihrer Sicherheit benutzen wir das Double-Opt-In-Verfahren. Aus diesem Grund schicken wir Ihnen eine E-Mail, in der Sie das kostenlose Abonnement des Newsletters best\u00e4tigen m\u00fcssen. Erst dann ist die Anmeldung vollst\u00e4ndig abgeschlossen.<\/p>\r\n                    <p>Weitere Informationen finden Sie in unserer <a href=\"https:\/\/sprachcafe-polnisch.org\/en\/privacy-policy\/\">Datenschutzerkl\u00e4rung<\/a>.<\/p>\r\n                <\/div>\r\n                <!--\r\n                <div class=\"content__gdprLegal\">\r\n                    <p>We use Mailchimp as our marketing platform. By clicking below to subscribe, you acknowledge that your information will be transferred to Mailchimp for processing. <a href=\"https:\/\/mailchimp.com\/legal\/\" target=\"_blank\" rel=\"noopener noreferrer\">Learn more about Mailchimp's privacy practices here.<\/a><\/p>\r\n                <\/div>\r\n                -->\r\n            <\/div>\r\n            <div id=\"mce-responses\" class=\"clear\">\r\n                <div class=\"response\" id=\"mce-error-response\" style=\"display:none\"><\/div>\r\n                <div class=\"response\" id=\"mce-success-response\" style=\"display:none\"><\/div>\r\n            <\/div>\r\n            <!-- real people should not fill this in and expect good things - do not remove this or risk form bot signups-->\r\n            <div style=\"position: absolute; left: -5000px;\" aria-hidden=\"true\"><input type=\"text\" name=\"b_cdbb41f9160eb33abbe5274b9_8540d2dc3b\" tabindex=\"-1\" value=\"\"\/><\/div>\r\n            <div class=\"clear\">\r\n                <input type=\"submit\" value=\"Abonnieren\" name=\"subscribe\" id=\"mc-embedded-subscribe\" class=\"button\"\/>\r\n            <\/div>\r\n        <\/div>\r\n    <\/form>\r\n<\/div>\r\n<!--End mc_embed_signup-->\r\n\n<div style=\"height:35px\" aria-hidden=\"true\" class=\"wp-block-spacer\"><\/div>\n\n<h3 class=\"wp-block-heading\" id=\"VERANSTALTUNGEN\">EVENTS<\/h3>\n\n<div class=\"wp-block-columns is-layout-flex wp-container-core-columns-is-layout-9d6595d7 wp-block-columns-is-layout-flex\">\n<div class=\"wp-block-column is-layout-flow wp-block-column-is-layout-flow\">\n<iframe loading=\"lazy\" src=\"https:\/\/calendar.google.com\/calendar\/embed?height=600&#038;wkst=2&#038;bgcolor=%23ffffff&#038;ctz=Europe%2FWarsaw&#038;showNav=1&#038;showTitle=0&#038;mode=AGENDA&#038;hl=de&#038;src=NjQ1ZmVhNDI2NTdjYjM5ODJhZThjZWQ5Mjg2MTdmYmQyNmQ5YjU3NzBjMjE3YjBkMTI1OTg5NTBlM2I5NjBhYkBncm91cC5jYWxlbmRhci5nb29nbGUuY29t&#038;src=YTVmMDk2YTI3YjU1YmFhODYxOGUzMGZjYjlmMWM3ZDVjNTk3YWMwMjZjYWNhZjJiODk2ODViMmMzYWMyMmI4YkBncm91cC5jYWxlbmRhci5nb29nbGUuY29t&#038;src=MTNhMTI4MjY4NzEyMjM0Y2NkMTEzOWE0Zjk2ZDUzMDY5M2Q4YmE5MmZhN2ZlYzg2NzFkNDFhYzRjNjI1MjE0YUBncm91cC5jYWxlbmRhci5nb29nbGUuY29t&#038;color=%23C0CA33&#038;color=%233F51B5&#038;color=%23616161\" style=\"border:solid 1px #777\" width=\"800\" height=\"600\" frameborder=\"0\" scrolling=\"no\"><\/iframe>\r\n<\/div>\n<\/div>\n\n<p class=\"has-text-align-center\"><em>photos: Beata Torge, Agata Koch, Natalia Pr\u00fcfer<\/em><\/p>\n","protected":false},"excerpt":{"rendered":"<p>We look forward to welcoming you to the SprachCaf\u00e9 in the south of Berlin. And this is where people create places. We have known for years how much such caf\u00e9s are needed. And how important they are. That&#8217;s why we&#8217;re delighted that you&#8217;re here. We invite you to help shape this new space for culture, education and encounters for people of all ages, especially for fans of Polish culture and the Polish language. EVENTS NEWSLETTER Gotenstrasse 45 The venue is located in an innovative residential complex &#8211; Sch\u00f6neberger Linse &#8211; directly at S\u00fcdkreuz, Gotenstra\u00dfe 45, 10829 Berlin, with excellent transport connections via Ringbahn, S2, S25, Bus 248, M46. Here we have been invited to help shape good neighbourliness. And that fits in perfectly with our concept of local activities in a big city! From the very first contact, we were impressed by the openness of the place and its creative and friendly atmosphere. When can you visit Gotenstra\u00dfe? Step by step. For now, we invite you to meetings &#8211; events will be publicised on our website, Facebook and Instagram. You can also find news and interesting facts in the new newsletter &#8220;SprachCaf\u00e9 im S\u00fcden der Stadt&#8221;. COORDINATION Natalia Pr\u00fcfer Coordination &amp; public relations&#13; n.pruefer@sprachcafe-polnisch.org Joanna Ceremuga Expert for multilingualism&#13; suedenberlins@sprachcafe-polnisch.org NEWSLETTER E-Mail-Adresse * Vorname Nachname Themen * SprachCaf\u00e9 SprachCaf\u00e9 f\u00fcr Kinder und ihre Eltern Mehrsprachigkeit SprachCaf\u00e9 im S\u00fcden Berlins Die von Ihnen angegebenen Daten werden ausschlie\u00dflich zum Versenden unseres Newsletters verwendet und nicht an Dritte weiter gegeben. Die Angaben sind freiwillig. Zu statistischen Zwecken f\u00fchren wir anonymisiertes Link-Tracking durch. Zu Ihrer Sicherheit benutzen wir das Double-Opt-In-Verfahren. Aus diesem Grund schicken wir Ihnen eine E-Mail, in der Sie das kostenlose Abonnement des Newsletters best\u00e4tigen m\u00fcssen. Erst dann ist die Anmeldung vollst\u00e4ndig abgeschlossen. Weitere Informationen finden Sie in unserer Datenschutzerkl\u00e4rung. EVENTS photos: Beata Torge, Agata Koch, Natalia Pr\u00fcfer<\/p>\n","protected":false},"author":3,"featured_media":0,"parent":0,"menu_order":0,"comment_status":"closed","ping_status":"closed","template":"","meta":{"jetpack_post_was_ever_published":false,"footnotes":""},"class_list":["post-8069","page","type-page","status-publish","hentry"],"acf":[],"jetpack-related-posts":[],"jetpack_sharing_enabled":true,"_links":{"self":[{"href":"https:\/\/sprachcafe-polnisch.org\/en\/wp-json\/wp\/v2\/pages\/8069","targetHints":{"allow":["GET"]}}],"collection":[{"href":"https:\/\/sprachcafe-polnisch.org\/en\/wp-json\/wp\/v2\/pages"}],"about":[{"href":"https:\/\/sprachcafe-polnisch.org\/en\/wp-json\/wp\/v2\/types\/page"}],"author":[{"embeddable":true,"href":"https:\/\/sprachcafe-polnisch.org\/en\/wp-json\/wp\/v2\/users\/3"}],"replies":[{"embeddable":true,"href":"https:\/\/sprachcafe-polnisch.org\/en\/wp-json\/wp\/v2\/comments?post=8069"}],"version-history":[{"count":1,"href":"https:\/\/sprachcafe-polnisch.org\/en\/wp-json\/wp\/v2\/pages\/8069\/revisions"}],"predecessor-version":[{"id":8070,"href":"https:\/\/sprachcafe-polnisch.org\/en\/wp-json\/wp\/v2\/pages\/8069\/revisions\/8070"}],"wp:attachment":[{"href":"https:\/\/sprachcafe-polnisch.org\/en\/wp-json\/wp\/v2\/media?parent=8069"}],"curies":[{"name":"wp","href":"https:\/\/api.w.org\/{rel}","templated":true}]}}